{"id":469,"date":"2021-09-10T13:46:00","date_gmt":"2021-09-10T13:46:00","guid":{"rendered":"http:\/\/beta.cbriviera.it\/zones-touristiques\/"},"modified":"2021-12-17T14:40:14","modified_gmt":"2021-12-17T13:40:14","slug":"zones-touristiques","status":"publish","type":"page","link":"https:\/\/cbriviera.it\/fr\/zones-touristiques\/","title":{"rendered":"La Riviera dei Fiori"},"content":{"rendered":"<p>[et_pb_section fb_built=\u00a0\u00bb1&Prime; _builder_version=\u00a0\u00bb4.10.7&Prime; _module_preset=\u00a0\u00bbdefault\u00a0\u00bb background_color=\u00a0\u00bb#44a6d7&Prime; background_image=\u00a0\u00bbhttps:\/\/cbriviera.it\/wp-content\/uploads\/2021\/09\/CBRiviera-contenuti-banner-top-ventimiglia-01.jpg\u00a0\u00bb background_position=\u00a0\u00bbtop_center\u00a0\u00bb height=\u00a0\u00bb750px\u00a0\u00bb custom_margin=\u00a0\u00bb0px|0px|0px|0px|false|false\u00a0\u00bb custom_padding=\u00a0\u00bb0px|0px|0px|0px|false|false\u00a0\u00bb box_shadow_style=\u00a0\u00bbpreset3&Prime; box_shadow_vertical=\u00a0\u00bb0px\u00a0\u00bb box_shadow_spread=\u00a0\u00bb0px\u00a0\u00bb saved_tabs=\u00a0\u00bball\u00a0\u00bb global_colors_info=\u00a0\u00bb{}\u00a0\u00bb][\/et_pb_section][et_pb_section fb_built=\u00a0\u00bb1&Prime; _builder_version=\u00a0\u00bb4.11.2&Prime; _module_preset=\u00a0\u00bbdefault\u00a0\u00bb background_enable_color=\u00a0\u00bboff\u00a0\u00bb use_background_color_gradient=\u00a0\u00bbon\u00a0\u00bb background_color_gradient_start=\u00a0\u00bbrgba(68,166,221,0.02)\u00a0\u00bb background_color_gradient_end=\u00a0\u00bb#44a6d7&Prime; background_color_gradient_direction=\u00a0\u00bb294deg\u00a0\u00bb background_color_gradient_end_position=\u00a0\u00bb0%\u00a0\u00bb custom_margin=\u00a0\u00bb0px|0px|0px|0px|false|false\u00a0\u00bb custom_padding=\u00a0\u00bb0px|0px|0px|0px|false|false\u00a0\u00bb hover_enabled=\u00a0\u00bb0&Prime; saved_tabs=\u00a0\u00bball\u00a0\u00bb global_colors_info=\u00a0\u00bb{}\u00a0\u00bb admin_label=\u00a0\u00bbTITOLO\u00a0\u00bb sticky_enabled=\u00a0\u00bb0&Prime;][et_pb_row _builder_version=\u00a0\u00bb4.10.7&Prime; _module_preset=\u00a0\u00bbdefault\u00a0\u00bb width=\u00a0\u00bb100%\u00a0\u00bb module_alignment=\u00a0\u00bbcenter\u00a0\u00bb custom_margin=\u00a0\u00bb0px|0px|0px|0px|false|false\u00a0\u00bb custom_padding=\u00a0\u00bb40px|0px|40px|0px|false|false\u00a0\u00bb global_colors_info=\u00a0\u00bb{}\u00a0\u00bb][et_pb_column type=\u00a0\u00bb4_4&Prime; _builder_version=\u00a0\u00bb4.10.7&Prime; _module_preset=\u00a0\u00bbdefault\u00a0\u00bb custom_padding=\u00a0\u00bb0px|0px|0px|0px|false|false\u00a0\u00bb global_colors_info=\u00a0\u00bb{}\u00a0\u00bb][et_pb_text admin_label=\u00a0\u00bbScopri La Riviera\u00a0\u00bb _builder_version=\u00a0\u00bb4.10.7&Prime; _module_preset=\u00a0\u00bbdefault\u00a0\u00bb text_font=\u00a0\u00bb||||||||\u00a0\u00bb header_font=\u00a0\u00bb||||||||\u00a0\u00bb header_text_align=\u00a0\u00bbcenter\u00a0\u00bb background_layout=\u00a0\u00bbdark\u00a0\u00bb width=\u00a0\u00bb80%\u00a0\u00bb module_alignment=\u00a0\u00bbcenter\u00a0\u00bb custom_margin=\u00a0\u00bb0px|0px|0px|0px|false|false\u00a0\u00bb custom_padding=\u00a0\u00bb0px|0px|0px|0px|false|true\u00a0\u00bb hover_enabled=\u00a0\u00bb0&Prime; global_colors_info=\u00a0\u00bb{}\u00a0\u00bb sticky_enabled=\u00a0\u00bb0&Prime;]<\/p>\n<h1 style=\"text-align: center;\">La Riviera dei Fiori<\/h1>\n<p>[\/et_pb_text][\/et_pb_column][\/et_pb_row][\/et_pb_section][et_pb_section fb_built=\u00a0\u00bb1&Prime; _builder_version=\u00a0\u00bb4.11.2&Prime; _module_preset=\u00a0\u00bbdefault\u00a0\u00bb width=\u00a0\u00bb100%\u00a0\u00bb module_alignment=\u00a0\u00bbcenter\u00a0\u00bb min_height=\u00a0\u00bb80px\u00a0\u00bb custom_margin=\u00a0\u00bb0px|0px|0px|0px|false|false\u00a0\u00bb custom_padding=\u00a0\u00bb15px|0px|0px|0px|false|false\u00a0\u00bb top_divider_height=\u00a0\u00bb0px\u00a0\u00bb box_shadow_style=\u00a0\u00bbpreset1&Prime; box_shadow_vertical=\u00a0\u00bb0px\u00a0\u00bb saved_tabs=\u00a0\u00bball\u00a0\u00bb global_colors_info=\u00a0\u00bb{}\u00a0\u00bb admin_label=\u00a0\u00bbSOTTOTITOLO\u00a0\u00bb][et_pb_row _builder_version=\u00a0\u00bb4.10.7&Prime; _module_preset=\u00a0\u00bbdefault\u00a0\u00bb width=\u00a0\u00bb100%\u00a0\u00bb module_alignment=\u00a0\u00bbcenter\u00a0\u00bb custom_margin=\u00a0\u00bb0px|0px|0px|0px|false|false\u00a0\u00bb custom_padding=\u00a0\u00bb0px|0px|0px|0px|false|false\u00a0\u00bb global_colors_info=\u00a0\u00bb{}\u00a0\u00bb][et_pb_column type=\u00a0\u00bb4_4&Prime; _builder_version=\u00a0\u00bb4.10.7&Prime; _module_preset=\u00a0\u00bbdefault\u00a0\u00bb global_colors_info=\u00a0\u00bb{}\u00a0\u00bb][et_pb_text _builder_version=\u00a0\u00bb4.10.7&Prime; _module_preset=\u00a0\u00bbdefault\u00a0\u00bb text_orientation=\u00a0\u00bbcenter\u00a0\u00bb width=\u00a0\u00bb80%\u00a0\u00bb module_alignment=\u00a0\u00bbcenter\u00a0\u00bb custom_margin=\u00a0\u00bb5px|0px|-20px|0px|false|false\u00a0\u00bb custom_padding=\u00a0\u00bb0px|0px|20px|0px|false|false\u00a0\u00bb hover_enabled=\u00a0\u00bb0&Prime; global_colors_info=\u00a0\u00bb{}\u00a0\u00bb sticky_enabled=\u00a0\u00bb0&Prime;]<\/p>\n<h2 style=\"text-align: center;\">Les zones touristiques<\/h2>\n<p>[\/et_pb_text][\/et_pb_column][\/et_pb_row][\/et_pb_section][et_pb_section fb_built=\u00a0\u00bb1&Prime; disabled_on=\u00a0\u00bboff|off|off\u00a0\u00bb admin_label=\u00a0\u00bbDivisiore Vuoto\u00a0\u00bb _builder_version=\u00a0\u00bb4.11.2&Prime; _module_preset=\u00a0\u00bbdefault\u00a0\u00bb background_color=\u00a0\u00bbRGBA(0,0,0,0)\u00a0\u00bb width=\u00a0\u00bb100%\u00a0\u00bb module_alignment=\u00a0\u00bbcenter\u00a0\u00bb min_height=\u00a0\u00bb100px\u00a0\u00bb max_height=\u00a0\u00bb100px\u00a0\u00bb custom_margin=\u00a0\u00bb0px|0px|0px|0px|false|false\u00a0\u00bb custom_padding=\u00a0\u00bb0px|0px|0px|0px|false|false\u00a0\u00bb top_divider_height=\u00a0\u00bb0px\u00a0\u00bb global_module=\u00a0\u00bb786&Prime; saved_tabs=\u00a0\u00bball\u00a0\u00bb collapsed=\u00a0\u00bbon\u00a0\u00bb global_colors_info=\u00a0\u00bb{}\u00a0\u00bb][\/et_pb_section][et_pb_section fb_built=\u00a0\u00bb1&Prime; disabled_on=\u00a0\u00bbon|on|off\u00a0\u00bb admin_label=\u00a0\u00bbSANREMO desktop\u00a0\u00bb _builder_version=\u00a0\u00bb4.10.7&Prime; _module_preset=\u00a0\u00bbdefault\u00a0\u00bb use_background_color_gradient=\u00a0\u00bbon\u00a0\u00bb background_color_gradient_start=\u00a0\u00bbrgba(0,0,0,0)\u00a0\u00bb background_color_gradient_end=\u00a0\u00bb#ffffff\u00a0\u00bb background_color_gradient_direction=\u00a0\u00bb294deg\u00a0\u00bb background_color_gradient_start_position=\u00a0\u00bb45%\u00a0\u00bb background_color_gradient_end_position=\u00a0\u00bb45%\u00a0\u00bb background_color_gradient_overlays_image=\u00a0\u00bbon\u00a0\u00bb background_image=\u00a0\u00bbhttps:\/\/cbriviera.it\/wp-content\/uploads\/2021\/09\/CBRiviera-contenuti-foto-sanremo-villa-ormond-01.jpg\u00a0\u00bb background_size=\u00a0\u00bbcontain\u00a0\u00bb background_position=\u00a0\u00bbtop_right\u00a0\u00bb module_alignment=\u00a0\u00bbcenter\u00a0\u00bb custom_margin=\u00a0\u00bb0px|0px|0px|0px|false|false\u00a0\u00bb custom_padding=\u00a0\u00bb0px|0px|0px|0px|false|false\u00a0\u00bb top_divider_height=\u00a0\u00bb0px\u00a0\u00bb hover_enabled=\u00a0\u00bb0&Prime; saved_tabs=\u00a0\u00bball\u00a0\u00bb collapsed=\u00a0\u00bbon\u00a0\u00bb global_colors_info=\u00a0\u00bb{}\u00a0\u00bb sticky_enabled=\u00a0\u00bb0&Prime;][et_pb_row disabled_on=\u00a0\u00bbon|on|off\u00a0\u00bb _builder_version=\u00a0\u00bb4.10.7&Prime; _module_preset=\u00a0\u00bbdefault\u00a0\u00bb module_alignment=\u00a0\u00bbcenter\u00a0\u00bb custom_margin=\u00a0\u00bb0px|0px|0px|0px|false|false\u00a0\u00bb custom_padding=\u00a0\u00bb0px|5%|0px|5%|false|false\u00a0\u00bb global_colors_info=\u00a0\u00bb{}\u00a0\u00bb][et_pb_column type=\u00a0\u00bb4_4&Prime; _builder_version=\u00a0\u00bb4.10.7&Prime; _module_preset=\u00a0\u00bbdefault\u00a0\u00bb custom_padding=\u00a0\u00bb0px|0px|0px|0px|false|false\u00a0\u00bb global_colors_info=\u00a0\u00bb{}\u00a0\u00bb][et_pb_text _builder_version=\u00a0\u00bb4.11.2&Prime; _module_preset=\u00a0\u00bbdefault\u00a0\u00bb background_color=\u00a0\u00bbRGBA(0,0,0,0)\u00a0\u00bb max_width=\u00a0\u00bb55%\u00a0\u00bb module_alignment=\u00a0\u00bbleft\u00a0\u00bb custom_margin=\u00a0\u00bb0px|0px|0px|0px|false|false\u00a0\u00bb custom_padding=\u00a0\u00bb0px|0px|0px|0px|false|false\u00a0\u00bb global_colors_info=\u00a0\u00bb{}\u00a0\u00bb]<\/p>\n<h2>SANREMO<\/h2>\n<p><strong>Sanremo<\/strong>, la quatri\u00e8me plus grande ville de Ligurie par le nombre \u2018habitant, est l&rsquo;un des centres touristiques les plus importants du pays. Elle doit sa renomm\u00e9e \u00e0 la culture des fleurs, qui l&rsquo;a rendue c\u00e9l\u00e8bre au d\u00e9but du XXe si\u00e8cle, au Casino et au Festival de la Chanson.<\/p>\n<p>[\/et_pb_text][et_pb_text _builder_version=\u00a0\u00bb4.10.7&Prime; _module_preset=\u00a0\u00bbdefault\u00a0\u00bb background_color=\u00a0\u00bbRGBA(0,0,0,0)\u00a0\u00bb max_width=\u00a0\u00bb45%\u00a0\u00bb module_alignment=\u00a0\u00bbleft\u00a0\u00bb custom_margin=\u00a0\u00bb0px|0px|0px|0px|false|false\u00a0\u00bb custom_padding=\u00a0\u00bb0px|0px|0px|0px|false|false\u00a0\u00bb global_colors_info=\u00a0\u00bb{}\u00a0\u00bb]<\/p>\n<p>Elle a \u00e9t\u00e9 d\u00e9couverte par le tourisme international, \u00e9galement gr\u00e2ce au train, au cours de la seconde moiti\u00e9 du XIXe si\u00e8cle. Ces derni\u00e8res ann\u00e9es, ses activit\u00e9s touristiques ont connu un nouvel \u00e9lan gr\u00e2ce \u00e0 la nouvelle piste cyclable, l&rsquo;une des plus longues d&rsquo;Europe, qui part d&rsquo;Ospedaletti, qui longe toute la c\u00f4te jusqu&rsquo;\u00e0 San Lorenzo al Mare et a \u00e9t\u00e9 r\u00e9alis\u00e9e en suivant le trac\u00e9 de l&rsquo;ancienne voie ferr\u00e9e.<\/p>\n<p><a href=\"https:\/\/cbriviera.it\/fr\/zones-touristiques\/san-remo-et-ses-environs\/\" title=\"Sanremo\">Pour en savoir plus&#8230;<\/a><\/p>\n<p>[\/et_pb_text][\/et_pb_column][\/et_pb_row][\/et_pb_section][et_pb_section fb_built=\u00a0\u00bb1&Prime; fullwidth=\u00a0\u00bbon\u00a0\u00bb disabled_on=\u00a0\u00bboff|off|on\u00a0\u00bb admin_label=\u00a0\u00bbXXXXXXX foto smartphone\u00a0\u00bb _builder_version=\u00a0\u00bb4.11.2&Prime; _module_preset=\u00a0\u00bbdefault\u00a0\u00bb hover_enabled=\u00a0\u00bb0&Prime; collapsed=\u00a0\u00bbon\u00a0\u00bb global_colors_info=\u00a0\u00bb{}\u00a0\u00bb sticky_enabled=\u00a0\u00bb0&Prime;][et_pb_fullwidth_image src=\u00a0\u00bbhttps:\/\/cbriviera.it\/wp-content\/uploads\/2021\/09\/CBRiviera-contenuti-foto-sanremo-villa-ormond-01.jpg\u00a0\u00bb title_text=\u00a0\u00bbCBRiviera-contenuti-foto-sanremo-villa-ormond-01-1000&#215;800&Prime; src_tablet=\u00a0\u00bbhttps:\/\/cbriviera.it\/wp-content\/uploads\/2021\/09\/CBRiviera-contenuti-foto-sanremo-villa-ormond-01.jpg\u00a0\u00bb src_phone=\u00a0\u00bbhttps:\/\/cbriviera.it\/wp-content\/uploads\/2021\/10\/CBRiviera-contenuti-foto-sanremo-villa-ormond-01-1000&#215;800-1.jpg\u00a0\u00bb src_last_edited=\u00a0\u00bbon|phone\u00a0\u00bb disabled_on=\u00a0\u00bboff|off|on\u00a0\u00bb _builder_version=\u00a0\u00bb4.11.2&Prime; _module_preset=\u00a0\u00bbdefault\u00a0\u00bb hover_enabled=\u00a0\u00bb0&Prime; global_colors_info=\u00a0\u00bb{}\u00a0\u00bb sticky_enabled=\u00a0\u00bb0&Prime;][\/et_pb_fullwidth_image][\/et_pb_section][et_pb_section fb_built=\u00a0\u00bb1&Prime; disabled_on=\u00a0\u00bboff|off|on\u00a0\u00bb admin_label=\u00a0\u00bbSANREMO testo smartphone\u00a0\u00bb _builder_version=\u00a0\u00bb4.10.7&Prime; _module_preset=\u00a0\u00bbdefault\u00a0\u00bb width=\u00a0\u00bb100%\u00a0\u00bb custom_margin=\u00a0\u00bb0px|0px|0px|0px|false|false\u00a0\u00bb custom_padding=\u00a0\u00bb0px|0px|0px|0px|false|false\u00a0\u00bb saved_tabs=\u00a0\u00bball\u00a0\u00bb collapsed=\u00a0\u00bbon\u00a0\u00bb global_colors_info=\u00a0\u00bb{}\u00a0\u00bb][et_pb_row _builder_version=\u00a0\u00bb4.11.2&Prime; _module_preset=\u00a0\u00bbdefault\u00a0\u00bb module_alignment=\u00a0\u00bbcenter\u00a0\u00bb custom_margin=\u00a0\u00bb100px|0px|0px|0px|false|false\u00a0\u00bb custom_padding=\u00a0\u00bb0px|5%|0px|5%|false|false\u00a0\u00bb global_colors_info=\u00a0\u00bb{}\u00a0\u00bb][et_pb_column type=\u00a0\u00bb4_4&Prime; _builder_version=\u00a0\u00bb4.10.7&Prime; _module_preset=\u00a0\u00bbdefault\u00a0\u00bb global_colors_info=\u00a0\u00bb{}\u00a0\u00bb][et_pb_text _builder_version=\u00a0\u00bb4.10.7&Prime; _module_preset=\u00a0\u00bbdefault\u00a0\u00bb max_width=\u00a0\u00bb100%\u00a0\u00bb module_alignment=\u00a0\u00bbcenter\u00a0\u00bb custom_margin=\u00a0\u00bb0px|0px|0px|0px|false|false\u00a0\u00bb custom_padding=\u00a0\u00bb0px|0px|0px|0px|false|false\u00a0\u00bb global_colors_info=\u00a0\u00bb{}\u00a0\u00bb]<\/p>\n<h2>SANREMO<\/h2>\n<p style=\"text-align: justify;\"><strong>Sanremo,<\/strong> la quatri\u00e8me plus grande ville de Ligurie par le nombre \u2018habitant, est l&rsquo;un des centres touristiques les plus importants du pays. Elle doit sa renomm\u00e9e \u00e0 la culture des fleurs, qui l&rsquo;a rendue c\u00e9l\u00e8bre au d\u00e9but du XXe si\u00e8cle, au Casino et au Festival de la Chanson. Elle a \u00e9t\u00e9 d\u00e9couverte par le tourisme international, \u00e9galement gr\u00e2ce au train, dans la seconde moiti\u00e9 du XIXe si\u00e8cle. Ces derni\u00e8res ann\u00e9es, elle a \u00e9t\u00e9 revitalis\u00e9e par le tourisme gr\u00e2ce \u00e0 la nouvelle piste cyclable, l&rsquo;une des plus longues d&rsquo;Europe, qui part d&rsquo;Ospedaletti, longe la c\u00f4te jusqu&rsquo;\u00e0 San Lorenzo al Mare, construite sur le trac\u00e9 de l&rsquo;ancienne voie ferr\u00e9e.<\/p>\n<p><a href=\"https:\/\/cbriviera.it\/fr\/zones-touristiques\/san-remo-et-ses-environs\/\" title=\"Sanremo\">Pour en savoir plus&#8230;<\/a><\/p>\n<p>[\/et_pb_text][\/et_pb_column][\/et_pb_row][\/et_pb_section][et_pb_section fb_built=\u00a0\u00bb1&Prime; disabled_on=\u00a0\u00bboff|off|off\u00a0\u00bb admin_label=\u00a0\u00bbDivisiore Vuoto\u00a0\u00bb _builder_version=\u00a0\u00bb4.11.2&Prime; _module_preset=\u00a0\u00bbdefault\u00a0\u00bb background_color=\u00a0\u00bbRGBA(0,0,0,0)\u00a0\u00bb width=\u00a0\u00bb100%\u00a0\u00bb module_alignment=\u00a0\u00bbcenter\u00a0\u00bb min_height=\u00a0\u00bb100px\u00a0\u00bb max_height=\u00a0\u00bb100px\u00a0\u00bb custom_margin=\u00a0\u00bb0px|0px|0px|0px|false|false\u00a0\u00bb custom_padding=\u00a0\u00bb0px|0px|0px|0px|false|false\u00a0\u00bb top_divider_height=\u00a0\u00bb0px\u00a0\u00bb global_module=\u00a0\u00bb786&Prime; saved_tabs=\u00a0\u00bball\u00a0\u00bb collapsed=\u00a0\u00bbon\u00a0\u00bb global_colors_info=\u00a0\u00bb{}\u00a0\u00bb][\/et_pb_section][et_pb_section fb_built=\u00a0\u00bb1&Prime; disabled_on=\u00a0\u00bbon|on|off\u00a0\u00bb admin_label=\u00a0\u00bbIMPERIA desktop\u00a0\u00bb _builder_version=\u00a0\u00bb4.10.7&Prime; _module_preset=\u00a0\u00bbdefault\u00a0\u00bb use_background_color_gradient=\u00a0\u00bbon\u00a0\u00bb background_color_gradient_start=\u00a0\u00bb#ffffff\u00a0\u00bb background_color_gradient_end=\u00a0\u00bbrgba(0,0,0,0)\u00a0\u00bb background_color_gradient_direction=\u00a0\u00bb294deg\u00a0\u00bb background_color_gradient_start_position=\u00a0\u00bb55%\u00a0\u00bb background_color_gradient_end_position=\u00a0\u00bb55%\u00a0\u00bb background_color_gradient_overlays_image=\u00a0\u00bbon\u00a0\u00bb background_image=\u00a0\u00bbhttps:\/\/cbriviera.it\/wp-content\/uploads\/2021\/09\/CBRiviera-contenuti-foto-imperia-vele-depoca-01.jpg\u00a0\u00bb background_size=\u00a0\u00bbcontain\u00a0\u00bb background_position=\u00a0\u00bbtop_left\u00a0\u00bb module_alignment=\u00a0\u00bbcenter\u00a0\u00bb custom_margin=\u00a0\u00bb0px|0px|0px|0px|false|false\u00a0\u00bb custom_padding=\u00a0\u00bb0px|0px|0px|0px|false|false\u00a0\u00bb top_divider_height=\u00a0\u00bb0px\u00a0\u00bb hover_enabled=\u00a0\u00bb0&Prime; saved_tabs=\u00a0\u00bball\u00a0\u00bb collapsed=\u00a0\u00bbon\u00a0\u00bb global_colors_info=\u00a0\u00bb{}\u00a0\u00bb sticky_enabled=\u00a0\u00bb0&Prime;][et_pb_row _builder_version=\u00a0\u00bb4.10.7&Prime; _module_preset=\u00a0\u00bbdefault\u00a0\u00bb module_alignment=\u00a0\u00bbcenter\u00a0\u00bb custom_margin=\u00a0\u00bb0px|0px|0px|0px|false|false\u00a0\u00bb custom_padding=\u00a0\u00bb0px|5%|0px|5%|false|false\u00a0\u00bb global_colors_info=\u00a0\u00bb{}\u00a0\u00bb][et_pb_column type=\u00a0\u00bb4_4&Prime; _builder_version=\u00a0\u00bb4.10.7&Prime; _module_preset=\u00a0\u00bbdefault\u00a0\u00bb custom_padding=\u00a0\u00bb0px|0px|0px|0px|false|false\u00a0\u00bb global_colors_info=\u00a0\u00bb{}\u00a0\u00bb][et_pb_text _builder_version=\u00a0\u00bb4.10.7&Prime; _module_preset=\u00a0\u00bbdefault\u00a0\u00bb background_color=\u00a0\u00bbRGBA(0,0,0,0)\u00a0\u00bb max_width=\u00a0\u00bb45%\u00a0\u00bb module_alignment=\u00a0\u00bbright\u00a0\u00bb custom_margin=\u00a0\u00bb0px|0px|0px|0px|false|false\u00a0\u00bb custom_padding=\u00a0\u00bb0px|0px|0px|0px|false|false\u00a0\u00bb global_colors_info=\u00a0\u00bb{}\u00a0\u00bb]<\/p>\n<h2 style=\"text-align: right;\">IMPERIA<\/h2>\n<p style=\"text-align: right;\"><strong>Imperia<\/strong>, ville industrielle et portuaire au XXe si\u00e8cle, a d\u00e9couvert sa vocation touristique au cours des derni\u00e8res d\u00e9cennies, avec d&rsquo;importantes manifestations et attractions en tous genres, dont les \u00ab Vele d&rsquo;Epoca \u00bb, un rassemblement de voiliers traditionnels.<\/p>\n<p>[\/et_pb_text][et_pb_text _builder_version=\u00a0\u00bb4.10.7&Prime; _module_preset=\u00a0\u00bbdefault\u00a0\u00bb background_color=\u00a0\u00bbRGBA(0,0,0,0)\u00a0\u00bb max_width=\u00a0\u00bb55%\u00a0\u00bb module_alignment=\u00a0\u00bbright\u00a0\u00bb custom_margin=\u00a0\u00bb0px|0px|0px|0px|false|false\u00a0\u00bb custom_padding=\u00a0\u00bb0px|0px|0px|0px|false|false\u00a0\u00bb global_colors_info=\u00a0\u00bb{}\u00a0\u00bb]<\/p>\n<p style=\"text-align: right;\">Les villages de l&rsquo;arri\u00e8re-pays d&rsquo;Oneglia et de Porto Maurizio, comme Pontedassio, Lucinasco, Borgomaro, Dolcedo ou Vasia, ne connaissent pas encore le tourisme de masse et l&rsquo;huile est encore produite selon des m\u00e9thodes anciennes.<\/p>\n<p style=\"text-align: right;\"><a href=\"https:\/\/cbriviera.it\/fr\/zones-touristiques\/imperia-et-ses-environs\/\" title=\"Imperia\">Pour en savoir plus&#8230;<\/a><\/p>\n<p>[\/et_pb_text][\/et_pb_column][\/et_pb_row][\/et_pb_section][et_pb_section fb_built=\u00a0\u00bb1&Prime; fullwidth=\u00a0\u00bbon\u00a0\u00bb disabled_on=\u00a0\u00bboff|off|on\u00a0\u00bb admin_label=\u00a0\u00bbIMPERIA foto smartphone\u00a0\u00bb _builder_version=\u00a0\u00bb4.11.2&Prime; _module_preset=\u00a0\u00bbdefault\u00a0\u00bb hover_enabled=\u00a0\u00bb0&Prime; collapsed=\u00a0\u00bbon\u00a0\u00bb global_colors_info=\u00a0\u00bb{}\u00a0\u00bb sticky_enabled=\u00a0\u00bb0&Prime;][et_pb_fullwidth_image src=\u00a0\u00bbhttps:\/\/cbriviera.it\/wp-content\/uploads\/2021\/09\/CBRiviera-contenuti-foto-imperia-vele-depoca-01.jpg\u00a0\u00bb title_text=\u00a0\u00bbCBRiviera-content-photos-imperia-voile-era-01&Prime; src_tablet=\u00a0\u00bbhttps:\/\/cbriviera.it\/wp-content\/uploads\/2021\/09\/CBRiviera-contenuti-foto-imperia-vele-depoca-01.jpg\u00a0\u00bb src_phone=\u00a0\u00bbhttps:\/\/cbriviera.it\/wp-content\/uploads\/2021\/10\/CBRiviera-contenuti-foto-imperia-vele-depoca-01-1000&#215;800-1.jpg\u00a0\u00bb src_last_edited=\u00a0\u00bbon|phone\u00a0\u00bb disabled_on=\u00a0\u00bboff|off|on\u00a0\u00bb _builder_version=\u00a0\u00bb4.11.2&Prime; _module_preset=\u00a0\u00bbdefault\u00a0\u00bb hover_enabled=\u00a0\u00bb0&Prime; global_colors_info=\u00a0\u00bb{}\u00a0\u00bb sticky_enabled=\u00a0\u00bb0&Prime;][\/et_pb_fullwidth_image][\/et_pb_section][et_pb_section fb_built=\u00a0\u00bb1&Prime; disabled_on=\u00a0\u00bboff|off|on\u00a0\u00bb admin_label=\u00a0\u00bbIMPERIA testo smartphone\u00a0\u00bb _builder_version=\u00a0\u00bb4.10.7&Prime; _module_preset=\u00a0\u00bbdefault\u00a0\u00bb width=\u00a0\u00bb100%\u00a0\u00bb custom_margin=\u00a0\u00bb0px|0px|0px|0px|false|false\u00a0\u00bb custom_padding=\u00a0\u00bb0px|0px|0px|0px|false|false\u00a0\u00bb saved_tabs=\u00a0\u00bball\u00a0\u00bb collapsed=\u00a0\u00bbon\u00a0\u00bb global_colors_info=\u00a0\u00bb{}\u00a0\u00bb][et_pb_row disabled_on=\u00a0\u00bboff|off|on\u00a0\u00bb _builder_version=\u00a0\u00bb4.11.2&Prime; _module_preset=\u00a0\u00bbdefault\u00a0\u00bb module_alignment=\u00a0\u00bbcenter\u00a0\u00bb custom_margin=\u00a0\u00bb100px|0px|0px|0px|false|false\u00a0\u00bb custom_padding=\u00a0\u00bb0px|5%|0px|5%|false|false\u00a0\u00bb global_colors_info=\u00a0\u00bb{}\u00a0\u00bb][et_pb_column type=\u00a0\u00bb4_4&Prime; _builder_version=\u00a0\u00bb4.10.7&Prime; _module_preset=\u00a0\u00bbdefault\u00a0\u00bb global_colors_info=\u00a0\u00bb{}\u00a0\u00bb][et_pb_text _builder_version=\u00a0\u00bb4.10.7&Prime; _module_preset=\u00a0\u00bbdefault\u00a0\u00bb max_width=\u00a0\u00bb100%\u00a0\u00bb module_alignment=\u00a0\u00bbcenter\u00a0\u00bb custom_margin=\u00a0\u00bb0px|0px|0px|0px|false|false\u00a0\u00bb custom_padding=\u00a0\u00bb0px|0px|0px|0px|false|false\u00a0\u00bb global_colors_info=\u00a0\u00bb{}\u00a0\u00bb]<\/p>\n<h2>IMPERIA<\/h2>\n<p style=\"text-align: justify;\"><strong>Imperia<\/strong>, ville industrielle et portuaire au XXe si\u00e8cle, a d\u00e9couvert sa vocation touristique au cours des derni\u00e8res d\u00e9cennies, avec d&rsquo;importantes manifestations et attractions en tous genres, dont les \u00ab Vele d&rsquo;Epoca \u00bb, un rassemblement de voiliers traditionnels. Les villages de l&rsquo;arri\u00e8re-pays d&rsquo;Oneglia et de Porto Maurizio, comme Pontedassio, Lucinasco, Borgomaro, Dolcedo ou Vasia, n&rsquo;ont pas encore connu le tourisme de masse et l&rsquo;huile est encore produite selon des m\u00e9thodes anciennes.<\/p>\n<p style=\"text-align: left;\"><a href=\"https:\/\/cbriviera.it\/fr\/zones-touristiques\/imperia-et-ses-environs\/\" title=\"Imperia\">Pour en savoir plus&#8230;<\/a><\/p>\n<p>[\/et_pb_text][\/et_pb_column][\/et_pb_row][\/et_pb_section][et_pb_section fb_built=\u00a0\u00bb1&Prime; disabled_on=\u00a0\u00bboff|off|off\u00a0\u00bb admin_label=\u00a0\u00bbDivisiore Vuoto\u00a0\u00bb _builder_version=\u00a0\u00bb4.11.2&Prime; _module_preset=\u00a0\u00bbdefault\u00a0\u00bb background_color=\u00a0\u00bbRGBA(0,0,0,0)\u00a0\u00bb width=\u00a0\u00bb100%\u00a0\u00bb module_alignment=\u00a0\u00bbcenter\u00a0\u00bb min_height=\u00a0\u00bb100px\u00a0\u00bb max_height=\u00a0\u00bb100px\u00a0\u00bb custom_margin=\u00a0\u00bb0px|0px|0px|0px|false|false\u00a0\u00bb custom_padding=\u00a0\u00bb0px|0px|0px|0px|false|false\u00a0\u00bb top_divider_height=\u00a0\u00bb0px\u00a0\u00bb global_module=\u00a0\u00bb786&Prime; saved_tabs=\u00a0\u00bball\u00a0\u00bb collapsed=\u00a0\u00bbon\u00a0\u00bb global_colors_info=\u00a0\u00bb{}\u00a0\u00bb][\/et_pb_section][et_pb_section fb_built=\u00a0\u00bb1&Prime; disabled_on=\u00a0\u00bbon|on|off\u00a0\u00bb admin_label=\u00a0\u00bbGOLFO DIANESE desktop\u00a0\u00bb _builder_version=\u00a0\u00bb4.10.7&Prime; _module_preset=\u00a0\u00bbdefault\u00a0\u00bb use_background_color_gradient=\u00a0\u00bbon\u00a0\u00bb background_color_gradient_start=\u00a0\u00bbrgba(0,0,0,0)\u00a0\u00bb background_color_gradient_end=\u00a0\u00bb#44a6d7&Prime; background_color_gradient_direction=\u00a0\u00bb294deg\u00a0\u00bb background_color_gradient_start_position=\u00a0\u00bb45%\u00a0\u00bb background_color_gradient_end_position=\u00a0\u00bb45%\u00a0\u00bb background_color_gradient_overlays_image=\u00a0\u00bbon\u00a0\u00bb background_image=\u00a0\u00bbhttps:\/\/cbriviera.it\/wp-content\/uploads\/2021\/09\/CBRiviera-contenuti-foto-golfo-diano-01.jpg\u00a0\u00bb background_size=\u00a0\u00bbcontain\u00a0\u00bb background_position=\u00a0\u00bbtop_right\u00a0\u00bb module_alignment=\u00a0\u00bbcenter\u00a0\u00bb custom_margin=\u00a0\u00bb0px|0px|0px|0px|false|false\u00a0\u00bb custom_padding=\u00a0\u00bb0px|0px|0px|0px|false|false\u00a0\u00bb top_divider_height=\u00a0\u00bb0px\u00a0\u00bb saved_tabs=\u00a0\u00bball\u00a0\u00bb collapsed=\u00a0\u00bbon\u00a0\u00bb global_colors_info=\u00a0\u00bb{}\u00a0\u00bb][et_pb_row _builder_version=\u00a0\u00bb4.10.7&Prime; _module_preset=\u00a0\u00bbdefault\u00a0\u00bb module_alignment=\u00a0\u00bbcenter\u00a0\u00bb custom_margin=\u00a0\u00bb0px|0px|0px|0px|false|false\u00a0\u00bb custom_padding=\u00a0\u00bb100px|5%|100px|5%|false|false\u00a0\u00bb global_colors_info=\u00a0\u00bb{}\u00a0\u00bb][et_pb_column type=\u00a0\u00bb4_4&Prime; _builder_version=\u00a0\u00bb4.10.7&Prime; _module_preset=\u00a0\u00bbdefault\u00a0\u00bb custom_padding=\u00a0\u00bb0px|0px|0px|0px|false|false\u00a0\u00bb global_colors_info=\u00a0\u00bb{}\u00a0\u00bb][et_pb_text _builder_version=\u00a0\u00bb4.10.7&Prime; _module_preset=\u00a0\u00bbdefault\u00a0\u00bb background_color=\u00a0\u00bbRGBA(0,0,0,0)\u00a0\u00bb max_width=\u00a0\u00bb55%\u00a0\u00bb module_alignment=\u00a0\u00bbleft\u00a0\u00bb custom_margin=\u00a0\u00bb0px|0px|0px|0px|false|false\u00a0\u00bb custom_padding=\u00a0\u00bb0px|5%|0px|0px|false|false\u00a0\u00bb global_colors_info=\u00a0\u00bb{}\u00a0\u00bb]<\/p>\n<h2><span style=\"color: #ffffff;\">LE GOLFE DE DIANO<\/span><\/h2>\n<p><span style=\"color: #ffffff;\">Le golfe de Diano Marina, \u00e0 l&rsquo;est d&rsquo;Imperia, s&rsquo;\u00e9tend de Capo Cervo \u00e0 Capo Berta. Six kilom\u00e8tres de littoral avec de belles plages de sable, mais aussi des falaises particuli\u00e8res.<\/span><\/p>\n<p>[\/et_pb_text][et_pb_text _builder_version=\u00a0\u00bb4.10.7&Prime; _module_preset=\u00a0\u00bbdefault\u00a0\u00bb background_color=\u00a0\u00bbRGBA(0,0,0,0)\u00a0\u00bb max_width=\u00a0\u00bb45%\u00a0\u00bb module_alignment=\u00a0\u00bbleft\u00a0\u00bb custom_margin=\u00a0\u00bb0px|0px|0px|0px|false|false\u00a0\u00bb custom_padding=\u00a0\u00bb0px|5%|0px|0px|false|false\u00a0\u00bb global_colors_info=\u00a0\u00bb{}\u00a0\u00bb]<\/p>\n<p style=\"text-align: left;\"><span style=\"color: #ffffff;\">Dans l&rsquo;arri\u00e8re-pays imm\u00e9diat, on trouve des oliveraies en terrasse et une v\u00e9g\u00e9tation m\u00e9diterran\u00e9enne vari\u00e9e et parfum\u00e9e.<\/span><br \/><span style=\"color: #ffffff;\"><a href=\"https:\/\/cbriviera.it\/fr\/zones-touristiques\/golfe-de-dianese\/\" title=\"Golfe de Dian\u00e8se\" style=\"color: #ffffff;\">Pour en savoir plus&#8230;<\/a><\/span><\/p>\n<p>[\/et_pb_text][\/et_pb_column][\/et_pb_row][\/et_pb_section][et_pb_section fb_built=\u00a0\u00bb1&Prime; fullwidth=\u00a0\u00bbon\u00a0\u00bb disabled_on=\u00a0\u00bboff|off|on\u00a0\u00bb admin_label=\u00a0\u00bbGOLFO DIANESE foto smartphone\u00a0\u00bb _builder_version=\u00a0\u00bb4.11.2&Prime; _module_preset=\u00a0\u00bbdefault\u00a0\u00bb collapsed=\u00a0\u00bbon\u00a0\u00bb global_colors_info=\u00a0\u00bb{}\u00a0\u00bb][et_pb_fullwidth_image src=\u00a0\u00bbhttps:\/\/cbriviera.it\/wp-content\/uploads\/2021\/09\/CBRiviera-contenuti-foto-golfo-diano-01.jpg\u00a0\u00bb title_text=\u00a0\u00bbCBRiviera-content-photos-gulf-diano-01&Prime; src_tablet=\u00a0\u00bbhttps:\/\/cbriviera.it\/wp-content\/uploads\/2021\/09\/CBRiviera-contenuti-foto-golfo-diano-01.jpg\u00a0\u00bb src_phone=\u00a0\u00bbhttps:\/\/cbriviera.it\/wp-content\/uploads\/2021\/10\/CBRiviera-contenuti-foto-golfo-diano-01-1000&#215;800-1.jpg\u00a0\u00bb src_last_edited=\u00a0\u00bbon|phone\u00a0\u00bb disabled_on=\u00a0\u00bboff|off|on\u00a0\u00bb _builder_version=\u00a0\u00bb4.11.2&Prime; _module_preset=\u00a0\u00bbdefault\u00a0\u00bb hover_enabled=\u00a0\u00bb0&Prime; global_colors_info=\u00a0\u00bb{}\u00a0\u00bb sticky_enabled=\u00a0\u00bb0&Prime;][\/et_pb_fullwidth_image][\/et_pb_section][et_pb_section fb_built=\u00a0\u00bb1&Prime; disabled_on=\u00a0\u00bboff|off|on\u00a0\u00bb admin_label=\u00a0\u00bbGOLFO DIANESE testo smartphone\u00a0\u00bb _builder_version=\u00a0\u00bb4.10.7&Prime; _module_preset=\u00a0\u00bbdefault\u00a0\u00bb background_color=\u00a0\u00bb#44a6d7&Prime; width=\u00a0\u00bb100%\u00a0\u00bb custom_margin=\u00a0\u00bb0px|0px|0px|0px|false|false\u00a0\u00bb custom_padding=\u00a0\u00bb0px|0px|0px|0px|false|false\u00a0\u00bb saved_tabs=\u00a0\u00bball\u00a0\u00bb collapsed=\u00a0\u00bbon\u00a0\u00bb global_colors_info=\u00a0\u00bb{}\u00a0\u00bb][et_pb_row disabled_on=\u00a0\u00bboff|off|on\u00a0\u00bb _builder_version=\u00a0\u00bb4.10.7&Prime; _module_preset=\u00a0\u00bbdefault\u00a0\u00bb module_alignment=\u00a0\u00bbcenter\u00a0\u00bb custom_margin=\u00a0\u00bb0px|0px|0px|0px|false|false\u00a0\u00bb custom_padding=\u00a0\u00bb100px|5%|100px|5%|false|false\u00a0\u00bb global_colors_info=\u00a0\u00bb{}\u00a0\u00bb][et_pb_column type=\u00a0\u00bb4_4&Prime; _builder_version=\u00a0\u00bb4.10.7&Prime; _module_preset=\u00a0\u00bbdefault\u00a0\u00bb global_colors_info=\u00a0\u00bb{}\u00a0\u00bb][et_pb_text _builder_version=\u00a0\u00bb4.10.7&Prime; _module_preset=\u00a0\u00bbdefault\u00a0\u00bb max_width=\u00a0\u00bb100%\u00a0\u00bb module_alignment=\u00a0\u00bbcenter\u00a0\u00bb custom_margin=\u00a0\u00bb0px|0px|0px|0px|false|false\u00a0\u00bb custom_padding=\u00a0\u00bb0px|0px|0px|0px|false|false\u00a0\u00bb global_colors_info=\u00a0\u00bb{}\u00a0\u00bb]<\/p>\n<h2><span style=\"color: #ffffff;\">LE GOLFE DE DIANO<\/span><\/h2>\n<p style=\"text-align: justify;\"><span style=\"color: #ffffff;\">Le golfe de Diano Marina, \u00e0 l&rsquo;est d&rsquo;Imperia, s&rsquo;\u00e9tend de Capo Cervo \u00e0 Capo Berta. Six kilom\u00e8tres de littoral avec de belles plages de sable, mais aussi des falaises particuli\u00e8res. Dans l&rsquo;arri\u00e8re-pays imm\u00e9diat, on trouve des oliveraies en terrasse et une v\u00e9g\u00e9tation m\u00e9diterran\u00e9enne vari\u00e9e et parfum\u00e9e.<\/span><\/p>\n<p style=\"text-align: justify;\"><span style=\"color: #ffffff;\"><a href=\"https:\/\/cbriviera.it\/fr\/zones-touristiques\/golfe-de-dianese\/\" title=\"Golfe de Dian\u00e8se\" style=\"color: #ffffff;\">Pour en savoir plus&#8230;<\/a><\/span><\/p>\n<p>[\/et_pb_text][\/et_pb_column][\/et_pb_row][\/et_pb_section][et_pb_section fb_built=\u00a0\u00bb1&Prime; disabled_on=\u00a0\u00bboff|off|off\u00a0\u00bb admin_label=\u00a0\u00bbDivisiore Vuoto\u00a0\u00bb _builder_version=\u00a0\u00bb4.11.2&Prime; _module_preset=\u00a0\u00bbdefault\u00a0\u00bb background_color=\u00a0\u00bbRGBA(0,0,0,0)\u00a0\u00bb width=\u00a0\u00bb100%\u00a0\u00bb module_alignment=\u00a0\u00bbcenter\u00a0\u00bb min_height=\u00a0\u00bb100px\u00a0\u00bb max_height=\u00a0\u00bb100px\u00a0\u00bb custom_margin=\u00a0\u00bb0px|0px|0px|0px|false|false\u00a0\u00bb custom_padding=\u00a0\u00bb0px|0px|0px|0px|false|false\u00a0\u00bb top_divider_height=\u00a0\u00bb0px\u00a0\u00bb global_module=\u00a0\u00bb786&Prime; saved_tabs=\u00a0\u00bball\u00a0\u00bb collapsed=\u00a0\u00bbon\u00a0\u00bb global_colors_info=\u00a0\u00bb{}\u00a0\u00bb][\/et_pb_section][et_pb_section fb_built=\u00a0\u00bb1&Prime; disabled_on=\u00a0\u00bbon|on|off\u00a0\u00bb admin_label=\u00a0\u00bbVENTIMIGLIA BORDIGHERA desktop\u00a0\u00bb _builder_version=\u00a0\u00bb4.10.7&Prime; _module_preset=\u00a0\u00bbdefault\u00a0\u00bb use_background_color_gradient=\u00a0\u00bbon\u00a0\u00bb background_color_gradient_start=\u00a0\u00bb#ffffff\u00a0\u00bb background_color_gradient_end=\u00a0\u00bbrgba(0,0,0,0)\u00a0\u00bb background_color_gradient_direction=\u00a0\u00bb294deg\u00a0\u00bb background_color_gradient_start_position=\u00a0\u00bb55%\u00a0\u00bb background_color_gradient_end_position=\u00a0\u00bb55%\u00a0\u00bb background_color_gradient_overlays_image=\u00a0\u00bbon\u00a0\u00bb background_image=\u00a0\u00bbhttps:\/\/cbriviera.it\/wp-content\/uploads\/2021\/09\/CBRiviera-contenuti-foto-ventimiglia-01-1.jpg\u00a0\u00bb background_size=\u00a0\u00bbcontain\u00a0\u00bb background_position=\u00a0\u00bbtop_left\u00a0\u00bb module_alignment=\u00a0\u00bbcenter\u00a0\u00bb custom_margin=\u00a0\u00bb0px|0px|0px|0px|false|false\u00a0\u00bb custom_padding=\u00a0\u00bb0px|0px|0px|0px|false|false\u00a0\u00bb top_divider_height=\u00a0\u00bb0px\u00a0\u00bb saved_tabs=\u00a0\u00bball\u00a0\u00bb collapsed=\u00a0\u00bbon\u00a0\u00bb global_colors_info=\u00a0\u00bb{}\u00a0\u00bb][et_pb_row _builder_version=\u00a0\u00bb4.10.7&Prime; _module_preset=\u00a0\u00bbdefault\u00a0\u00bb module_alignment=\u00a0\u00bbcenter\u00a0\u00bb custom_margin=\u00a0\u00bb0px|0px|0px|0px|false|false\u00a0\u00bb custom_padding=\u00a0\u00bb0px|5%|0px|5%|false|false\u00a0\u00bb global_colors_info=\u00a0\u00bb{}\u00a0\u00bb][et_pb_column type=\u00a0\u00bb4_4&Prime; _builder_version=\u00a0\u00bb4.10.7&Prime; _module_preset=\u00a0\u00bbdefault\u00a0\u00bb custom_padding=\u00a0\u00bb0px|0px|0px|0px|false|false\u00a0\u00bb global_colors_info=\u00a0\u00bb{}\u00a0\u00bb][et_pb_text _builder_version=\u00a0\u00bb4.10.7&Prime; _module_preset=\u00a0\u00bbdefault\u00a0\u00bb background_color=\u00a0\u00bbRGBA(0,0,0,0)\u00a0\u00bb max_width=\u00a0\u00bb45%\u00a0\u00bb module_alignment=\u00a0\u00bbright\u00a0\u00bb custom_margin=\u00a0\u00bb0px|0px|0px|0px|false|false\u00a0\u00bb custom_padding=\u00a0\u00bb0px|0px|0px|0px|false|false\u00a0\u00bb global_colors_info=\u00a0\u00bb{}\u00a0\u00bb]<\/p>\n<h2 style=\"text-align: right;\">VINTIMILLE ET BORDIGHERA<\/h2>\n<p style=\"text-align: right;\">L\u2019extr\u00e9mit\u00e9 occidentale de la Ligurie est r\u00e9put\u00e9e pour la douceur de son climat doux : les Anglais le savaient bien et, \u00e0 partir de la seconde moiti\u00e9 du XIXe si\u00e8cle, ils ont commenc\u00e9 \u00e0 choisir <strong>Bordighera<\/strong> et Sanremo comme destinations de vacances.<\/p>\n<p>[\/et_pb_text][et_pb_text _builder_version=\u00a0\u00bb4.10.7&Prime; _module_preset=\u00a0\u00bbdefault\u00a0\u00bb background_color=\u00a0\u00bbRGBA(0,0,0,0)\u00a0\u00bb max_width=\u00a0\u00bb55%\u00a0\u00bb module_alignment=\u00a0\u00bbright\u00a0\u00bb custom_margin=\u00a0\u00bb0px|0px|0px|0px|false|false\u00a0\u00bb custom_padding=\u00a0\u00bb0px|0px|0px|0px|false|false\u00a0\u00bb global_colors_info=\u00a0\u00bb{}\u00a0\u00bb]<\/p>\n<p style=\"text-align: right;\">Ce qui rend cette partie de la Ligurie particuli\u00e8rement attrayante, c&rsquo;est aussi son arri\u00e8re-pays magique, avec ses villages m\u00e9di\u00e9vaux historiques perch\u00e9s sur les montagnes, qui descendent en pente raide vers la mer.<\/p>\n<p style=\"text-align: right;\"><a href=\"https:\/\/cbriviera.it\/fr\/zones-touristiques\/bordighera-ventimiglia-et-environs\/\" title=\"Vintimille et Bordighera\">Pour en savoir plus&#8230;<\/a><\/p>\n<p>[\/et_pb_text][\/et_pb_column][\/et_pb_row][\/et_pb_section][et_pb_section fb_built=\u00a0\u00bb1&Prime; fullwidth=\u00a0\u00bbon\u00a0\u00bb disabled_on=\u00a0\u00bboff|off|on\u00a0\u00bb admin_label=\u00a0\u00bbVENTIMIGLIA BORDIGHERA foto smartphone\u00a0\u00bb _builder_version=\u00a0\u00bb4.11.2&Prime; _module_preset=\u00a0\u00bbdefault\u00a0\u00bb collapsed=\u00a0\u00bbon\u00a0\u00bb global_colors_info=\u00a0\u00bb{}\u00a0\u00bb][et_pb_fullwidth_image src=\u00a0\u00bbhttps:\/\/cbriviera.it\/wp-content\/uploads\/2021\/09\/CBRiviera-contenuti-foto-ventimiglia-01.jpg\u00a0\u00bb title_text=\u00a0\u00bbCBRiviera-content-photos-ventimiglia-01&Prime; src_tablet=\u00a0\u00bbhttps:\/\/cbriviera.it\/wp-content\/uploads\/2021\/09\/CBRiviera-contenuti-foto-ventimiglia-01-1.jpg\u00a0\u00bb src_phone=\u00a0\u00bbhttps:\/\/cbriviera.it\/wp-content\/uploads\/2021\/10\/CBRiviera-contenuti-foto-ventimiglia-01-1000&#215;800-1.jpg\u00a0\u00bb src_last_edited=\u00a0\u00bbon|phone\u00a0\u00bb disabled_on=\u00a0\u00bboff|off|on\u00a0\u00bb _builder_version=\u00a0\u00bb4.11.2&Prime; _module_preset=\u00a0\u00bbdefault\u00a0\u00bb hover_enabled=\u00a0\u00bb0&Prime; global_colors_info=\u00a0\u00bb{}\u00a0\u00bb sticky_enabled=\u00a0\u00bb0&Prime;][\/et_pb_fullwidth_image][\/et_pb_section][et_pb_section fb_built=\u00a0\u00bb1&Prime; disabled_on=\u00a0\u00bboff|off|on\u00a0\u00bb admin_label=\u00a0\u00bbVENTIMIGLIA BORDIGHERA testo smartphone\u00a0\u00bb _builder_version=\u00a0\u00bb4.10.7&Prime; _module_preset=\u00a0\u00bbdefault\u00a0\u00bb width=\u00a0\u00bb100%\u00a0\u00bb custom_margin=\u00a0\u00bb0px|0px|0px|0px|false|false\u00a0\u00bb custom_padding=\u00a0\u00bb0px|0px|0px|0px|false|false\u00a0\u00bb saved_tabs=\u00a0\u00bball\u00a0\u00bb collapsed=\u00a0\u00bbon\u00a0\u00bb global_colors_info=\u00a0\u00bb{}\u00a0\u00bb][et_pb_row _builder_version=\u00a0\u00bb4.11.2&Prime; _module_preset=\u00a0\u00bbdefault\u00a0\u00bb module_alignment=\u00a0\u00bbcenter\u00a0\u00bb custom_margin=\u00a0\u00bb100px|0px|0px|0px|false|false\u00a0\u00bb custom_padding=\u00a0\u00bb0px|5%|0px|5%|false|false\u00a0\u00bb global_colors_info=\u00a0\u00bb{}\u00a0\u00bb][et_pb_column type=\u00a0\u00bb4_4&Prime; _builder_version=\u00a0\u00bb4.10.7&Prime; _module_preset=\u00a0\u00bbdefault\u00a0\u00bb global_colors_info=\u00a0\u00bb{}\u00a0\u00bb][et_pb_text _builder_version=\u00a0\u00bb4.10.8&Prime; _module_preset=\u00a0\u00bbdefault\u00a0\u00bb max_width=\u00a0\u00bb100%\u00a0\u00bb module_alignment=\u00a0\u00bbcenter\u00a0\u00bb custom_margin=\u00a0\u00bb0px|0px|0px|0px|false|false\u00a0\u00bb custom_padding=\u00a0\u00bb0px|0px|0px|0px|false|false\u00a0\u00bb global_colors_info=\u00a0\u00bb{}\u00a0\u00bb]<\/p>\n<h2 style=\"text-align: left;\">VINTIMILLE ET BORDIGHERA<\/h2>\n<p style=\"text-align: justify;\">L\u2019extr\u00e9mit\u00e9 occidentale de la Ligurie est r\u00e9put\u00e9e pour la douceur de son climat doux : les Anglais le savaient bien et, \u00e0 partir de la seconde moiti\u00e9 du XIXe si\u00e8cle, ils ont commenc\u00e9 \u00e0 choisir <strong>Bordighera<\/strong> et Sanremo comme destinations de vacances. Ce qui rend cette partie de la Ligurie particuli\u00e8rement attrayante, c&rsquo;est aussi son arri\u00e8re-pays magique, avec ses villages m\u00e9di\u00e9vaux historiques perch\u00e9s sur les montagnes, qui descendent en pente raide vers la mer.<\/p>\n<p style=\"text-align: left;\"><a href=\"https:\/\/cbriviera.it\/fr\/zones-touristiques\/bordighera-ventimiglia-et-environs\/\" title=\"Ventimiglia et Bordighera\">Pour en savoir plus&#8230;<\/a><\/p>\n<p>[\/et_pb_text][\/et_pb_column][\/et_pb_row][\/et_pb_section][et_pb_section fb_built=\u00a0\u00bb1&Prime; disabled_on=\u00a0\u00bboff|off|off\u00a0\u00bb admin_label=\u00a0\u00bbDivisiore Vuoto\u00a0\u00bb _builder_version=\u00a0\u00bb4.11.2&Prime; _module_preset=\u00a0\u00bbdefault\u00a0\u00bb background_color=\u00a0\u00bbRGBA(0,0,0,0)\u00a0\u00bb width=\u00a0\u00bb100%\u00a0\u00bb module_alignment=\u00a0\u00bbcenter\u00a0\u00bb min_height=\u00a0\u00bb100px\u00a0\u00bb max_height=\u00a0\u00bb100px\u00a0\u00bb custom_margin=\u00a0\u00bb0px|0px|0px|0px|false|false\u00a0\u00bb custom_padding=\u00a0\u00bb0px|0px|0px|0px|false|false\u00a0\u00bb top_divider_height=\u00a0\u00bb0px\u00a0\u00bb global_module=\u00a0\u00bb786&Prime; saved_tabs=\u00a0\u00bball\u00a0\u00bb collapsed=\u00a0\u00bbon\u00a0\u00bb global_colors_info=\u00a0\u00bb{}\u00a0\u00bb][\/et_pb_section][et_pb_section fb_built=\u00a0\u00bb1&Prime; disabled_on=\u00a0\u00bbon|on|off\u00a0\u00bb admin_label=\u00a0\u00bbENTROTERRA desktop\u00a0\u00bb _builder_version=\u00a0\u00bb4.10.7&Prime; _module_preset=\u00a0\u00bbdefault\u00a0\u00bb use_background_color_gradient=\u00a0\u00bbon\u00a0\u00bb background_color_gradient_start=\u00a0\u00bbrgba(0,0,0,0)\u00a0\u00bb background_color_gradient_end=\u00a0\u00bb#ffffff\u00a0\u00bb background_color_gradient_direction=\u00a0\u00bb294deg\u00a0\u00bb background_color_gradient_start_position=\u00a0\u00bb45%\u00a0\u00bb background_color_gradient_end_position=\u00a0\u00bb45%\u00a0\u00bb background_color_gradient_overlays_image=\u00a0\u00bbon\u00a0\u00bb background_image=\u00a0\u00bbhttps:\/\/cbriviera.it\/wp-content\/uploads\/2021\/09\/CBRiviera-contenuti-foto-ceriana-01.jpg\u00a0\u00bb background_size=\u00a0\u00bbcontain\u00a0\u00bb background_position=\u00a0\u00bbtop_right\u00a0\u00bb module_alignment=\u00a0\u00bbcenter\u00a0\u00bb custom_margin=\u00a0\u00bb0px|0px|0px|0px|false|false\u00a0\u00bb custom_padding=\u00a0\u00bb0px|0px|0px|0px|false|false\u00a0\u00bb top_divider_height=\u00a0\u00bb0px\u00a0\u00bb saved_tabs=\u00a0\u00bball\u00a0\u00bb collapsed=\u00a0\u00bbon\u00a0\u00bb global_colors_info=\u00a0\u00bb{}\u00a0\u00bb][et_pb_row disabled_on=\u00a0\u00bbon|on|off\u00a0\u00bb _builder_version=\u00a0\u00bb4.10.7&Prime; _module_preset=\u00a0\u00bbdefault\u00a0\u00bb module_alignment=\u00a0\u00bbcenter\u00a0\u00bb custom_margin=\u00a0\u00bb0px|0px|0px|0px|false|false\u00a0\u00bb custom_padding=\u00a0\u00bb0px|5%|0px|5%|false|false\u00a0\u00bb global_colors_info=\u00a0\u00bb{}\u00a0\u00bb][et_pb_column type=\u00a0\u00bb4_4&Prime; _builder_version=\u00a0\u00bb4.10.7&Prime; _module_preset=\u00a0\u00bbdefault\u00a0\u00bb custom_padding=\u00a0\u00bb0px|0px|0px|0px|false|false\u00a0\u00bb global_colors_info=\u00a0\u00bb{}\u00a0\u00bb][et_pb_text _builder_version=\u00a0\u00bb4.10.8&Prime; _module_preset=\u00a0\u00bbdefault\u00a0\u00bb background_color=\u00a0\u00bbRGBA(0,0,0,0)\u00a0\u00bb max_width=\u00a0\u00bb60%\u00a0\u00bb module_alignment=\u00a0\u00bbleft\u00a0\u00bb custom_margin=\u00a0\u00bb0px|0px|0px|0px|false|false\u00a0\u00bb custom_padding=\u00a0\u00bb0px|0px|0px|0px|false|false\u00a0\u00bb global_colors_info=\u00a0\u00bb{}\u00a0\u00bb]<\/p>\n<h2>L\u2019ARRI\u00c8RE-PAYS DE<\/h2>\n<h2>LA RIVIERA DEI FIORI<\/h2>\n<p class=\"MsoNormal\">Nich\u00e9 entre la mer et les Alpes liguriennes, le territoire de la Riviera dei Fiori est divis\u00e9 en vall\u00e9es charg\u00e9es d&rsquo;histoire en raison de la position frontali\u00e8re de ce territoire et des voies de communication vers le nord pour le transport de marchandises comme le sel. <\/p>\n<\/p>\n<p>[\/et_pb_text][et_pb_text _builder_version=\u00a0\u00bb4.10.8&Prime; _module_preset=\u00a0\u00bbdefault\u00a0\u00bb background_color=\u00a0\u00bbRGBA(0,0,0,0)\u00a0\u00bb max_width=\u00a0\u00bb45%\u00a0\u00bb module_alignment=\u00a0\u00bbleft\u00a0\u00bb custom_margin=\u00a0\u00bb0px|0px|0px|0px|false|false\u00a0\u00bb custom_padding=\u00a0\u00bb0px|0px|0px|0px|false|false\u00a0\u00bb global_colors_info=\u00a0\u00bb{}\u00a0\u00bb]<\/p>\n<p class=\"MsoNormal\">Pour se prot\u00e9ger des attaques des Sarrasins et des pirates, les habitants ne vivaient pas au bord de la mer, mais dans des villages m\u00e9di\u00e9vaux del l&rsquo;<strong>arri\u00e8re-pays<\/strong>, souvent \u00e0 flanc de montagne, derri\u00e8re de larges courbes, avec des maisons les unes sur les autres et des routes \u00e9troites en mont\u00e9e.<\/p>\n<p class=\"MsoNormal\">C&rsquo;est un plaisir de visiter ces villages, de se promener dans les ruelles pittoresques, les carruggi, qui s&rsquo;entrecroisent les unes avec les autres.<\/p>\n<\/p>\n<p><a href=\"https:\/\/cbriviera.it\/fr\/zones-touristiques\/larriere-pays-de-la-riviera-dei-fiori\/\" title=\"Arri\u00e8re-pays de la Riviera dei Fiori\">Pour en savoir plus&#8230;<\/a><\/p>\n<p>[\/et_pb_text][\/et_pb_column][\/et_pb_row][\/et_pb_section][et_pb_section fb_built=\u00a0\u00bb1&Prime; fullwidth=\u00a0\u00bbon\u00a0\u00bb disabled_on=\u00a0\u00bboff|off|on\u00a0\u00bb admin_label=\u00a0\u00bbENTROTERRA foto smartphone\u00a0\u00bb _builder_version=\u00a0\u00bb4.11.2&Prime; _module_preset=\u00a0\u00bbdefault\u00a0\u00bb collapsed=\u00a0\u00bbon\u00a0\u00bb global_colors_info=\u00a0\u00bb{}\u00a0\u00bb][et_pb_fullwidth_image src=\u00a0\u00bbhttps:\/\/cbriviera.it\/wp-content\/uploads\/2021\/09\/CBRiviera-contenuti-foto-ceriana-01.jpg\u00a0\u00bb title_text=\u00a0\u00bbCBRiviera-content-photos-Ceriana-01&Prime; src_tablet=\u00a0\u00bbhttps:\/\/cbriviera.it\/wp-content\/uploads\/2021\/09\/CBRiviera-contenuti-foto-ceriana-01.jpg\u00a0\u00bb src_phone=\u00a0\u00bbhttps:\/\/cbriviera.it\/wp-content\/uploads\/2021\/10\/CBRiviera-contenuti-foto-ceriana-01-1000&#215;800-1.jpg\u00a0\u00bb src_last_edited=\u00a0\u00bbon|phone\u00a0\u00bb disabled_on=\u00a0\u00bboff|off|off\u00a0\u00bb _builder_version=\u00a0\u00bb4.11.2&Prime; _module_preset=\u00a0\u00bbdefault\u00a0\u00bb hover_enabled=\u00a0\u00bb0&Prime; global_colors_info=\u00a0\u00bb{}\u00a0\u00bb sticky_enabled=\u00a0\u00bb0&Prime;][\/et_pb_fullwidth_image][\/et_pb_section][et_pb_section fb_built=\u00a0\u00bb1&Prime; disabled_on=\u00a0\u00bboff|off|on\u00a0\u00bb admin_label=\u00a0\u00bbENTROTERRA testo smartphone\u00a0\u00bb _builder_version=\u00a0\u00bb4.10.7&Prime; _module_preset=\u00a0\u00bbdefault\u00a0\u00bb width=\u00a0\u00bb100%\u00a0\u00bb custom_margin=\u00a0\u00bb0px|0px|0px|0px|false|false\u00a0\u00bb custom_padding=\u00a0\u00bb0px|0px|0px|0px|false|false\u00a0\u00bb saved_tabs=\u00a0\u00bball\u00a0\u00bb collapsed=\u00a0\u00bbon\u00a0\u00bb global_colors_info=\u00a0\u00bb{}\u00a0\u00bb][et_pb_row _builder_version=\u00a0\u00bb4.11.2&Prime; _module_preset=\u00a0\u00bbdefault\u00a0\u00bb module_alignment=\u00a0\u00bbcenter\u00a0\u00bb custom_margin=\u00a0\u00bb100px|0px|0px|0px|false|false\u00a0\u00bb custom_padding=\u00a0\u00bb0px|5%|0px|5%|false|false\u00a0\u00bb global_colors_info=\u00a0\u00bb{}\u00a0\u00bb][et_pb_column type=\u00a0\u00bb4_4&Prime; _builder_version=\u00a0\u00bb4.10.7&Prime; _module_preset=\u00a0\u00bbdefault\u00a0\u00bb global_colors_info=\u00a0\u00bb{}\u00a0\u00bb][et_pb_text _builder_version=\u00a0\u00bb4.10.8&Prime; _module_preset=\u00a0\u00bbdefault\u00a0\u00bb max_width=\u00a0\u00bb100%\u00a0\u00bb module_alignment=\u00a0\u00bbcenter\u00a0\u00bb custom_margin=\u00a0\u00bb0px|0px|0px|0px|false|false\u00a0\u00bb custom_padding=\u00a0\u00bb0px|0px|0px|0px|false|false\u00a0\u00bb global_colors_info=\u00a0\u00bb{}\u00a0\u00bb]<\/p>\n<h2>L\u2019ARRI\u00c8RE-PAYS DE LA RIVIERA DEI FIORI<\/h2>\n<p class=\"MsoNormal\" style=\"text-align: justify;\">Nich\u00e9 entre la mer et les Alpes liguriennes, le territoire de la Riviera dei Fiori est divis\u00e9 en vall\u00e9es charg\u00e9es d&rsquo;histoire en raison de la position frontali\u00e8re de ce territoire et des voies de communication vers le nord pour le transport de marchandises comme le sel. <\/p>\n<\/p>\n<p class=\"MsoNormal\" style=\"text-align: justify;\">Pour se prot\u00e9ger des attaques des Sarrasins et des pirates, les habitants ne vivaient pas au bord de la mer, mais dans des villages m\u00e9di\u00e9vaux \u00e0 l&rsquo;<strong>arri\u00e8re-pays<\/strong>, souvent \u00e0 flanc de montagne, derri\u00e8re de larges courbes, avec des maisons les unes sur les autres et des routes \u00e9troites en mont\u00e9e.<\/p>\n<p class=\"MsoNormal\" style=\"text-align: justify;\">C&rsquo;est un plaisir de visiter ces villages, de se promener dans les ruelles pittoresques, les carruggi, qui s&rsquo;entrecroisent les unes avec les autres.<\/p>\n<\/p>\n<p><a href=\"https:\/\/cbriviera.it\/fr\/zones-touristiques\/larriere-pays-de-la-riviera-dei-fiori\/\" title=\"Arri\u00e8re-pays de la Riviera dei Fiori\">Pour en savoir plus&#8230;<\/a><\/p>\n<p>[\/et_pb_text][\/et_pb_column][\/et_pb_row][\/et_pb_section][et_pb_section fb_built=\u00a0\u00bb1&Prime; disabled_on=\u00a0\u00bboff|off|off\u00a0\u00bb admin_label=\u00a0\u00bbDivisiore Vuoto\u00a0\u00bb _builder_version=\u00a0\u00bb4.11.2&Prime; _module_preset=\u00a0\u00bbdefault\u00a0\u00bb background_color=\u00a0\u00bbRGBA(0,0,0,0)\u00a0\u00bb width=\u00a0\u00bb100%\u00a0\u00bb module_alignment=\u00a0\u00bbcenter\u00a0\u00bb min_height=\u00a0\u00bb100px\u00a0\u00bb max_height=\u00a0\u00bb100px\u00a0\u00bb custom_margin=\u00a0\u00bb0px|0px|0px|0px|false|false\u00a0\u00bb custom_padding=\u00a0\u00bb0px|0px|0px|0px|false|false\u00a0\u00bb top_divider_height=\u00a0\u00bb0px\u00a0\u00bb global_module=\u00a0\u00bb786&Prime; saved_tabs=\u00a0\u00bball\u00a0\u00bb collapsed=\u00a0\u00bbon\u00a0\u00bb global_colors_info=\u00a0\u00bb{}\u00a0\u00bb][\/et_pb_section][et_pb_section fb_built=\u00a0\u00bb1&Prime; disabled_on=\u00a0\u00bbon|on|off\u00a0\u00bb admin_label=\u00a0\u00bbPELAGOS  delfini a sx e testo a dx\u00a0\u00bb _builder_version=\u00a0\u00bb4.10.8&Prime; _module_preset=\u00a0\u00bbdefault\u00a0\u00bb use_background_color_gradient=\u00a0\u00bbon\u00a0\u00bb background_color_gradient_start=\u00a0\u00bb#4680b0&Prime; background_color_gradient_end=\u00a0\u00bbrgba(0,0,0,0)\u00a0\u00bb background_color_gradient_direction=\u00a0\u00bb294deg\u00a0\u00bb background_color_gradient_start_position=\u00a0\u00bb55%\u00a0\u00bb background_color_gradient_end_position=\u00a0\u00bb55%\u00a0\u00bb background_color_gradient_overlays_image=\u00a0\u00bbon\u00a0\u00bb background_image=\u00a0\u00bbhttps:\/\/cbriviera.it\/wp-content\/uploads\/2021\/09\/CBRiviera-contenuti-foto-santuario-pelagos-01.jpg\u00a0\u00bb background_size=\u00a0\u00bbcontain\u00a0\u00bb background_position=\u00a0\u00bbtop_left\u00a0\u00bb module_alignment=\u00a0\u00bbcenter\u00a0\u00bb custom_margin=\u00a0\u00bb0px|0px|0px|0px|false|false\u00a0\u00bb custom_padding=\u00a0\u00bb0px|0px|0px|0px|false|false\u00a0\u00bb top_divider_height=\u00a0\u00bb0px\u00a0\u00bb saved_tabs=\u00a0\u00bball\u00a0\u00bb collapsed=\u00a0\u00bbon\u00a0\u00bb global_colors_info=\u00a0\u00bb{}\u00a0\u00bb][et_pb_row _builder_version=\u00a0\u00bb4.10.8&Prime; _module_preset=\u00a0\u00bbdefault\u00a0\u00bb module_alignment=\u00a0\u00bbcenter\u00a0\u00bb custom_margin=\u00a0\u00bb0px|0px|0px|0px|false|false\u00a0\u00bb custom_padding=\u00a0\u00bb100px|5%|100px|5%|false|false\u00a0\u00bb global_colors_info=\u00a0\u00bb{}\u00a0\u00bb][et_pb_column type=\u00a0\u00bb4_4&Prime; _builder_version=\u00a0\u00bb4.10.7&Prime; _module_preset=\u00a0\u00bbdefault\u00a0\u00bb custom_padding=\u00a0\u00bb0px|0px|0px|0px|false|false\u00a0\u00bb global_colors_info=\u00a0\u00bb{}\u00a0\u00bb][et_pb_text _builder_version=\u00a0\u00bb4.10.8&Prime; _module_preset=\u00a0\u00bbdefault\u00a0\u00bb background_enable_color=\u00a0\u00bboff\u00a0\u00bb text_orientation=\u00a0\u00bbright\u00a0\u00bb background_layout=\u00a0\u00bbdark\u00a0\u00bb max_width=\u00a0\u00bb45%\u00a0\u00bb module_alignment=\u00a0\u00bbright\u00a0\u00bb custom_margin=\u00a0\u00bb0px|0px|0px|0px|false|false\u00a0\u00bb custom_padding=\u00a0\u00bb0px|0px|0px|0px|false|false\u00a0\u00bb global_colors_info=\u00a0\u00bb{}\u00a0\u00bb]<\/p>\n<h2 style=\"text-align: right;\">Le Sanctuaire Pelagos<\/h2>\n<p>Le <strong>Sanctuaire Pelagos<\/strong> pour les mammif\u00e8res marins de la M\u00e9diterran\u00e9e s&rsquo;\u00e9tend sur une zone d&rsquo;environ 88 000 km2 entre l&rsquo;Italie, le sud de la France et la Sardaigne, et couvre \u00e0 la fois les eaux int\u00e9rieures maritimes et territoriales de la France, de Monaco et de l&rsquo;Italie, ainsi que les eaux p\u00e9lagiques adjacentes.<\/p>\n<p>[\/et_pb_text][et_pb_text _builder_version=\u00a0\u00bb4.10.8&Prime; _module_preset=\u00a0\u00bbdefault\u00a0\u00bb background_enable_color=\u00a0\u00bboff\u00a0\u00bb text_orientation=\u00a0\u00bbright\u00a0\u00bb background_layout=\u00a0\u00bbdark\u00a0\u00bb max_width=\u00a0\u00bb55%\u00a0\u00bb module_alignment=\u00a0\u00bbright\u00a0\u00bb custom_margin=\u00a0\u00bb0px|0px|0px|0px|false|false\u00a0\u00bb custom_padding=\u00a0\u00bb0px|0px|0px|0px|false|false\u00a0\u00bb global_colors_info=\u00a0\u00bb{}\u00a0\u00bb]<\/p>\n<p>C&rsquo;est une \u00e9tendue de mer qui abrite un patrimoine d&rsquo;une valeur inestimable, dont l&rsquo;existence est encore ignor\u00e9e par un grand nombre.<\/p>\n<p style=\"text-align: right;\"><span style=\"color: #ffffff;\"><a href=\"https:\/\/cbriviera.it\/fr\/zones-touristiques\/le-sanctuaire-pelagos\/\" title=\"Le Sanctuaire Pelagos\" style=\"color: #ffffff;\">Pour en savoir plus&#8230;<\/a><\/span><\/p>\n<p>[\/et_pb_text][\/et_pb_column][\/et_pb_row][\/et_pb_section][et_pb_section fb_built=\u00a0\u00bb1&Prime; fullwidth=\u00a0\u00bbon\u00a0\u00bb disabled_on=\u00a0\u00bboff|off|on\u00a0\u00bb admin_label=\u00a0\u00bbSANTUARIO PELAGOS foto smartphone\u00a0\u00bb _builder_version=\u00a0\u00bb4.11.2&Prime; _module_preset=\u00a0\u00bbdefault\u00a0\u00bb collapsed=\u00a0\u00bbon\u00a0\u00bb global_colors_info=\u00a0\u00bb{}\u00a0\u00bb][et_pb_fullwidth_image src=\u00a0\u00bbhttps:\/\/cbriviera.it\/wp-content\/uploads\/2021\/09\/CBRiviera-contenuti-foto-santuario-pelagos-01.jpg\u00a0\u00bb title_text=\u00a0\u00bbCBRiviera-content-photos-sanctuaire-pelagos-01&Prime; src_tablet=\u00a0\u00bbhttps:\/\/cbriviera.it\/wp-content\/uploads\/2021\/09\/CBRiviera-contenuti-foto-santuario-pelagos-01.jpg\u00a0\u00bb src_phone=\u00a0\u00bbhttps:\/\/cbriviera.it\/wp-content\/uploads\/2021\/10\/CBRiviera-contenuti-foto-santuario-pelagos-01-1000&#215;800-1.jpg\u00a0\u00bb src_last_edited=\u00a0\u00bbon|phone\u00a0\u00bb disabled_on=\u00a0\u00bboff|off|off\u00a0\u00bb _builder_version=\u00a0\u00bb4.11.2&Prime; _module_preset=\u00a0\u00bbdefault\u00a0\u00bb hover_enabled=\u00a0\u00bb0&Prime; global_colors_info=\u00a0\u00bb{}\u00a0\u00bb sticky_enabled=\u00a0\u00bb0&Prime;][\/et_pb_fullwidth_image][\/et_pb_section][et_pb_section fb_built=\u00a0\u00bb1&Prime; disabled_on=\u00a0\u00bboff|off|on\u00a0\u00bb admin_label=\u00a0\u00bbSANTUARIO PELAGOS testo smartphone\u00a0\u00bb _builder_version=\u00a0\u00bb4.10.7&Prime; _module_preset=\u00a0\u00bbdefault\u00a0\u00bb background_color=\u00a0\u00bb#4680b0&Prime; width=\u00a0\u00bb100%\u00a0\u00bb custom_margin=\u00a0\u00bb0px|0px|0px|0px|false|false\u00a0\u00bb custom_padding=\u00a0\u00bb0px|0px|0px|0px|false|false\u00a0\u00bb saved_tabs=\u00a0\u00bball\u00a0\u00bb collapsed=\u00a0\u00bbon\u00a0\u00bb global_colors_info=\u00a0\u00bb{}\u00a0\u00bb][et_pb_row disabled_on=\u00a0\u00bboff|off|on\u00a0\u00bb _builder_version=\u00a0\u00bb4.10.7&Prime; _module_preset=\u00a0\u00bbdefault\u00a0\u00bb module_alignment=\u00a0\u00bbcenter\u00a0\u00bb custom_margin=\u00a0\u00bb0px|0px|0px|0px|false|false\u00a0\u00bb custom_padding=\u00a0\u00bb100px|5%|100px|5%|false|false\u00a0\u00bb global_colors_info=\u00a0\u00bb{}\u00a0\u00bb][et_pb_column type=\u00a0\u00bb4_4&Prime; _builder_version=\u00a0\u00bb4.10.7&Prime; _module_preset=\u00a0\u00bbdefault\u00a0\u00bb global_colors_info=\u00a0\u00bb{}\u00a0\u00bb][et_pb_text _builder_version=\u00a0\u00bb4.10.7&Prime; _module_preset=\u00a0\u00bbdefault\u00a0\u00bb max_width=\u00a0\u00bb100%\u00a0\u00bb module_alignment=\u00a0\u00bbcenter\u00a0\u00bb custom_margin=\u00a0\u00bb0px|0px|0px|0px|false|false\u00a0\u00bb custom_padding=\u00a0\u00bb0px|0px|0px|0px|false|false\u00a0\u00bb global_colors_info=\u00a0\u00bb{}\u00a0\u00bb]<\/p>\n<h2 style=\"text-align: justify;\"><span style=\"color: #ffffff;\">Le Sanctuaire Pelagos<\/span><\/h2>\n<p style=\"text-align: justify;\"><span style=\"color: #ffffff;\">Le <strong>Sanctuaire Pelagos<\/strong> pour les mammif\u00e8res marins de la M\u00e9diterran\u00e9e s&rsquo;\u00e9tend sur une zone d&rsquo;environ 88 000 km2 entre l&rsquo;Italie, le sud de la France et la Sardaigne, et couvre \u00e0 la fois les eaux int\u00e9rieures maritimes et territoriales de la France, de Monaco et de l&rsquo;Italie, ainsi que les eaux p\u00e9lagiques adjacentes. C&rsquo;est une \u00e9tendue de mer qui abrite un patrimoine d&rsquo;une valeur inestimable, dont l&rsquo;existence est encore ignor\u00e9e par un grand nombre.<\/span><\/p>\n<p style=\"text-align: justify;\"><span style=\"color: #ffffff;\"><a href=\"https:\/\/cbriviera.it\/fr\/zones-touristiques\/le-sanctuaire-pelagos\/\" title=\"Le Sanctuaire Pelagos\" style=\"color: #ffffff;\">Pour en savoir plus&#8230;<\/a><\/span><\/p>\n<p>[\/et_pb_text][\/et_pb_column][\/et_pb_row][\/et_pb_section][et_pb_section fb_built=\u00a0\u00bb1&Prime; disabled_on=\u00a0\u00bboff|off|off\u00a0\u00bb admin_label=\u00a0\u00bbDivisiore Vuoto\u00a0\u00bb _builder_version=\u00a0\u00bb4.11.2&Prime; _module_preset=\u00a0\u00bbdefault\u00a0\u00bb background_color=\u00a0\u00bbRGBA(0,0,0,0)\u00a0\u00bb width=\u00a0\u00bb100%\u00a0\u00bb module_alignment=\u00a0\u00bbcenter\u00a0\u00bb min_height=\u00a0\u00bb100px\u00a0\u00bb max_height=\u00a0\u00bb100px\u00a0\u00bb custom_margin=\u00a0\u00bb0px|0px|0px|0px|false|false\u00a0\u00bb custom_padding=\u00a0\u00bb0px|0px|0px|0px|false|false\u00a0\u00bb top_divider_height=\u00a0\u00bb0px\u00a0\u00bb global_module=\u00a0\u00bb786&Prime; saved_tabs=\u00a0\u00bball\u00a0\u00bb collapsed=\u00a0\u00bbon\u00a0\u00bb global_colors_info=\u00a0\u00bb{}\u00a0\u00bb][\/et_pb_section][et_pb_section fb_built=\u00a0\u00bb1&Prime; disabled_on=\u00a0\u00bbon|on|off\u00a0\u00bb admin_label=\u00a0\u00bbPARCO ALPI LIGURI desktop\u00a0\u00bb _builder_version=\u00a0\u00bb4.11.2&Prime; _module_preset=\u00a0\u00bbdefault\u00a0\u00bb use_background_color_gradient=\u00a0\u00bbon\u00a0\u00bb background_color_gradient_start=\u00a0\u00bbrgba(0,0,0,0)\u00a0\u00bb background_color_gradient_end=\u00a0\u00bb#ffffff\u00a0\u00bb background_color_gradient_direction=\u00a0\u00bb294deg\u00a0\u00bb background_color_gradient_start_position=\u00a0\u00bb45%\u00a0\u00bb background_color_gradient_end_position=\u00a0\u00bb45%\u00a0\u00bb background_color_gradient_overlays_image=\u00a0\u00bbon\u00a0\u00bb background_image=\u00a0\u00bbhttps:\/\/cbriviera.it\/wp-content\/uploads\/2021\/09\/CBRiviera-contenuti-foto-alpi-liguri-05.jpg\u00a0\u00bb background_size=\u00a0\u00bbcontain\u00a0\u00bb background_position=\u00a0\u00bbtop_right\u00a0\u00bb module_alignment=\u00a0\u00bbcenter\u00a0\u00bb custom_margin=\u00a0\u00bb0px|0px|0px|0px|false|false\u00a0\u00bb custom_padding=\u00a0\u00bb0px|0px|0px|0px|false|false\u00a0\u00bb top_divider_height=\u00a0\u00bb0px\u00a0\u00bb saved_tabs=\u00a0\u00bball\u00a0\u00bb collapsed=\u00a0\u00bbon\u00a0\u00bb global_colors_info=\u00a0\u00bb{}\u00a0\u00bb][et_pb_row _builder_version=\u00a0\u00bb4.10.8&Prime; _module_preset=\u00a0\u00bbdefault\u00a0\u00bb module_alignment=\u00a0\u00bbcenter\u00a0\u00bb custom_margin=\u00a0\u00bb0px|0px|0px|0px|false|false\u00a0\u00bb custom_padding=\u00a0\u00bb0px|5%|0px|5%|false|false\u00a0\u00bb global_colors_info=\u00a0\u00bb{}\u00a0\u00bb][et_pb_column type=\u00a0\u00bb4_4&Prime; _builder_version=\u00a0\u00bb4.10.7&Prime; _module_preset=\u00a0\u00bbdefault\u00a0\u00bb custom_padding=\u00a0\u00bb0px|0px|0px|0px|false|false\u00a0\u00bb global_colors_info=\u00a0\u00bb{}\u00a0\u00bb][et_pb_text _builder_version=\u00a0\u00bb4.10.8&Prime; _module_preset=\u00a0\u00bbdefault\u00a0\u00bb background_color=\u00a0\u00bbRGBA(0,0,0,0)\u00a0\u00bb max_width=\u00a0\u00bb55%\u00a0\u00bb module_alignment=\u00a0\u00bbleft\u00a0\u00bb custom_margin=\u00a0\u00bb0px|0px|0px|0px|false|false\u00a0\u00bb custom_padding=\u00a0\u00bb0px|0px|0px|0px|false|false\u00a0\u00bb global_colors_info=\u00a0\u00bb{}\u00a0\u00bb]<\/p>\n<h2 style=\"text-align: left;\">LE PARC NATUREL DES<\/h2>\n<h2 style=\"text-align: left;\">ALPES LIGURES<\/h2>\n<p style=\"text-align: left;\">Le <strong>Parc Naturel des Alpes Ligures<\/strong>est la zone prot\u00e9g\u00e9e la plus occidentale de la Ligurie, adoss\u00e9 \u00e0 la cr\u00eate frontali\u00e8re avec les Alpes maritimes fran\u00e7aises.<\/p>\n<p>[\/et_pb_text][et_pb_text _builder_version=\u00a0\u00bb4.10.8&Prime; _module_preset=\u00a0\u00bbdefault\u00a0\u00bb background_color=\u00a0\u00bbRGBA(0,0,0,0)\u00a0\u00bb max_width=\u00a0\u00bb45%\u00a0\u00bb module_alignment=\u00a0\u00bbleft\u00a0\u00bb custom_margin=\u00a0\u00bb0px|0px|0px|0px|false|false\u00a0\u00bb custom_padding=\u00a0\u00bb0px|0px|0px|0px|false|false\u00a0\u00bb global_colors_info=\u00a0\u00bb{}\u00a0\u00bb]<\/p>\n<p style=\"text-align: left;\">La proximit\u00e9 des sommets alpins, de pr\u00e8s de 2000 m\u00e8tres d&rsquo;altitude, voire plus, avec la M\u00e9diterran\u00e9e, a caract\u00e9ris\u00e9 le climat, favoris\u00e9 la biodiversit\u00e9 et le d\u00e9veloppement de micro-environnements riches en esp\u00e8ces florales particuli\u00e8rement int\u00e9ressantes.<\/p>\n<p style=\"text-align: left;\"><a href=\"https:\/\/cbriviera.it\/fr\/zones-touristiques\/le-parc-des-alpes-liguriennes\/\" title=\"LE PARC NATUREL DES ALPES LIGURES\">Pour en savoir plus&#8230;<\/a><\/p>\n<p>[\/et_pb_text][\/et_pb_column][\/et_pb_row][\/et_pb_section][et_pb_section fb_built=\u00a0\u00bb1&Prime; fullwidth=\u00a0\u00bbon\u00a0\u00bb disabled_on=\u00a0\u00bboff|off|on\u00a0\u00bb _builder_version=\u00a0\u00bb4.11.2&Prime; _module_preset=\u00a0\u00bbdefault\u00a0\u00bb hover_enabled=\u00a0\u00bb0&Prime; collapsed=\u00a0\u00bbon\u00a0\u00bb global_colors_info=\u00a0\u00bb{}\u00a0\u00bb sticky_enabled=\u00a0\u00bb0&Prime;][et_pb_fullwidth_image src=\u00a0\u00bbhttps:\/\/cbriviera.it\/wp-content\/uploads\/2021\/09\/CBRiviera-contenuti-foto-alpi-liguri-05.jpg\u00a0\u00bb title_text=\u00a0\u00bbCBRiviera-contenuti-foto-alpi-liguri-05&Prime; src_tablet=\u00a0\u00bbhttps:\/\/cbriviera.it\/wp-content\/uploads\/2021\/09\/CBRiviera-contenuti-foto-alpi-liguri-05.jpg\u00a0\u00bb src_phone=\u00a0\u00bbhttps:\/\/cbriviera.it\/wp-content\/uploads\/2021\/10\/CBRiviera-contenuti-foto-alpi-liguri-05-1000&#215;800-1.jpg\u00a0\u00bb src_last_edited=\u00a0\u00bbon|phone\u00a0\u00bb disabled_on=\u00a0\u00bboff|off|off\u00a0\u00bb _builder_version=\u00a0\u00bb4.11.2&Prime; _module_preset=\u00a0\u00bbdefault\u00a0\u00bb hover_enabled=\u00a0\u00bb0&Prime; global_colors_info=\u00a0\u00bb{}\u00a0\u00bb sticky_enabled=\u00a0\u00bb0&Prime;][\/et_pb_fullwidth_image][\/et_pb_section][et_pb_section fb_built=\u00a0\u00bb1&Prime; disabled_on=\u00a0\u00bboff|off|on\u00a0\u00bb admin_label=\u00a0\u00bbParco Alpi Liguri testo smartphone\u00a0\u00bb _builder_version=\u00a0\u00bb4.10.7&Prime; _module_preset=\u00a0\u00bbdefault\u00a0\u00bb width=\u00a0\u00bb100%\u00a0\u00bb custom_margin=\u00a0\u00bb0px|0px|0px|0px|false|false\u00a0\u00bb custom_padding=\u00a0\u00bb0px|0px|0px|0px|false|false\u00a0\u00bb saved_tabs=\u00a0\u00bball\u00a0\u00bb collapsed=\u00a0\u00bbon\u00a0\u00bb global_colors_info=\u00a0\u00bb{}\u00a0\u00bb][et_pb_row _builder_version=\u00a0\u00bb4.11.2&Prime; _module_preset=\u00a0\u00bbdefault\u00a0\u00bb module_alignment=\u00a0\u00bbcenter\u00a0\u00bb custom_margin=\u00a0\u00bb100px|0px|0px|0px|false|false\u00a0\u00bb custom_padding=\u00a0\u00bb0px|5%|0px|5%|false|false\u00a0\u00bb hover_enabled=\u00a0\u00bb0&Prime; global_colors_info=\u00a0\u00bb{}\u00a0\u00bb sticky_enabled=\u00a0\u00bb0&Prime;][et_pb_column type=\u00a0\u00bb4_4&Prime; _builder_version=\u00a0\u00bb4.10.7&Prime; _module_preset=\u00a0\u00bbdefault\u00a0\u00bb global_colors_info=\u00a0\u00bb{}\u00a0\u00bb][et_pb_text _builder_version=\u00a0\u00bb4.10.7&Prime; _module_preset=\u00a0\u00bbdefault\u00a0\u00bb max_width=\u00a0\u00bb100%\u00a0\u00bb module_alignment=\u00a0\u00bbcenter\u00a0\u00bb custom_margin=\u00a0\u00bb0px|0px|0px|0px|false|false\u00a0\u00bb custom_padding=\u00a0\u00bb0px|0px|0px|0px|false|false\u00a0\u00bb hover_enabled=\u00a0\u00bb0&Prime; global_colors_info=\u00a0\u00bb{}\u00a0\u00bb sticky_enabled=\u00a0\u00bb0&Prime;]<\/p>\n<h2 style=\"text-align: left;\">Le Parc des Alpes Ligures<\/h2>\n<p style=\"text-align: justify;\">Le <strong>Parc Naturel des Alpes Ligures <\/strong>est la zone prot\u00e9g\u00e9e la plus occidentale de la Ligurie, adoss\u00e9 \u00e0 la cr\u00eate frontali\u00e8re avec les Alpes maritimes fran\u00e7aises. La proximit\u00e9 des sommets alpins, de pr\u00e8s de 2000 m\u00e8tres d&rsquo;altitude, voire plus, avec la M\u00e9diterran\u00e9e, a caract\u00e9ris\u00e9 le climat, favoris\u00e9 la biodiversit\u00e9 et le d\u00e9veloppement de micro-environnements riches en esp\u00e8ces florales particuli\u00e8rement int\u00e9ressantes.<\/p>\n<p style=\"text-align: left;\"><a href=\"https:\/\/cbriviera.it\/fr\/zones-touristiques\/le-parc-des-alpes-liguriennes\/\" title=\"Le Parc des Alpes Ligures\">Pour en savoir plus&#8230;<\/a><\/p>\n<p>[\/et_pb_text][\/et_pb_column][\/et_pb_row][\/et_pb_section][et_pb_section fb_built=\u00a0\u00bb1&Prime; disabled_on=\u00a0\u00bboff|off|off\u00a0\u00bb admin_label=\u00a0\u00bbDivisiore Vuoto\u00a0\u00bb _builder_version=\u00a0\u00bb4.11.2&Prime; _module_preset=\u00a0\u00bbdefault\u00a0\u00bb background_color=\u00a0\u00bbRGBA(0,0,0,0)\u00a0\u00bb width=\u00a0\u00bb100%\u00a0\u00bb module_alignment=\u00a0\u00bbcenter\u00a0\u00bb min_height=\u00a0\u00bb100px\u00a0\u00bb max_height=\u00a0\u00bb100px\u00a0\u00bb custom_margin=\u00a0\u00bb0px|0px|0px|0px|false|false\u00a0\u00bb custom_padding=\u00a0\u00bb0px|0px|0px|0px|false|false\u00a0\u00bb top_divider_height=\u00a0\u00bb0px\u00a0\u00bb global_module=\u00a0\u00bb786&Prime; saved_tabs=\u00a0\u00bball\u00a0\u00bb collapsed=\u00a0\u00bbon\u00a0\u00bb global_colors_info=\u00a0\u00bb{}\u00a0\u00bb][\/et_pb_section][et_pb_section fb_built=\u00a0\u00bb1&Prime; _builder_version=\u00a0\u00bb4.10.7&Prime; _module_preset=\u00a0\u00bbdefault\u00a0\u00bb background_enable_color=\u00a0\u00bboff\u00a0\u00bb background_image=\u00a0\u00bbhttps:\/\/cbriviera.it\/wp-content\/uploads\/2021\/09\/cbriviera-home-banner-centrale-05.jpg\u00a0\u00bb background_size=\u00a0\u00bbinitial\u00a0\u00bb background_repeat=\u00a0\u00bbrepeat\u00a0\u00bb custom_margin=\u00a0\u00bb0px|0px|0px|0px|false|false\u00a0\u00bb custom_padding=\u00a0\u00bb0px|0px|250px|0px|false|false\u00a0\u00bb global_module=\u00a0\u00bb1069&Prime; saved_tabs=\u00a0\u00bball\u00a0\u00bb global_colors_info=\u00a0\u00bb{}\u00a0\u00bb][\/et_pb_section]<\/p>\n","protected":false},"excerpt":{"rendered":"<p>La Riviera dei FioriLes zones touristiquesSANREMO Sanremo, la quatri\u00e8me plus grande ville de Ligurie par le nombre \u2018habitant, est l&rsquo;un des centres touristiques les plus importants du pays. Elle doit sa renomm\u00e9e \u00e0 la culture des fleurs, qui l&rsquo;a rendue c\u00e9l\u00e8bre au d\u00e9but du XXe si\u00e8cle, au Casino et au Festival de la Chanson.Elle a [&hellip;]<\/p>\n","protected":false},"author":1,"featured_media":0,"parent":0,"menu_order":0,"comment_status":"closed","ping_status":"closed","template":"","meta":{"_et_pb_use_builder":"on","_et_pb_old_content":"","_et_gb_content_width":"","footnotes":""},"class_list":["post-469","page","type-page","status-publish","hentry"],"yoast_head":"<!-- This site is optimized with the Yoast SEO plugin v27.4 - https:\/\/yoast.com\/product\/yoast-seo-wordpress\/ -->\n<title>La Riviera dei Fiori - Convention Bureau Riviera dei Fiori<\/title>\n<meta name=\"robots\" content=\"index, follow, max-snippet:-1, max-image-preview:large, max-video-preview:-1\" \/>\n<link rel=\"canonical\" href=\"https:\/\/cbriviera.it\/fr\/zones-touristiques\/\" \/>\n<meta property=\"og:locale\" content=\"fr_FR\" \/>\n<meta property=\"og:type\" content=\"article\" \/>\n<meta property=\"og:title\" content=\"La Riviera dei Fiori - Convention Bureau Riviera dei Fiori\" \/>\n<meta property=\"og:description\" content=\"La Riviera dei FioriLes zones touristiquesSANREMO Sanremo, la quatri\u00e8me plus grande ville de Ligurie par le nombre \u2018habitant, est l&#039;un des centres touristiques les plus importants du pays. Elle doit sa renomm\u00e9e \u00e0 la culture des fleurs, qui l&#039;a rendue c\u00e9l\u00e8bre au d\u00e9but du XXe si\u00e8cle, au Casino et au Festival de la Chanson.Elle a [&hellip;]\" \/>\n<meta property=\"og:url\" content=\"https:\/\/cbriviera.it\/fr\/zones-touristiques\/\" \/>\n<meta property=\"og:site_name\" content=\"Convention Bureau Riviera dei Fiori\" \/>\n<meta property=\"article:modified_time\" content=\"2021-12-17T13:40:14+00:00\" \/>\n<meta name=\"twitter:card\" content=\"summary_large_image\" \/>\n<meta name=\"twitter:label1\" content=\"Dur\u00e9e de lecture estim\u00e9e\" \/>\n\t<meta name=\"twitter:data1\" content=\"28 minutes\" \/>\n<script type=\"application\/ld+json\" class=\"yoast-schema-graph\">{\"@context\":\"https:\\\/\\\/schema.org\",\"@graph\":[{\"@type\":\"WebPage\",\"@id\":\"https:\\\/\\\/cbriviera.it\\\/fr\\\/zones-touristiques\\\/\",\"url\":\"https:\\\/\\\/cbriviera.it\\\/fr\\\/zones-touristiques\\\/\",\"name\":\"La Riviera dei Fiori - Convention Bureau Riviera dei Fiori\",\"isPartOf\":{\"@id\":\"https:\\\/\\\/cbriviera.it\\\/fr\\\/#website\"},\"datePublished\":\"2021-09-10T13:46:00+00:00\",\"dateModified\":\"2021-12-17T13:40:14+00:00\",\"breadcrumb\":{\"@id\":\"https:\\\/\\\/cbriviera.it\\\/fr\\\/zones-touristiques\\\/#breadcrumb\"},\"inLanguage\":\"fr-FR\",\"potentialAction\":[{\"@type\":\"ReadAction\",\"target\":[\"https:\\\/\\\/cbriviera.it\\\/fr\\\/zones-touristiques\\\/\"]}]},{\"@type\":\"BreadcrumbList\",\"@id\":\"https:\\\/\\\/cbriviera.it\\\/fr\\\/zones-touristiques\\\/#breadcrumb\",\"itemListElement\":[{\"@type\":\"ListItem\",\"position\":1,\"name\":\"Home\",\"item\":\"https:\\\/\\\/cbriviera.it\\\/fr\\\/\"},{\"@type\":\"ListItem\",\"position\":2,\"name\":\"La Riviera dei Fiori\"}]},{\"@type\":\"WebSite\",\"@id\":\"https:\\\/\\\/cbriviera.it\\\/fr\\\/#website\",\"url\":\"https:\\\/\\\/cbriviera.it\\\/fr\\\/\",\"name\":\"Convention Bureau Riviera dei Fiori\",\"description\":\"La Riviera dei Fiori, fra Terra e Mare\",\"publisher\":{\"@id\":\"https:\\\/\\\/cbriviera.it\\\/fr\\\/#organization\"},\"potentialAction\":[{\"@type\":\"SearchAction\",\"target\":{\"@type\":\"EntryPoint\",\"urlTemplate\":\"https:\\\/\\\/cbriviera.it\\\/fr\\\/?s={search_term_string}\"},\"query-input\":{\"@type\":\"PropertyValueSpecification\",\"valueRequired\":true,\"valueName\":\"search_term_string\"}}],\"inLanguage\":\"fr-FR\"},{\"@type\":\"Organization\",\"@id\":\"https:\\\/\\\/cbriviera.it\\\/fr\\\/#organization\",\"name\":\"Convention Bureau Riviera dei Fiori\",\"url\":\"https:\\\/\\\/cbriviera.it\\\/fr\\\/\",\"logo\":{\"@type\":\"ImageObject\",\"inLanguage\":\"fr-FR\",\"@id\":\"https:\\\/\\\/cbriviera.it\\\/fr\\\/#\\\/schema\\\/logo\\\/image\\\/\",\"url\":\"https:\\\/\\\/cbriviera.it\\\/wp-content\\\/uploads\\\/2021\\\/07\\\/Rivieradeifiori-01.png\",\"contentUrl\":\"https:\\\/\\\/cbriviera.it\\\/wp-content\\\/uploads\\\/2021\\\/07\\\/Rivieradeifiori-01.png\",\"width\":2612,\"height\":1058,\"caption\":\"Convention Bureau Riviera dei Fiori\"},\"image\":{\"@id\":\"https:\\\/\\\/cbriviera.it\\\/fr\\\/#\\\/schema\\\/logo\\\/image\\\/\"}}]}<\/script>\n<!-- \/ Yoast SEO plugin. -->","yoast_head_json":{"title":"La Riviera dei Fiori - Convention Bureau Riviera dei Fiori","robots":{"index":"index","follow":"follow","max-snippet":"max-snippet:-1","max-image-preview":"max-image-preview:large","max-video-preview":"max-video-preview:-1"},"canonical":"https:\/\/cbriviera.it\/fr\/zones-touristiques\/","og_locale":"fr_FR","og_type":"article","og_title":"La Riviera dei Fiori - Convention Bureau Riviera dei Fiori","og_description":"La Riviera dei FioriLes zones touristiquesSANREMO Sanremo, la quatri\u00e8me plus grande ville de Ligurie par le nombre \u2018habitant, est l'un des centres touristiques les plus importants du pays. Elle doit sa renomm\u00e9e \u00e0 la culture des fleurs, qui l'a rendue c\u00e9l\u00e8bre au d\u00e9but du XXe si\u00e8cle, au Casino et au Festival de la Chanson.Elle a [&hellip;]","og_url":"https:\/\/cbriviera.it\/fr\/zones-touristiques\/","og_site_name":"Convention Bureau Riviera dei Fiori","article_modified_time":"2021-12-17T13:40:14+00:00","twitter_card":"summary_large_image","twitter_misc":{"Dur\u00e9e de lecture estim\u00e9e":"28 minutes"},"schema":{"@context":"https:\/\/schema.org","@graph":[{"@type":"WebPage","@id":"https:\/\/cbriviera.it\/fr\/zones-touristiques\/","url":"https:\/\/cbriviera.it\/fr\/zones-touristiques\/","name":"La Riviera dei Fiori - Convention Bureau Riviera dei Fiori","isPartOf":{"@id":"https:\/\/cbriviera.it\/fr\/#website"},"datePublished":"2021-09-10T13:46:00+00:00","dateModified":"2021-12-17T13:40:14+00:00","breadcrumb":{"@id":"https:\/\/cbriviera.it\/fr\/zones-touristiques\/#breadcrumb"},"inLanguage":"fr-FR","potentialAction":[{"@type":"ReadAction","target":["https:\/\/cbriviera.it\/fr\/zones-touristiques\/"]}]},{"@type":"BreadcrumbList","@id":"https:\/\/cbriviera.it\/fr\/zones-touristiques\/#breadcrumb","itemListElement":[{"@type":"ListItem","position":1,"name":"Home","item":"https:\/\/cbriviera.it\/fr\/"},{"@type":"ListItem","position":2,"name":"La Riviera dei Fiori"}]},{"@type":"WebSite","@id":"https:\/\/cbriviera.it\/fr\/#website","url":"https:\/\/cbriviera.it\/fr\/","name":"Convention Bureau Riviera dei Fiori","description":"La Riviera dei Fiori, fra Terra e Mare","publisher":{"@id":"https:\/\/cbriviera.it\/fr\/#organization"},"potentialAction":[{"@type":"SearchAction","target":{"@type":"EntryPoint","urlTemplate":"https:\/\/cbriviera.it\/fr\/?s={search_term_string}"},"query-input":{"@type":"PropertyValueSpecification","valueRequired":true,"valueName":"search_term_string"}}],"inLanguage":"fr-FR"},{"@type":"Organization","@id":"https:\/\/cbriviera.it\/fr\/#organization","name":"Convention Bureau Riviera dei Fiori","url":"https:\/\/cbriviera.it\/fr\/","logo":{"@type":"ImageObject","inLanguage":"fr-FR","@id":"https:\/\/cbriviera.it\/fr\/#\/schema\/logo\/image\/","url":"https:\/\/cbriviera.it\/wp-content\/uploads\/2021\/07\/Rivieradeifiori-01.png","contentUrl":"https:\/\/cbriviera.it\/wp-content\/uploads\/2021\/07\/Rivieradeifiori-01.png","width":2612,"height":1058,"caption":"Convention Bureau Riviera dei Fiori"},"image":{"@id":"https:\/\/cbriviera.it\/fr\/#\/schema\/logo\/image\/"}}]}},"_links":{"self":[{"href":"https:\/\/cbriviera.it\/fr\/wp-json\/wp\/v2\/pages\/469","targetHints":{"allow":["GET"]}}],"collection":[{"href":"https:\/\/cbriviera.it\/fr\/wp-json\/wp\/v2\/pages"}],"about":[{"href":"https:\/\/cbriviera.it\/fr\/wp-json\/wp\/v2\/types\/page"}],"author":[{"embeddable":true,"href":"https:\/\/cbriviera.it\/fr\/wp-json\/wp\/v2\/users\/1"}],"replies":[{"embeddable":true,"href":"https:\/\/cbriviera.it\/fr\/wp-json\/wp\/v2\/comments?post=469"}],"version-history":[{"count":41,"href":"https:\/\/cbriviera.it\/fr\/wp-json\/wp\/v2\/pages\/469\/revisions"}],"predecessor-version":[{"id":4207,"href":"https:\/\/cbriviera.it\/fr\/wp-json\/wp\/v2\/pages\/469\/revisions\/4207"}],"wp:attachment":[{"href":"https:\/\/cbriviera.it\/fr\/wp-json\/wp\/v2\/media?parent=469"}],"curies":[{"name":"wp","href":"https:\/\/api.w.org\/{rel}","templated":true}]}}