{"id":457,"date":"2021-09-10T13:45:18","date_gmt":"2021-09-10T13:45:18","guid":{"rendered":"http:\/\/beta.cbriviera.it\/les-raisons-dun-mythe\/"},"modified":"2021-12-03T16:41:11","modified_gmt":"2021-12-03T15:41:11","slug":"les-raisons-dun-mythe","status":"publish","type":"page","link":"https:\/\/cbriviera.it\/fr\/zones-touristiques\/les-raisons-dun-mythe\/","title":{"rendered":"Les raisons d&rsquo;un mythe"},"content":{"rendered":"<p>[et_pb_section fb_built=\u00a0\u00bb1&Prime; fullwidth=\u00a0\u00bbon\u00a0\u00bb _builder_version=\u00a0\u00bb4.10.7&Prime; _module_preset=\u00a0\u00bbdefault\u00a0\u00bb global_colors_info=\u00a0\u00bb{}\u00a0\u00bb][et_pb_fullwidth_image src=\u00a0\u00bbhttps:\/\/cbriviera.it\/wp-content\/uploads\/2021\/09\/CBRiviera-contenuti-banner-top-portosole01-1.jpg\u00a0\u00bb title_text=\u00a0\u00bbCBRiviera-content-banner-top-portosole01&Prime; _builder_version=\u00a0\u00bb4.10.7&Prime; _module_preset=\u00a0\u00bbdefault\u00a0\u00bb custom_margin=\u00a0\u00bb0px|0px|0px|0px|false|false\u00a0\u00bb custom_padding=\u00a0\u00bb0px|0px|0px|0px|false|false\u00a0\u00bb global_colors_info=\u00a0\u00bb{}\u00a0\u00bb][\/et_pb_fullwidth_image][\/et_pb_section][et_pb_section fb_built=\u00a0\u00bb1&Prime; fullwidth=\u00a0\u00bbon\u00a0\u00bb _builder_version=\u00a0\u00bb4.10.7&Prime; _module_preset=\u00a0\u00bbdefault\u00a0\u00bb global_colors_info=\u00a0\u00bb{}\u00a0\u00bb][\/et_pb_section][et_pb_section fb_built=\u00a0\u00bb1&Prime; _builder_version=\u00a0\u00bb4.10.7&Prime; _module_preset=\u00a0\u00bbdefault\u00a0\u00bb background_enable_color=\u00a0\u00bboff\u00a0\u00bb use_background_color_gradient=\u00a0\u00bbon\u00a0\u00bb background_color_gradient_start=\u00a0\u00bbrgba(68,166,221,0.02)\u00a0\u00bb background_color_gradient_end=\u00a0\u00bb#44a6d7&Prime; background_color_gradient_direction=\u00a0\u00bb294deg\u00a0\u00bb background_color_gradient_end_position=\u00a0\u00bb0%\u00a0\u00bb custom_margin=\u00a0\u00bb0px|0px|0px|0px|false|false\u00a0\u00bb custom_padding=\u00a0\u00bb0px|0px|0px|0px|false|false\u00a0\u00bb saved_tabs=\u00a0\u00bball\u00a0\u00bb global_colors_info=\u00a0\u00bb{}\u00a0\u00bb][et_pb_row _builder_version=\u00a0\u00bb4.10.7&Prime; _module_preset=\u00a0\u00bbdefault\u00a0\u00bb width=\u00a0\u00bb100%\u00a0\u00bb module_alignment=\u00a0\u00bbcenter\u00a0\u00bb custom_margin=\u00a0\u00bb0px|0px|0px|0px|false|false\u00a0\u00bb custom_padding=\u00a0\u00bb40px|0px|40px|0px|false|false\u00a0\u00bb global_colors_info=\u00a0\u00bb{}\u00a0\u00bb][et_pb_column type=\u00a0\u00bb4_4&Prime; _builder_version=\u00a0\u00bb4.10.7&Prime; _module_preset=\u00a0\u00bbdefault\u00a0\u00bb custom_padding=\u00a0\u00bb0px|0px|0px|0px|false|false\u00a0\u00bb global_colors_info=\u00a0\u00bb{}\u00a0\u00bb][et_pb_text admin_label=\u00a0\u00bbScopri La Riviera\u00a0\u00bb _builder_version=\u00a0\u00bb4.10.7&Prime; _module_preset=\u00a0\u00bbdefault\u00a0\u00bb text_font=\u00a0\u00bb||||||||\u00a0\u00bb header_font=\u00a0\u00bb||||||||\u00a0\u00bb background_layout=\u00a0\u00bbdark\u00a0\u00bb width=\u00a0\u00bb80%\u00a0\u00bb module_alignment=\u00a0\u00bbcenter\u00a0\u00bb custom_margin=\u00a0\u00bb0px|0px|0px|0px|false|false\u00a0\u00bb custom_padding=\u00a0\u00bb0px|0px|0px|0px|false|true\u00a0\u00bb global_colors_info=\u00a0\u00bb{}\u00a0\u00bb]<\/p>\n<h1 style=\"text-align: center;\">Les raisons d&rsquo;un mythe<\/h1>\n<p style=\"text-align: center;\">\n<p>[\/et_pb_text][\/et_pb_column][\/et_pb_row][\/et_pb_section][et_pb_section fb_built=\u00a0\u00bb1&Prime; _builder_version=\u00a0\u00bb4.10.7&Prime; _module_preset=\u00a0\u00bbdefault\u00a0\u00bb width=\u00a0\u00bb100%\u00a0\u00bb module_alignment=\u00a0\u00bbcenter\u00a0\u00bb min_height=\u00a0\u00bb80px\u00a0\u00bb custom_margin=\u00a0\u00bb0px|0px|0px|0px|false|false\u00a0\u00bb custom_padding=\u00a0\u00bb15px|0px|0px|0px|false|false\u00a0\u00bb top_divider_height=\u00a0\u00bb0px\u00a0\u00bb box_shadow_style=\u00a0\u00bbpreset1&Prime; box_shadow_vertical=\u00a0\u00bb0px\u00a0\u00bb saved_tabs=\u00a0\u00bball\u00a0\u00bb global_colors_info=\u00a0\u00bb{}\u00a0\u00bb][et_pb_row _builder_version=\u00a0\u00bb4.10.7&Prime; _module_preset=\u00a0\u00bbdefault\u00a0\u00bb module_alignment=\u00a0\u00bbcenter\u00a0\u00bb custom_margin=\u00a0\u00bb0px|0px|0px|0px|false|false\u00a0\u00bb custom_padding=\u00a0\u00bb0px|5%|0px|5%|false|false\u00a0\u00bb global_colors_info=\u00a0\u00bb{}\u00a0\u00bb][et_pb_column type=\u00a0\u00bb4_4&Prime; _builder_version=\u00a0\u00bb4.10.7&Prime; _module_preset=\u00a0\u00bbdefault\u00a0\u00bb global_colors_info=\u00a0\u00bb{}\u00a0\u00bb][et_pb_text _builder_version=\u00a0\u00bb4.10.7&Prime; _module_preset=\u00a0\u00bbdefault\u00a0\u00bb text_orientation=\u00a0\u00bbcenter\u00a0\u00bb width=\u00a0\u00bb100%\u00a0\u00bb module_alignment=\u00a0\u00bbcenter\u00a0\u00bb custom_margin=\u00a0\u00bb5px|0px|-20px|0px|false|false\u00a0\u00bb custom_padding=\u00a0\u00bb0px|0px|20px|0px|false|false\u00a0\u00bb header_2_font_size_tablet=\u00a0\u00bb\u00a0\u00bb header_2_font_size_phone=\u00a0\u00bb50px\u00a0\u00bb header_2_font_size_last_edited=\u00a0\u00bbon|phone\u00a0\u00bb global_colors_info=\u00a0\u00bb{}\u00a0\u00bb]<\/p>\n<h2>La Riviera dei Fiori vous attend<\/h2>\n<p>[\/et_pb_text][\/et_pb_column][\/et_pb_row][\/et_pb_section][et_pb_section fb_built=\u00a0\u00bb1&Prime; disabled_on=\u00a0\u00bboff|off|off\u00a0\u00bb admin_label=\u00a0\u00bbDivisiore Vuoto\u00a0\u00bb _builder_version=\u00a0\u00bb4.11.2&Prime; _module_preset=\u00a0\u00bbdefault\u00a0\u00bb background_color=\u00a0\u00bbRGBA(0,0,0,0)\u00a0\u00bb width=\u00a0\u00bb100%\u00a0\u00bb module_alignment=\u00a0\u00bbcenter\u00a0\u00bb min_height=\u00a0\u00bb100px\u00a0\u00bb max_height=\u00a0\u00bb100px\u00a0\u00bb custom_margin=\u00a0\u00bb0px|0px|0px|0px|false|false\u00a0\u00bb custom_padding=\u00a0\u00bb0px|0px|0px|0px|false|false\u00a0\u00bb top_divider_height=\u00a0\u00bb0px\u00a0\u00bb global_module=\u00a0\u00bb786&Prime; saved_tabs=\u00a0\u00bball\u00a0\u00bb collapsed=\u00a0\u00bbon\u00a0\u00bb global_colors_info=\u00a0\u00bb{}\u00a0\u00bb][\/et_pb_section][et_pb_section fb_built=\u00a0\u00bb1&Prime; disabled_on=\u00a0\u00bbon|on|off\u00a0\u00bb admin_label=\u00a0\u00bbBORDIGHERA\u00a0\u00bb _builder_version=\u00a0\u00bb4.10.7&Prime; _module_preset=\u00a0\u00bbdefault\u00a0\u00bb use_background_color_gradient=\u00a0\u00bbon\u00a0\u00bb background_color_gradient_start=\u00a0\u00bbrgba(0,0,0,0)\u00a0\u00bb background_color_gradient_end=\u00a0\u00bb#ffffff\u00a0\u00bb background_color_gradient_direction=\u00a0\u00bb294deg\u00a0\u00bb background_color_gradient_start_position=\u00a0\u00bb45%\u00a0\u00bb background_color_gradient_end_position=\u00a0\u00bb45%\u00a0\u00bb background_color_gradient_overlays_image=\u00a0\u00bbon\u00a0\u00bb background_image=\u00a0\u00bbhttps:\/\/cbriviera.it\/wp-content\/uploads\/2021\/09\/CBRiviera-contenuti-foto-cervo-01.jpg\u00a0\u00bb background_size=\u00a0\u00bbcontain\u00a0\u00bb background_position=\u00a0\u00bbtop_right\u00a0\u00bb module_alignment=\u00a0\u00bbcenter\u00a0\u00bb custom_margin=\u00a0\u00bb0px|0px|0px|0px|false|false\u00a0\u00bb custom_padding=\u00a0\u00bb0px|0px|0px|0px|false|false\u00a0\u00bb top_divider_height=\u00a0\u00bb0px\u00a0\u00bb saved_tabs=\u00a0\u00bball\u00a0\u00bb global_colors_info=\u00a0\u00bb{}\u00a0\u00bb][et_pb_row _builder_version=\u00a0\u00bb4.10.7&Prime; _module_preset=\u00a0\u00bbdefault\u00a0\u00bb module_alignment=\u00a0\u00bbcenter\u00a0\u00bb custom_margin=\u00a0\u00bb0px|0px|0px|0px|false|false\u00a0\u00bb custom_padding=\u00a0\u00bb0px|5%|0px|5%|false|false\u00a0\u00bb global_colors_info=\u00a0\u00bb{}\u00a0\u00bb][et_pb_column type=\u00a0\u00bb4_4&Prime; _builder_version=\u00a0\u00bb4.10.7&Prime; _module_preset=\u00a0\u00bbdefault\u00a0\u00bb custom_padding=\u00a0\u00bb0px|0px|0px|0px|false|false\u00a0\u00bb global_colors_info=\u00a0\u00bb{}\u00a0\u00bb][et_pb_text _builder_version=\u00a0\u00bb4.11.2&Prime; _module_preset=\u00a0\u00bbdefault\u00a0\u00bb background_color=\u00a0\u00bbRGBA(0,0,0,0)\u00a0\u00bb max_width=\u00a0\u00bb55%\u00a0\u00bb module_alignment=\u00a0\u00bbleft\u00a0\u00bb custom_margin=\u00a0\u00bb0px|0px|0px|0px|false|false\u00a0\u00bb custom_padding=\u00a0\u00bb0px|0px|0px|0px|false|false\u00a0\u00bb global_colors_info=\u00a0\u00bb{}\u00a0\u00bb]<\/p>\n<p>La <strong>Riviera dei Fiori<\/strong> est la partie la plus occidentale de la Ligurie, situ\u00e9e entre Cervo et Vintimille, \u00e0 la fronti\u00e8re avec la France, le Pi\u00e9mont et la Mer de Ligurie. Dans la derni\u00e8re partie, \u00e0 partir de Bordighera, il est possible de voir la Principaut\u00e9 de Monaco, qui se trouve \u00e0 seulement 19 kilom\u00e8tres de la fronti\u00e8re, un peu plus loin, il y a Nice avec le deuxi\u00e8me a\u00e9roport de France, des lieux consid\u00e9r\u00e9s ici comme faisant pratiquement partie de la r\u00e9gion. Seuls 37 kilom\u00e8tres la s\u00e9parent du Pi\u00e9mont.<\/p>\n<p>[\/et_pb_text][et_pb_text _builder_version=\u00a0\u00bb4.11.2&Prime; _module_preset=\u00a0\u00bbdefault\u00a0\u00bb background_color=\u00a0\u00bbRGBA(0,0,0,0)\u00a0\u00bb max_width=\u00a0\u00bb45%\u00a0\u00bb module_alignment=\u00a0\u00bbleft\u00a0\u00bb custom_margin=\u00a0\u00bb0px|0px|0px|0px|false|false\u00a0\u00bb custom_padding=\u00a0\u00bb0px|0px|0px|0px|false|false\u00a0\u00bb global_colors_info=\u00a0\u00bb{}\u00a0\u00bb]<\/p>\n<p>La <strong>Riviera dei Fiori<\/strong> est prot\u00e9g\u00e9e par les Alpes Ligures et les Alpes Maritimes, dont les sommets culminent \u00e0 plus de 3 000 m\u00e8tres. Ici, il suffit de parcourir quelques kilom\u00e8tres seulement pour passer de la mer \u00e0 la montagne et appr\u00e9cier des atmosph\u00e8res et des couleurs de deux paysages apparemment \u00e9loign\u00e9s.<\/p>\n<p>[\/et_pb_text][\/et_pb_column][\/et_pb_row][\/et_pb_section][et_pb_section fb_built=\u00a0\u00bb1&Prime; fullwidth=\u00a0\u00bbon\u00a0\u00bb disabled_on=\u00a0\u00bboff|off|on\u00a0\u00bb _builder_version=\u00a0\u00bb4.11.2&Prime; _module_preset=\u00a0\u00bbdefault\u00a0\u00bb global_colors_info=\u00a0\u00bb{}\u00a0\u00bb][et_pb_fullwidth_image src=\u00a0\u00bbhttps:\/\/cbriviera.it\/wp-content\/uploads\/2021\/09\/CBRiviera-contenuti-foto-cervo-01.jpg\u00a0\u00bb title_text=\u00a0\u00bbCBRiviera-contenuti-foto-cervo-01-1000&#215;800&Prime; src_tablet=\u00a0\u00bbhttps:\/\/cbriviera.it\/wp-content\/uploads\/2021\/09\/CBRiviera-contenuti-foto-cervo-01.jpg\u00a0\u00bb src_phone=\u00a0\u00bbhttps:\/\/cbriviera.it\/wp-content\/uploads\/2021\/10\/CBRiviera-contenuti-foto-cervo-01-1000&#215;800-1.jpg\u00a0\u00bb src_last_edited=\u00a0\u00bbon|phone\u00a0\u00bb disabled_on=\u00a0\u00bboff|off|on\u00a0\u00bb _builder_version=\u00a0\u00bb4.11.2&Prime; _module_preset=\u00a0\u00bbdefault\u00a0\u00bb global_colors_info=\u00a0\u00bb{}\u00a0\u00bb][\/et_pb_fullwidth_image][\/et_pb_section][et_pb_section fb_built=\u00a0\u00bb1&Prime; disabled_on=\u00a0\u00bboff|off|on\u00a0\u00bb _builder_version=\u00a0\u00bb4.10.7&Prime; _module_preset=\u00a0\u00bbdefault\u00a0\u00bb width=\u00a0\u00bb100%\u00a0\u00bb custom_margin=\u00a0\u00bb0px|0px|0px|0px|false|false\u00a0\u00bb custom_padding=\u00a0\u00bb0px|0px|0px|0px|false|false\u00a0\u00bb saved_tabs=\u00a0\u00bball\u00a0\u00bb global_colors_info=\u00a0\u00bb{}\u00a0\u00bb][et_pb_row disabled_on=\u00a0\u00bboff|off|on\u00a0\u00bb _builder_version=\u00a0\u00bb4.11.2&Prime; _module_preset=\u00a0\u00bbdefault\u00a0\u00bb module_alignment=\u00a0\u00bbcenter\u00a0\u00bb custom_margin=\u00a0\u00bb100px|0px|0px|0px|false|false\u00a0\u00bb custom_padding=\u00a0\u00bb0px|5%|0px|5%|false|false\u00a0\u00bb global_colors_info=\u00a0\u00bb{}\u00a0\u00bb][et_pb_column type=\u00a0\u00bb4_4&Prime; _builder_version=\u00a0\u00bb4.10.7&Prime; _module_preset=\u00a0\u00bbdefault\u00a0\u00bb global_colors_info=\u00a0\u00bb{}\u00a0\u00bb][et_pb_text _builder_version=\u00a0\u00bb4.11.2&Prime; _module_preset=\u00a0\u00bbdefault\u00a0\u00bb max_width=\u00a0\u00bb100%\u00a0\u00bb module_alignment=\u00a0\u00bbcenter\u00a0\u00bb custom_margin=\u00a0\u00bb0px|0px|0px|0px|false|false\u00a0\u00bb custom_padding=\u00a0\u00bb0px|0px|0px|0px|false|false\u00a0\u00bb hover_enabled=\u00a0\u00bb0&Prime; global_colors_info=\u00a0\u00bb{}\u00a0\u00bb sticky_enabled=\u00a0\u00bb0&Prime;]<\/p>\n<p style=\"text-align: justify;\">La <strong>Riviera dei Fiori<\/strong> est la partie la plus occidentale de la Ligurie, situ\u00e9e entre Cervo et Vintimille, \u00e0 la fronti\u00e8re avec la France, le Pi\u00e9mont et la Mer de Ligurie. Dans la derni\u00e8re partie, \u00e0 partir de Bordighera, il est possible de voir la Principaut\u00e9 de Monaco, qui se trouve \u00e0 seulement 19 kilom\u00e8tres de la fronti\u00e8re, un peu plus loin, il y a Nice avec le deuxi\u00e8me a\u00e9roport de France, des lieux consid\u00e9r\u00e9s ici comme faisant pratiquement partie de la r\u00e9gion. Seuls 37 kilom\u00e8tres la s\u00e9parent du Pi\u00e9mont.<\/p>\n<p style=\"text-align: justify;\">La <strong>Riviera dei Fiori<\/strong> est prot\u00e9g\u00e9e par les Alpes Ligures et les Alpes Maritimes, dont les sommets culminent \u00e0 plus de 3 000 m\u00e8tres. Ici, il suffit de parcourir quelques kilom\u00e8tres seulement pour passer de la mer \u00e0 la montagne et appr\u00e9cier des atmosph\u00e8res et des couleurs de deux paysages apparemment \u00e9loign\u00e9s.<\/p>\n<p>[\/et_pb_text][\/et_pb_column][\/et_pb_row][\/et_pb_section][et_pb_section fb_built=\u00a0\u00bb1&Prime; _builder_version=\u00a0\u00bb4.10.7&Prime; _module_preset=\u00a0\u00bbdefault\u00a0\u00bb background_color_gradient_direction=\u00a0\u00bb292deg\u00a0\u00bb module_alignment=\u00a0\u00bbcenter\u00a0\u00bb custom_margin=\u00a0\u00bb0px||||false|false\u00a0\u00bb custom_padding=\u00a0\u00bb0px|0px|0px|0px|false|false\u00a0\u00bb locked=\u00a0\u00bboff\u00a0\u00bb global_colors_info=\u00a0\u00bb{}\u00a0\u00bb][et_pb_row _builder_version=\u00a0\u00bb4.11.2&Prime; _module_preset=\u00a0\u00bbdefault\u00a0\u00bb module_alignment=\u00a0\u00bbcenter\u00a0\u00bb custom_margin=\u00a0\u00bb100px|0px|0px|0px|false|false\u00a0\u00bb custom_padding=\u00a0\u00bb0px|5%|0px|5%|false|false\u00a0\u00bb global_colors_info=\u00a0\u00bb{}\u00a0\u00bb][et_pb_column type=\u00a0\u00bb4_4&Prime; _builder_version=\u00a0\u00bb4.10.7&Prime; _module_preset=\u00a0\u00bbdefault\u00a0\u00bb custom_padding=\u00a0\u00bb0px|0px|0px|0px|false|false\u00a0\u00bb global_colors_info=\u00a0\u00bb{}\u00a0\u00bb][et_pb_text _builder_version=\u00a0\u00bb4.11.2&Prime; _module_preset=\u00a0\u00bbdefault\u00a0\u00bb quote_font=\u00a0\u00bbAdamina||||||||\u00a0\u00bb custom_margin=\u00a0\u00bb0px|0px|0px|0px|false|false\u00a0\u00bb custom_padding=\u00a0\u00bb0px|0px|0px|0px|false|false\u00a0\u00bb global_colors_info=\u00a0\u00bb{}\u00a0\u00bb]<\/p>\n<p style=\"text-align: justify;\">La g\u00e9ographie particuli\u00e8re constitue un obstacle insurmontable pour les fronts froids arrivant du nord-ouest, ce qui permet \u00e0 la <strong>Riviera dei Fiori<\/strong>d&rsquo;\u00eatre l&rsquo;une des r\u00e9gions les plus douces d&rsquo;Italie. Les temp\u00e9ratures sont agr\u00e9ables toute l&rsquo;ann\u00e9e et jamais excessivement humides, la pr\u00e9sence de la mer permettant un climat toujours doux.<\/p>\n<p style=\"text-align: justify;\">C&rsquo;est la chance de la <strong>Riviera dei Fiori<\/strong> : un coin de soleil, un peu de vent et des temp\u00e9ratures chaudes.<\/p>\n<p style=\"text-align: justify;\">Le territoire est parsem\u00e9 de vall\u00e9es et de versants abrupts. L&rsquo;histoire nous apprend qu&rsquo;ici, l&rsquo;homme a d\u00fb composer avec cette g\u00e9omorphologie, inventant et valorisant ce qui est aujourd&rsquo;hui le paysage ligure, constell\u00e9 de maquis m\u00e9diterran\u00e9en et de terrasses aux murs de pierres s\u00e8ches, d&rsquo;oliviers et de vignes. Il a exploit\u00e9 chaque recoin de son territoire, cr\u00e9ant des lieux aux panoramas incroyables et \u00e0 couper le souffle.<\/p>\n<p>[\/et_pb_text][\/et_pb_column][\/et_pb_row][\/et_pb_section][et_pb_section fb_built=\u00a0\u00bb1&Prime; disabled_on=\u00a0\u00bboff|off|off\u00a0\u00bb admin_label=\u00a0\u00bbDivisiore Vuoto\u00a0\u00bb _builder_version=\u00a0\u00bb4.11.2&Prime; _module_preset=\u00a0\u00bbdefault\u00a0\u00bb background_color=\u00a0\u00bbRGBA(0,0,0,0)\u00a0\u00bb width=\u00a0\u00bb100%\u00a0\u00bb module_alignment=\u00a0\u00bbcenter\u00a0\u00bb min_height=\u00a0\u00bb100px\u00a0\u00bb max_height=\u00a0\u00bb100px\u00a0\u00bb custom_margin=\u00a0\u00bb0px|0px|0px|0px|false|false\u00a0\u00bb custom_padding=\u00a0\u00bb0px|0px|0px|0px|false|false\u00a0\u00bb top_divider_height=\u00a0\u00bb0px\u00a0\u00bb global_module=\u00a0\u00bb786&Prime; saved_tabs=\u00a0\u00bball\u00a0\u00bb collapsed=\u00a0\u00bbon\u00a0\u00bb global_colors_info=\u00a0\u00bb{}\u00a0\u00bb][\/et_pb_section][et_pb_section fb_built=\u00a0\u00bb1&Prime; disabled_on=\u00a0\u00bbon|on|off\u00a0\u00bb admin_label=\u00a0\u00bbBORDIGHERA\u00a0\u00bb _builder_version=\u00a0\u00bb4.10.7&Prime; _module_preset=\u00a0\u00bbdefault\u00a0\u00bb use_background_color_gradient=\u00a0\u00bbon\u00a0\u00bb background_color_gradient_start=\u00a0\u00bb#ffffff\u00a0\u00bb background_color_gradient_end=\u00a0\u00bbrgba(0,0,0,0)\u00a0\u00bb background_color_gradient_direction=\u00a0\u00bb294deg\u00a0\u00bb background_color_gradient_start_position=\u00a0\u00bb55%\u00a0\u00bb background_color_gradient_end_position=\u00a0\u00bb55%\u00a0\u00bb background_color_gradient_overlays_image=\u00a0\u00bbon\u00a0\u00bb background_image=\u00a0\u00bbhttps:\/\/cbriviera.it\/wp-content\/uploads\/2021\/09\/CBRiviera-contenuti-foto-dolceacqua-01.jpg\u00a0\u00bb background_size=\u00a0\u00bbcontain\u00a0\u00bb background_position=\u00a0\u00bbtop_left\u00a0\u00bb module_alignment=\u00a0\u00bbcenter\u00a0\u00bb custom_margin=\u00a0\u00bb0px|0px|0px|0px|false|false\u00a0\u00bb custom_padding=\u00a0\u00bb0px|0px|0px|0px|false|false\u00a0\u00bb top_divider_height=\u00a0\u00bb0px\u00a0\u00bb saved_tabs=\u00a0\u00bball\u00a0\u00bb global_colors_info=\u00a0\u00bb{}\u00a0\u00bb][et_pb_row _builder_version=\u00a0\u00bb4.10.7&Prime; _module_preset=\u00a0\u00bbdefault\u00a0\u00bb module_alignment=\u00a0\u00bbcenter\u00a0\u00bb custom_margin=\u00a0\u00bb0px|0px|0px|0px|false|false\u00a0\u00bb custom_padding=\u00a0\u00bb0px|5%|0px|5%|false|false\u00a0\u00bb global_colors_info=\u00a0\u00bb{}\u00a0\u00bb][et_pb_column type=\u00a0\u00bb4_4&Prime; _builder_version=\u00a0\u00bb4.10.7&Prime; _module_preset=\u00a0\u00bbdefault\u00a0\u00bb custom_padding=\u00a0\u00bb0px|0px|0px|0px|false|false\u00a0\u00bb global_colors_info=\u00a0\u00bb{}\u00a0\u00bb][et_pb_text _builder_version=\u00a0\u00bb4.11.2&Prime; _module_preset=\u00a0\u00bbdefault\u00a0\u00bb background_enable_color=\u00a0\u00bboff\u00a0\u00bb max_width=\u00a0\u00bb40%\u00a0\u00bb module_alignment=\u00a0\u00bbright\u00a0\u00bb custom_margin=\u00a0\u00bb0px|0px|0px|0px|false|false\u00a0\u00bb custom_padding=\u00a0\u00bb0px|0px|0px|0px|false|false\u00a0\u00bb global_colors_info=\u00a0\u00bb{}\u00a0\u00bb]<\/p>\n<p style=\"text-align: right;\">Les villes c\u00f4ti\u00e8res sont coinc\u00e9es entre la mer, les montagnes et les vall\u00e9es. Les villages de l&rsquo;arri\u00e8re-pays, en revanche, sont pour la plupart cach\u00e9s derri\u00e8re de larges courbes, constitu\u00e9es de maisons construites les unes sur les autres, avec de petits carruggi (ruelles) de liaison, qui servaient jadis de protection contre les attaques des pirates et des Sarrasins arrivant de la mer.<\/p>\n<p>[\/et_pb_text][et_pb_text _builder_version=\u00a0\u00bb4.11.2&Prime; _module_preset=\u00a0\u00bbdefault\u00a0\u00bb background_enable_color=\u00a0\u00bboff\u00a0\u00bb max_width=\u00a0\u00bb55%\u00a0\u00bb module_alignment=\u00a0\u00bbright\u00a0\u00bb custom_margin=\u00a0\u00bb0px|0px|0px|0px|false|false\u00a0\u00bb custom_padding=\u00a0\u00bb0px|0px|0px|0px|false|false\u00a0\u00bb global_colors_info=\u00a0\u00bb{}\u00a0\u00bb]<\/p>\n<p style=\"text-align: right;\">Un territoire aux possibilit\u00e9s incroyables, qui concentre, sur 60 kilom\u00e8tres, \u00e9t\u00e9 comme hiver, des paysages alpins et marins, des graffitis historiques de la Valle delle Meraviglie (Vall\u00e9e des Merveilles) aux pistes de ski de la Riserva Bianca, des excursions au Santuario Pelagos pour admirer la population de c\u00e9tac\u00e9s, aux fonds marins de Capo Mortola et aux amphores romaines de San Lorenzo al mare.<\/p>\n<p>[\/et_pb_text][\/et_pb_column][\/et_pb_row][\/et_pb_section][et_pb_section fb_built=\u00a0\u00bb1&Prime; fullwidth=\u00a0\u00bbon\u00a0\u00bb disabled_on=\u00a0\u00bboff|off|on\u00a0\u00bb _builder_version=\u00a0\u00bb4.11.2&Prime; _module_preset=\u00a0\u00bbdefault\u00a0\u00bb global_colors_info=\u00a0\u00bb{}\u00a0\u00bb][et_pb_fullwidth_image src=\u00a0\u00bbhttps:\/\/cbriviera.it\/wp-content\/uploads\/2021\/09\/CBRiviera-contenuti-foto-dolceacqua-01.jpg\u00a0\u00bb title_text=\u00a0\u00bbCBRiviera-contenuti-foto-dolceacqua-01-1000&#215;800&Prime; src_tablet=\u00a0\u00bbhttps:\/\/cbriviera.it\/wp-content\/uploads\/2021\/09\/CBRiviera-contenuti-foto-dolceacqua-01.jpg\u00a0\u00bb src_phone=\u00a0\u00bbhttps:\/\/cbriviera.it\/wp-content\/uploads\/2021\/10\/CBRiviera-contenuti-foto-dolceacqua-01-1000&#215;800-1.jpg\u00a0\u00bb src_last_edited=\u00a0\u00bbon|phone\u00a0\u00bb disabled_on=\u00a0\u00bboff|off|on\u00a0\u00bb _builder_version=\u00a0\u00bb4.11.2&Prime; _module_preset=\u00a0\u00bbdefault\u00a0\u00bb global_colors_info=\u00a0\u00bb{}\u00a0\u00bb][\/et_pb_fullwidth_image][\/et_pb_section][et_pb_section fb_built=\u00a0\u00bb1&Prime; disabled_on=\u00a0\u00bboff|off|on\u00a0\u00bb _builder_version=\u00a0\u00bb4.10.7&Prime; _module_preset=\u00a0\u00bbdefault\u00a0\u00bb width=\u00a0\u00bb100%\u00a0\u00bb custom_margin=\u00a0\u00bb0px|0px|0px|0px|false|false\u00a0\u00bb custom_padding=\u00a0\u00bb0px|0px|0px|0px|false|false\u00a0\u00bb saved_tabs=\u00a0\u00bball\u00a0\u00bb global_colors_info=\u00a0\u00bb{}\u00a0\u00bb][et_pb_row disabled_on=\u00a0\u00bboff|off|on\u00a0\u00bb _builder_version=\u00a0\u00bb4.10.7&Prime; _module_preset=\u00a0\u00bbdefault\u00a0\u00bb module_alignment=\u00a0\u00bbcenter\u00a0\u00bb custom_margin=\u00a0\u00bb100px|0px|100px|0px|false|false\u00a0\u00bb custom_padding=\u00a0\u00bb0px|5%|0px|5%|false|false\u00a0\u00bb global_colors_info=\u00a0\u00bb{}\u00a0\u00bb][et_pb_column type=\u00a0\u00bb4_4&Prime; _builder_version=\u00a0\u00bb4.10.7&Prime; _module_preset=\u00a0\u00bbdefault\u00a0\u00bb global_colors_info=\u00a0\u00bb{}\u00a0\u00bb][et_pb_text _builder_version=\u00a0\u00bb4.11.2&Prime; _module_preset=\u00a0\u00bbdefault\u00a0\u00bb max_width=\u00a0\u00bb100%\u00a0\u00bb module_alignment=\u00a0\u00bbcenter\u00a0\u00bb custom_margin=\u00a0\u00bb0px|0px|0px|0px|false|false\u00a0\u00bb custom_padding=\u00a0\u00bb0px|0px|0px|0px|false|false\u00a0\u00bb global_colors_info=\u00a0\u00bb{}\u00a0\u00bb]<\/p>\n<p style=\"text-align: justify;\">Les villes c\u00f4ti\u00e8res sont coinc\u00e9es entre la mer, les montagnes et les vall\u00e9es. Les villages de l&rsquo;arri\u00e8re-pays, en revanche, sont pour la plupart cach\u00e9s derri\u00e8re de larges courbes, constitu\u00e9es de maisons construites les unes sur les autres, avec de petits carruggi (ruelles) de liaison, qui servaient jadis de protection contre les attaques des pirates et des Sarrasins arrivant de la mer.<\/p>\n<p style=\"text-align: justify;\">Un territoire aux possibilit\u00e9s incroyables, qui concentre, sur 60 kilom\u00e8tres, \u00e9t\u00e9 comme hiver, des paysages alpins et marins, des graffitis historiques de la Valle delle Meraviglie (Vall\u00e9e des Merveilles) aux pistes de ski de la Riserva Bianca, des excursions au Santuario Pelagos pour admirer la population de c\u00e9tac\u00e9s, aux fonds marins de Capo Mortola et aux amphores romaines de San Lorenzo al mare.<\/p>\n<p>[\/et_pb_text][\/et_pb_column][\/et_pb_row][\/et_pb_section][et_pb_section fb_built=\u00a0\u00bb1&Prime; admin_label=\u00a0\u00bbsezione finale\u00a0\u00bb _builder_version=\u00a0\u00bb4.11.2&Prime; _module_preset=\u00a0\u00bbdefault\u00a0\u00bb background_color_gradient_direction=\u00a0\u00bb292deg\u00a0\u00bb module_alignment=\u00a0\u00bbcenter\u00a0\u00bb custom_margin=\u00a0\u00bb0px||||false|false\u00a0\u00bb custom_padding=\u00a0\u00bb0px|0px|0px|0px|false|false\u00a0\u00bb locked=\u00a0\u00bboff\u00a0\u00bb global_colors_info=\u00a0\u00bb{}\u00a0\u00bb][et_pb_row _builder_version=\u00a0\u00bb4.11.2&Prime; _module_preset=\u00a0\u00bbdefault\u00a0\u00bb module_alignment=\u00a0\u00bbcenter\u00a0\u00bb custom_margin=\u00a0\u00bb100px|0px||0px|false|false\u00a0\u00bb custom_padding=\u00a0\u00bb0px|5%|0px|5%|false|false\u00a0\u00bb global_colors_info=\u00a0\u00bb{}\u00a0\u00bb][et_pb_column type=\u00a0\u00bb4_4&Prime; _builder_version=\u00a0\u00bb4.9.10&Prime; _module_preset=\u00a0\u00bbdefault\u00a0\u00bb global_colors_info=\u00a0\u00bb{}\u00a0\u00bb][et_pb_text _builder_version=\u00a0\u00bb4.11.2&Prime; _module_preset=\u00a0\u00bbdefault\u00a0\u00bb custom_margin=\u00a0\u00bb0px|0px|0px|0px|false|false\u00a0\u00bb custom_padding=\u00a0\u00bb0px|0px|0px|0px|false|false\u00a0\u00bb global_colors_info=\u00a0\u00bb{}\u00a0\u00bb]<\/p>\n<p style=\"text-align: justify;\">Historiquement, c&rsquo;est une r\u00e9gion frontali\u00e8re, un territoire d&rsquo;\u00e9changes, d&rsquo;\u00e9tudes, occup\u00e9e par l\u2019homme depuis le Pal\u00e9olithique, comme en t\u00e9moigne l&rsquo;une des sept p\u00e9riodes historiques que l&rsquo;on peut visiter rien qu&rsquo;\u00e0 Vintimille.<\/p>\n<p style=\"text-align: justify;\">Petite zone g\u00e9ographique, la <strong>Riviera dei Fiori<\/strong>est consciente du grand patrimoine naturel et historico-culturel qu&rsquo;elle poss\u00e8de, un carrefour de cultures qui ne vous d\u00e9cevra certainement pas, tout comme elle n&rsquo;a pas d\u00e9\u00e7u les grands ma\u00eetres de l&rsquo;histoire, \u00e0 l\u2019image de Monet !<\/p>\n<p>[\/et_pb_text][\/et_pb_column][\/et_pb_row][\/et_pb_section][et_pb_section fb_built=\u00a0\u00bb1&Prime; disabled_on=\u00a0\u00bboff|off|off\u00a0\u00bb admin_label=\u00a0\u00bbDivisiore Vuoto\u00a0\u00bb _builder_version=\u00a0\u00bb4.11.2&Prime; _module_preset=\u00a0\u00bbdefault\u00a0\u00bb background_color=\u00a0\u00bbRGBA(0,0,0,0)\u00a0\u00bb width=\u00a0\u00bb100%\u00a0\u00bb module_alignment=\u00a0\u00bbcenter\u00a0\u00bb min_height=\u00a0\u00bb100px\u00a0\u00bb max_height=\u00a0\u00bb100px\u00a0\u00bb custom_margin=\u00a0\u00bb0px|0px|0px|0px|false|false\u00a0\u00bb custom_padding=\u00a0\u00bb0px|0px|0px|0px|false|false\u00a0\u00bb top_divider_height=\u00a0\u00bb0px\u00a0\u00bb global_module=\u00a0\u00bb786&Prime; saved_tabs=\u00a0\u00bball\u00a0\u00bb collapsed=\u00a0\u00bbon\u00a0\u00bb global_colors_info=\u00a0\u00bb{}\u00a0\u00bb][\/et_pb_section][et_pb_section fb_built=\u00a0\u00bb1&Prime; _builder_version=\u00a0\u00bb4.10.7&Prime; _module_preset=\u00a0\u00bbdefault\u00a0\u00bb background_enable_color=\u00a0\u00bboff\u00a0\u00bb background_image=\u00a0\u00bbhttps:\/\/cbriviera.it\/wp-content\/uploads\/2021\/09\/cbriviera-home-banner-centrale-05.jpg\u00a0\u00bb background_size=\u00a0\u00bbinitial\u00a0\u00bb background_repeat=\u00a0\u00bbrepeat\u00a0\u00bb custom_margin=\u00a0\u00bb0px|0px|0px|0px|false|false\u00a0\u00bb custom_padding=\u00a0\u00bb0px|0px|250px|0px|false|false\u00a0\u00bb global_module=\u00a0\u00bb1069&Prime; saved_tabs=\u00a0\u00bball\u00a0\u00bb global_colors_info=\u00a0\u00bb{}\u00a0\u00bb][\/et_pb_section]<\/p>\n","protected":false},"excerpt":{"rendered":"<p>Les raisons d&rsquo;un mythe La Riviera dei Fiori vous attendLa Riviera dei Fiori est la partie la plus occidentale de la Ligurie, situ\u00e9e entre Cervo et Vintimille, \u00e0 la fronti\u00e8re avec la France, le Pi\u00e9mont et la Mer de Ligurie. Dans la derni\u00e8re partie, \u00e0 partir de Bordighera, il est possible de voir la Principaut\u00e9 [&hellip;]<\/p>\n","protected":false},"author":1,"featured_media":0,"parent":469,"menu_order":0,"comment_status":"closed","ping_status":"closed","template":"","meta":{"_et_pb_use_builder":"on","_et_pb_old_content":"","_et_gb_content_width":"","footnotes":""},"class_list":["post-457","page","type-page","status-publish","hentry"],"yoast_head":"<!-- This site is optimized with the Yoast SEO plugin v27.4 - https:\/\/yoast.com\/product\/yoast-seo-wordpress\/ -->\n<title>Les raisons d&#039;un mythe - Convention Bureau Riviera dei Fiori<\/title>\n<meta name=\"robots\" content=\"index, follow, max-snippet:-1, max-image-preview:large, max-video-preview:-1\" \/>\n<link rel=\"canonical\" href=\"https:\/\/cbriviera.it\/fr\/zones-touristiques\/les-raisons-dun-mythe\/\" \/>\n<meta property=\"og:locale\" content=\"fr_FR\" \/>\n<meta property=\"og:type\" content=\"article\" \/>\n<meta property=\"og:title\" content=\"Les raisons d&#039;un mythe - Convention Bureau Riviera dei Fiori\" \/>\n<meta property=\"og:description\" content=\"Les raisons d&#039;un mythe La Riviera dei Fiori vous attendLa Riviera dei Fiori est la partie la plus occidentale de la Ligurie, situ\u00e9e entre Cervo et Vintimille, \u00e0 la fronti\u00e8re avec la France, le Pi\u00e9mont et la Mer de Ligurie. Dans la derni\u00e8re partie, \u00e0 partir de Bordighera, il est possible de voir la Principaut\u00e9 [&hellip;]\" \/>\n<meta property=\"og:url\" content=\"https:\/\/cbriviera.it\/fr\/zones-touristiques\/les-raisons-dun-mythe\/\" \/>\n<meta property=\"og:site_name\" content=\"Convention Bureau Riviera dei Fiori\" \/>\n<meta property=\"article:modified_time\" content=\"2021-12-03T15:41:11+00:00\" \/>\n<meta name=\"twitter:card\" content=\"summary_large_image\" \/>\n<meta name=\"twitter:label1\" content=\"Dur\u00e9e de lecture estim\u00e9e\" \/>\n\t<meta name=\"twitter:data1\" content=\"13 minutes\" \/>\n<script type=\"application\/ld+json\" class=\"yoast-schema-graph\">{\"@context\":\"https:\\\/\\\/schema.org\",\"@graph\":[{\"@type\":\"WebPage\",\"@id\":\"https:\\\/\\\/cbriviera.it\\\/fr\\\/zones-touristiques\\\/les-raisons-dun-mythe\\\/\",\"url\":\"https:\\\/\\\/cbriviera.it\\\/fr\\\/zones-touristiques\\\/les-raisons-dun-mythe\\\/\",\"name\":\"Les raisons d'un mythe - Convention Bureau Riviera dei Fiori\",\"isPartOf\":{\"@id\":\"https:\\\/\\\/cbriviera.it\\\/fr\\\/#website\"},\"datePublished\":\"2021-09-10T13:45:18+00:00\",\"dateModified\":\"2021-12-03T15:41:11+00:00\",\"breadcrumb\":{\"@id\":\"https:\\\/\\\/cbriviera.it\\\/fr\\\/zones-touristiques\\\/les-raisons-dun-mythe\\\/#breadcrumb\"},\"inLanguage\":\"fr-FR\",\"potentialAction\":[{\"@type\":\"ReadAction\",\"target\":[\"https:\\\/\\\/cbriviera.it\\\/fr\\\/zones-touristiques\\\/les-raisons-dun-mythe\\\/\"]}]},{\"@type\":\"BreadcrumbList\",\"@id\":\"https:\\\/\\\/cbriviera.it\\\/fr\\\/zones-touristiques\\\/les-raisons-dun-mythe\\\/#breadcrumb\",\"itemListElement\":[{\"@type\":\"ListItem\",\"position\":1,\"name\":\"Home\",\"item\":\"https:\\\/\\\/cbriviera.it\\\/fr\\\/\"},{\"@type\":\"ListItem\",\"position\":2,\"name\":\"La Riviera dei Fiori\",\"item\":\"https:\\\/\\\/cbriviera.it\\\/fr\\\/zones-touristiques\\\/\"},{\"@type\":\"ListItem\",\"position\":3,\"name\":\"Les raisons d&rsquo;un mythe\"}]},{\"@type\":\"WebSite\",\"@id\":\"https:\\\/\\\/cbriviera.it\\\/fr\\\/#website\",\"url\":\"https:\\\/\\\/cbriviera.it\\\/fr\\\/\",\"name\":\"Convention Bureau Riviera dei Fiori\",\"description\":\"La Riviera dei Fiori, fra Terra e Mare\",\"publisher\":{\"@id\":\"https:\\\/\\\/cbriviera.it\\\/fr\\\/#organization\"},\"potentialAction\":[{\"@type\":\"SearchAction\",\"target\":{\"@type\":\"EntryPoint\",\"urlTemplate\":\"https:\\\/\\\/cbriviera.it\\\/fr\\\/?s={search_term_string}\"},\"query-input\":{\"@type\":\"PropertyValueSpecification\",\"valueRequired\":true,\"valueName\":\"search_term_string\"}}],\"inLanguage\":\"fr-FR\"},{\"@type\":\"Organization\",\"@id\":\"https:\\\/\\\/cbriviera.it\\\/fr\\\/#organization\",\"name\":\"Convention Bureau Riviera dei Fiori\",\"url\":\"https:\\\/\\\/cbriviera.it\\\/fr\\\/\",\"logo\":{\"@type\":\"ImageObject\",\"inLanguage\":\"fr-FR\",\"@id\":\"https:\\\/\\\/cbriviera.it\\\/fr\\\/#\\\/schema\\\/logo\\\/image\\\/\",\"url\":\"https:\\\/\\\/cbriviera.it\\\/wp-content\\\/uploads\\\/2021\\\/07\\\/Rivieradeifiori-01.png\",\"contentUrl\":\"https:\\\/\\\/cbriviera.it\\\/wp-content\\\/uploads\\\/2021\\\/07\\\/Rivieradeifiori-01.png\",\"width\":2612,\"height\":1058,\"caption\":\"Convention Bureau Riviera dei Fiori\"},\"image\":{\"@id\":\"https:\\\/\\\/cbriviera.it\\\/fr\\\/#\\\/schema\\\/logo\\\/image\\\/\"}}]}<\/script>\n<!-- \/ Yoast SEO plugin. -->","yoast_head_json":{"title":"Les raisons d'un mythe - Convention Bureau Riviera dei Fiori","robots":{"index":"index","follow":"follow","max-snippet":"max-snippet:-1","max-image-preview":"max-image-preview:large","max-video-preview":"max-video-preview:-1"},"canonical":"https:\/\/cbriviera.it\/fr\/zones-touristiques\/les-raisons-dun-mythe\/","og_locale":"fr_FR","og_type":"article","og_title":"Les raisons d'un mythe - Convention Bureau Riviera dei Fiori","og_description":"Les raisons d'un mythe La Riviera dei Fiori vous attendLa Riviera dei Fiori est la partie la plus occidentale de la Ligurie, situ\u00e9e entre Cervo et Vintimille, \u00e0 la fronti\u00e8re avec la France, le Pi\u00e9mont et la Mer de Ligurie. Dans la derni\u00e8re partie, \u00e0 partir de Bordighera, il est possible de voir la Principaut\u00e9 [&hellip;]","og_url":"https:\/\/cbriviera.it\/fr\/zones-touristiques\/les-raisons-dun-mythe\/","og_site_name":"Convention Bureau Riviera dei Fiori","article_modified_time":"2021-12-03T15:41:11+00:00","twitter_card":"summary_large_image","twitter_misc":{"Dur\u00e9e de lecture estim\u00e9e":"13 minutes"},"schema":{"@context":"https:\/\/schema.org","@graph":[{"@type":"WebPage","@id":"https:\/\/cbriviera.it\/fr\/zones-touristiques\/les-raisons-dun-mythe\/","url":"https:\/\/cbriviera.it\/fr\/zones-touristiques\/les-raisons-dun-mythe\/","name":"Les raisons d'un mythe - Convention Bureau Riviera dei Fiori","isPartOf":{"@id":"https:\/\/cbriviera.it\/fr\/#website"},"datePublished":"2021-09-10T13:45:18+00:00","dateModified":"2021-12-03T15:41:11+00:00","breadcrumb":{"@id":"https:\/\/cbriviera.it\/fr\/zones-touristiques\/les-raisons-dun-mythe\/#breadcrumb"},"inLanguage":"fr-FR","potentialAction":[{"@type":"ReadAction","target":["https:\/\/cbriviera.it\/fr\/zones-touristiques\/les-raisons-dun-mythe\/"]}]},{"@type":"BreadcrumbList","@id":"https:\/\/cbriviera.it\/fr\/zones-touristiques\/les-raisons-dun-mythe\/#breadcrumb","itemListElement":[{"@type":"ListItem","position":1,"name":"Home","item":"https:\/\/cbriviera.it\/fr\/"},{"@type":"ListItem","position":2,"name":"La Riviera dei Fiori","item":"https:\/\/cbriviera.it\/fr\/zones-touristiques\/"},{"@type":"ListItem","position":3,"name":"Les raisons d&rsquo;un mythe"}]},{"@type":"WebSite","@id":"https:\/\/cbriviera.it\/fr\/#website","url":"https:\/\/cbriviera.it\/fr\/","name":"Convention Bureau Riviera dei Fiori","description":"La Riviera dei Fiori, fra Terra e Mare","publisher":{"@id":"https:\/\/cbriviera.it\/fr\/#organization"},"potentialAction":[{"@type":"SearchAction","target":{"@type":"EntryPoint","urlTemplate":"https:\/\/cbriviera.it\/fr\/?s={search_term_string}"},"query-input":{"@type":"PropertyValueSpecification","valueRequired":true,"valueName":"search_term_string"}}],"inLanguage":"fr-FR"},{"@type":"Organization","@id":"https:\/\/cbriviera.it\/fr\/#organization","name":"Convention Bureau Riviera dei Fiori","url":"https:\/\/cbriviera.it\/fr\/","logo":{"@type":"ImageObject","inLanguage":"fr-FR","@id":"https:\/\/cbriviera.it\/fr\/#\/schema\/logo\/image\/","url":"https:\/\/cbriviera.it\/wp-content\/uploads\/2021\/07\/Rivieradeifiori-01.png","contentUrl":"https:\/\/cbriviera.it\/wp-content\/uploads\/2021\/07\/Rivieradeifiori-01.png","width":2612,"height":1058,"caption":"Convention Bureau Riviera dei Fiori"},"image":{"@id":"https:\/\/cbriviera.it\/fr\/#\/schema\/logo\/image\/"}}]}},"_links":{"self":[{"href":"https:\/\/cbriviera.it\/fr\/wp-json\/wp\/v2\/pages\/457","targetHints":{"allow":["GET"]}}],"collection":[{"href":"https:\/\/cbriviera.it\/fr\/wp-json\/wp\/v2\/pages"}],"about":[{"href":"https:\/\/cbriviera.it\/fr\/wp-json\/wp\/v2\/types\/page"}],"author":[{"embeddable":true,"href":"https:\/\/cbriviera.it\/fr\/wp-json\/wp\/v2\/users\/1"}],"replies":[{"embeddable":true,"href":"https:\/\/cbriviera.it\/fr\/wp-json\/wp\/v2\/comments?post=457"}],"version-history":[{"count":37,"href":"https:\/\/cbriviera.it\/fr\/wp-json\/wp\/v2\/pages\/457\/revisions"}],"predecessor-version":[{"id":4175,"href":"https:\/\/cbriviera.it\/fr\/wp-json\/wp\/v2\/pages\/457\/revisions\/4175"}],"up":[{"embeddable":true,"href":"https:\/\/cbriviera.it\/fr\/wp-json\/wp\/v2\/pages\/469"}],"wp:attachment":[{"href":"https:\/\/cbriviera.it\/fr\/wp-json\/wp\/v2\/media?parent=457"}],"curies":[{"name":"wp","href":"https:\/\/api.w.org\/{rel}","templated":true}]}}