{"id":396,"date":"2021-09-10T13:39:11","date_gmt":"2021-09-10T13:39:11","guid":{"rendered":"http:\/\/beta.cbriviera.it\/bordighera-ventimiglia-et-environs\/"},"modified":"2021-12-03T17:05:12","modified_gmt":"2021-12-03T16:05:12","slug":"bordighera-ventimiglia-et-environs","status":"publish","type":"page","link":"https:\/\/cbriviera.it\/fr\/zones-touristiques\/bordighera-ventimiglia-et-environs\/","title":{"rendered":"Vintimille et Bordighera"},"content":{"rendered":"<p>[et_pb_section fb_built=\u00a0\u00bb1&Prime; _builder_version=\u00a0\u00bb4.10.7&Prime; _module_preset=\u00a0\u00bbdefault\u00a0\u00bb background_color=\u00a0\u00bb#44a6d7&Prime; background_image=\u00a0\u00bbhttps:\/\/cbriviera.it\/wp-content\/uploads\/2021\/09\/CBRiviera-contenuti-banner-top-bordighera-01.jpg\u00a0\u00bb background_position=\u00a0\u00bbtop_center\u00a0\u00bb height=\u00a0\u00bb750px\u00a0\u00bb custom_margin=\u00a0\u00bb0px|0px|0px|0px|false|false\u00a0\u00bb custom_padding=\u00a0\u00bb0px|0px|0px|0px|false|false\u00a0\u00bb box_shadow_style=\u00a0\u00bbpreset3&Prime; box_shadow_vertical=\u00a0\u00bb0px\u00a0\u00bb box_shadow_spread=\u00a0\u00bb0px\u00a0\u00bb saved_tabs=\u00a0\u00bball\u00a0\u00bb global_colors_info=\u00a0\u00bb{}\u00a0\u00bb][\/et_pb_section][et_pb_section fb_built=\u00a0\u00bb1&Prime; _builder_version=\u00a0\u00bb4.10.7&Prime; _module_preset=\u00a0\u00bbdefault\u00a0\u00bb background_enable_color=\u00a0\u00bboff\u00a0\u00bb use_background_color_gradient=\u00a0\u00bbon\u00a0\u00bb background_color_gradient_start=\u00a0\u00bbrgba(68,166,221,0.02)\u00a0\u00bb background_color_gradient_end=\u00a0\u00bb#44a6d7&Prime; background_color_gradient_direction=\u00a0\u00bb294deg\u00a0\u00bb background_color_gradient_end_position=\u00a0\u00bb0%\u00a0\u00bb custom_margin=\u00a0\u00bb0px|0px|0px|0px|false|false\u00a0\u00bb custom_padding=\u00a0\u00bb0px|0px|0px|0px|false|false\u00a0\u00bb saved_tabs=\u00a0\u00bball\u00a0\u00bb global_colors_info=\u00a0\u00bb{}\u00a0\u00bb][et_pb_row _builder_version=\u00a0\u00bb4.10.7&Prime; _module_preset=\u00a0\u00bbdefault\u00a0\u00bb width=\u00a0\u00bb100%\u00a0\u00bb module_alignment=\u00a0\u00bbcenter\u00a0\u00bb custom_margin=\u00a0\u00bb0px|0px|0px|0px|false|false\u00a0\u00bb custom_padding=\u00a0\u00bb40px|0px|40px|0px|false|false\u00a0\u00bb global_colors_info=\u00a0\u00bb{}\u00a0\u00bb][et_pb_column type=\u00a0\u00bb4_4&Prime; _builder_version=\u00a0\u00bb4.10.7&Prime; _module_preset=\u00a0\u00bbdefault\u00a0\u00bb custom_padding=\u00a0\u00bb0px|0px|0px|0px|false|false\u00a0\u00bb global_colors_info=\u00a0\u00bb{}\u00a0\u00bb][et_pb_text admin_label=\u00a0\u00bbScopri La Riviera\u00a0\u00bb _builder_version=\u00a0\u00bb4.10.7&Prime; _module_preset=\u00a0\u00bbdefault\u00a0\u00bb text_font=\u00a0\u00bb||||||||\u00a0\u00bb header_font=\u00a0\u00bb||||||||\u00a0\u00bb background_layout=\u00a0\u00bbdark\u00a0\u00bb width=\u00a0\u00bb80%\u00a0\u00bb module_alignment=\u00a0\u00bbcenter\u00a0\u00bb custom_margin=\u00a0\u00bb0px|0px|0px|0px|false|false\u00a0\u00bb custom_padding=\u00a0\u00bb0px|0px|0px|0px|false|true\u00a0\u00bb global_colors_info=\u00a0\u00bb{}\u00a0\u00bb]<\/p>\n<h1 style=\"text-align: center;\">Vintimille et Bordighera<\/h1>\n<p>[\/et_pb_text][\/et_pb_column][\/et_pb_row][\/et_pb_section][et_pb_section fb_built=\u00a0\u00bb1&Prime; disabled_on=\u00a0\u00bboff|off|off\u00a0\u00bb admin_label=\u00a0\u00bbDivisiore Vuoto\u00a0\u00bb _builder_version=\u00a0\u00bb4.11.2&Prime; _module_preset=\u00a0\u00bbdefault\u00a0\u00bb background_color=\u00a0\u00bbRGBA(0,0,0,0)\u00a0\u00bb width=\u00a0\u00bb100%\u00a0\u00bb module_alignment=\u00a0\u00bbcenter\u00a0\u00bb min_height=\u00a0\u00bb100px\u00a0\u00bb max_height=\u00a0\u00bb100px\u00a0\u00bb custom_margin=\u00a0\u00bb0px|0px|0px|0px|false|false\u00a0\u00bb custom_padding=\u00a0\u00bb0px|0px|0px|0px|false|false\u00a0\u00bb top_divider_height=\u00a0\u00bb0px\u00a0\u00bb global_module=\u00a0\u00bb786&Prime; saved_tabs=\u00a0\u00bball\u00a0\u00bb collapsed=\u00a0\u00bbon\u00a0\u00bb global_colors_info=\u00a0\u00bb{}\u00a0\u00bb][\/et_pb_section][et_pb_section fb_built=\u00a0\u00bb1&Prime; disabled_on=\u00a0\u00bbon|on|off\u00a0\u00bb admin_label=\u00a0\u00bbBORDIGHERA\u00a0\u00bb _builder_version=\u00a0\u00bb4.11.2&Prime; _module_preset=\u00a0\u00bbdefault\u00a0\u00bb use_background_color_gradient=\u00a0\u00bbon\u00a0\u00bb background_color_gradient_start=\u00a0\u00bbrgba(0,0,0,0)\u00a0\u00bb background_color_gradient_end=\u00a0\u00bb#ffffff\u00a0\u00bb background_color_gradient_direction=\u00a0\u00bb294deg\u00a0\u00bb background_color_gradient_start_position=\u00a0\u00bb45%\u00a0\u00bb background_color_gradient_end_position=\u00a0\u00bb45%\u00a0\u00bb background_color_gradient_overlays_image=\u00a0\u00bbon\u00a0\u00bb background_image=\u00a0\u00bbhttps:\/\/cbriviera.it\/wp-content\/uploads\/2021\/09\/CBRiviera-contenuti-foto-bordighera-01.jpg\u00a0\u00bb background_size=\u00a0\u00bbcontain\u00a0\u00bb background_position=\u00a0\u00bbtop_right\u00a0\u00bb module_alignment=\u00a0\u00bbcenter\u00a0\u00bb custom_margin=\u00a0\u00bb0px|0px|0px|0px|false|false\u00a0\u00bb custom_padding=\u00a0\u00bb0px|0px|0px|0px|false|false\u00a0\u00bb top_divider_height=\u00a0\u00bb0px\u00a0\u00bb saved_tabs=\u00a0\u00bball\u00a0\u00bb global_colors_info=\u00a0\u00bb{}\u00a0\u00bb][et_pb_row _builder_version=\u00a0\u00bb4.10.7&Prime; _module_preset=\u00a0\u00bbdefault\u00a0\u00bb module_alignment=\u00a0\u00bbcenter\u00a0\u00bb custom_margin=\u00a0\u00bb0px|0px|0px|0px|false|false\u00a0\u00bb custom_padding=\u00a0\u00bb0px|5%|0px|5%|false|false\u00a0\u00bb global_colors_info=\u00a0\u00bb{}\u00a0\u00bb][et_pb_column type=\u00a0\u00bb4_4&Prime; _builder_version=\u00a0\u00bb4.10.7&Prime; _module_preset=\u00a0\u00bbdefault\u00a0\u00bb custom_padding=\u00a0\u00bb0px|0px|0px|0px|false|false\u00a0\u00bb global_colors_info=\u00a0\u00bb{}\u00a0\u00bb][et_pb_text _builder_version=\u00a0\u00bb4.11.2&Prime; _module_preset=\u00a0\u00bbdefault\u00a0\u00bb background_enable_color=\u00a0\u00bboff\u00a0\u00bb max_width=\u00a0\u00bb55%\u00a0\u00bb module_alignment=\u00a0\u00bbleft\u00a0\u00bb custom_margin=\u00a0\u00bb0px|0px|0px|0px|false|false\u00a0\u00bb custom_padding=\u00a0\u00bb0px|0px|0px|0px|false|false\u00a0\u00bb global_colors_info=\u00a0\u00bb{}\u00a0\u00bb]<\/p>\n<p>L\u2019extr\u00e9mit\u00e9 occidentale de la Ligurie est r\u00e9put\u00e9e pour la douceur de son climat doux : les Anglais le savaient bien et, \u00e0 partir de la seconde moiti\u00e9 du XIXe si\u00e8cle, ils ont commenc\u00e9 \u00e0 choisir <strong>Bordighera<\/strong> et Sanremo comme destinations de vacances.<\/p>\n<p>[\/et_pb_text][et_pb_text _builder_version=\u00a0\u00bb4.11.2&Prime; _module_preset=\u00a0\u00bbdefault\u00a0\u00bb background_enable_color=\u00a0\u00bboff\u00a0\u00bb max_width=\u00a0\u00bb45%\u00a0\u00bb module_alignment=\u00a0\u00bbleft\u00a0\u00bb custom_margin=\u00a0\u00bb0px|0px|0px|0px|false|false\u00a0\u00bb custom_padding=\u00a0\u00bb0px|0px|0px|0px|false|false\u00a0\u00bb global_colors_info=\u00a0\u00bb{}\u00a0\u00bb]<\/p>\n<p>C&rsquo;est aussi gr\u00e2ce \u00e0 Giovanni Ruffini, un patriote de Taggia qui a \u00e9t\u00e9 exil\u00e9 en Grande-Bretagne et a publi\u00e9 \u00ab Il Dottor Antonio \u00bb en anglais en 1855. Le roman, dont l&rsquo;action se d\u00e9roule sur la Riviera, a connu un grand succ\u00e8s \u00e0 l&rsquo;\u00e9poque et les sujets de la Reine Victoria ont rapidement afflu\u00e9 dans la r\u00e9gion.<\/p>\n<p>[\/et_pb_text][\/et_pb_column][\/et_pb_row][\/et_pb_section][et_pb_section fb_built=\u00a0\u00bb1&Prime; fullwidth=\u00a0\u00bbon\u00a0\u00bb admin_label=\u00a0\u00bbBORDIGHERA tablet\/smartphone\u00a0\u00bb _builder_version=\u00a0\u00bb4.11.2&Prime; _module_preset=\u00a0\u00bbdefault\u00a0\u00bb global_colors_info=\u00a0\u00bb{}\u00a0\u00bb][et_pb_fullwidth_image src=\u00a0\u00bbhttps:\/\/cbriviera.it\/wp-content\/uploads\/2021\/09\/CBRiviera-contenuti-foto-bordighera-01.jpg\u00a0\u00bb title_text=\u00a0\u00bbCBRiviera-contenuti-foto-bordighera-01-1000&#215;800&Prime; src_tablet=\u00a0\u00bbhttps:\/\/cbriviera.it\/wp-content\/uploads\/2021\/09\/CBRiviera-contenuti-foto-bordighera-01.jpg\u00a0\u00bb src_phone=\u00a0\u00bbhttps:\/\/cbriviera.it\/wp-content\/uploads\/2021\/10\/CBRiviera-contenuti-foto-bordighera-01-1000&#215;800-1.jpg\u00a0\u00bb src_last_edited=\u00a0\u00bbon|phone\u00a0\u00bb disabled_on=\u00a0\u00bboff|off|on\u00a0\u00bb _builder_version=\u00a0\u00bb4.11.2&Prime; _module_preset=\u00a0\u00bbdefault\u00a0\u00bb global_colors_info=\u00a0\u00bb{}\u00a0\u00bb][\/et_pb_fullwidth_image][\/et_pb_section][et_pb_section fb_built=\u00a0\u00bb1&Prime; disabled_on=\u00a0\u00bboff|off|on\u00a0\u00bb _builder_version=\u00a0\u00bb4.11.2&Prime; _module_preset=\u00a0\u00bbdefault\u00a0\u00bb background_color_gradient_direction=\u00a0\u00bb292deg\u00a0\u00bb custom_margin=\u00a0\u00bb0px|0px|0px|0px|false|false\u00a0\u00bb custom_padding=\u00a0\u00bb0px|0px|0px|0px|false|false\u00a0\u00bb global_colors_info=\u00a0\u00bb{}\u00a0\u00bb][et_pb_row _builder_version=\u00a0\u00bb4.10.7&Prime; _module_preset=\u00a0\u00bbdefault\u00a0\u00bb module_alignment=\u00a0\u00bbcenter\u00a0\u00bb custom_margin=\u00a0\u00bb100px|0px|100px|0px|false|false\u00a0\u00bb custom_padding=\u00a0\u00bb0px|5%|0px|5%|false|false\u00a0\u00bb global_colors_info=\u00a0\u00bb{}\u00a0\u00bb][et_pb_column type=\u00a0\u00bb4_4&Prime; _builder_version=\u00a0\u00bb4.10.7&Prime; _module_preset=\u00a0\u00bbdefault\u00a0\u00bb custom_padding=\u00a0\u00bb0px|0px|0px|0px|false|false\u00a0\u00bb global_colors_info=\u00a0\u00bb{}\u00a0\u00bb][et_pb_text admin_label=\u00a0\u00bbTesto finale\u00a0\u00bb _builder_version=\u00a0\u00bb4.11.2&Prime; _module_preset=\u00a0\u00bbdefault\u00a0\u00bb hover_enabled=\u00a0\u00bb0&Prime; global_colors_info=\u00a0\u00bb{}\u00a0\u00bb sticky_enabled=\u00a0\u00bb0&Prime;]<\/p>\n<p style=\"text-align: justify;\">L\u2019extr\u00e9mit\u00e9 occidentale de la Ligurie est r\u00e9put\u00e9e pour la douceur de son climat doux : les Anglais le savaient bien et, \u00e0 partir de la seconde moiti\u00e9 du XIXe si\u00e8cle, ils ont commenc\u00e9 \u00e0 choisir <strong>Bordighera<\/strong>et Sanremo comme destinations de vacances.<br \/>C&rsquo;est aussi gr\u00e2ce \u00e0 Giovanni Ruffini, un patriote de Taggia qui a \u00e9t\u00e9 exil\u00e9 en Grande-Bretagne et a publi\u00e9 \u00ab Il Dottor Antonio \u00bb en anglais en 1855. Le roman, dont l&rsquo;action se d\u00e9roule sur la Riviera, a connu un grand succ\u00e8s \u00e0 l&rsquo;\u00e9poque et les sujets de la Reine Victoria ont rapidement afflu\u00e9 dans la r\u00e9gion.<\/p>\n<p>[\/et_pb_text][\/et_pb_column][\/et_pb_row][\/et_pb_section][et_pb_section fb_built=\u00a0\u00bb1&Prime; _builder_version=\u00a0\u00bb4.10.7&Prime; _module_preset=\u00a0\u00bbdefault\u00a0\u00bb background_color_gradient_direction=\u00a0\u00bb292deg\u00a0\u00bb custom_margin=\u00a0\u00bb0px|0px|0px|0px|false|false\u00a0\u00bb custom_padding=\u00a0\u00bb0px|0px|0px|0px|false|false\u00a0\u00bb global_colors_info=\u00a0\u00bb{}\u00a0\u00bb][et_pb_row _builder_version=\u00a0\u00bb4.10.7&Prime; _module_preset=\u00a0\u00bbdefault\u00a0\u00bb module_alignment=\u00a0\u00bbcenter\u00a0\u00bb custom_margin=\u00a0\u00bb100px|0px|100px|0px|false|false\u00a0\u00bb custom_padding=\u00a0\u00bb0px|5%|0px|5%|false|false\u00a0\u00bb global_colors_info=\u00a0\u00bb{}\u00a0\u00bb][et_pb_column type=\u00a0\u00bb4_4&Prime; _builder_version=\u00a0\u00bb4.10.7&Prime; _module_preset=\u00a0\u00bbdefault\u00a0\u00bb custom_padding=\u00a0\u00bb0px|0px|0px|0px|false|false\u00a0\u00bb global_colors_info=\u00a0\u00bb{}\u00a0\u00bb][et_pb_text admin_label=\u00a0\u00bbTesto finale\u00a0\u00bb _builder_version=\u00a0\u00bb4.11.2&Prime; _module_preset=\u00a0\u00bbdefault\u00a0\u00bb global_colors_info=\u00a0\u00bb{}\u00a0\u00bb]<\/p>\n<p style=\"text-align: justify;\">On part de la fronti\u00e8re avec <strong>Vintimille,<\/strong>une ville qui a les atouts et les d\u00e9fauts d&rsquo;une ville fronti\u00e8re, avec pas moins de sept p\u00e9riodes historiques diff\u00e9rentes \u00e0 voir et qui sauront vous \u00e9mouvoir : le site des Balzi Rossi, avec ses grottes et son mus\u00e9e pal\u00e9olithique, o\u00f9 l&rsquo;on trouve des squelettes de Cro-Magnon (datant de 20 000 ans) ; les Castellari, qui remonte \u00e0 l&rsquo;\u00e2ge du Fer (4-5 si\u00e8cles avant J.-C.), un syst\u00e8me de fortifications primitives, perch\u00e9es au sommet des montagnes et des collines c\u00f4ti\u00e8res ; une p\u00e9riode romaine avec un Th\u00e9\u00e2tre, les Thermes et les nombreuses Insul\u00e6 d&rsquo;Albintimilium, t\u00e9moignant de l&rsquo;\u00e9poque imp\u00e9riale romaine ; la partie sup\u00e9rieure de la ville, ou vieille ville, o\u00f9 l&rsquo;on voit clairement la plus grande ville m\u00e9di\u00e9vale de la Ligurie occidentale et de la C\u00f4te d&rsquo;Azur, affirmant l&rsquo;\u00e2ge de gloire de la Commune libre et o\u00f9 l&rsquo;ancienne voie de communication passait par son centre (la R\u00e9publique de G\u00eanes, pour soumettre la ville de <strong>Vintimille<\/strong> en 1221, alla jusqu&rsquo;\u00e0 modifier le cours de la Roya) ; une p\u00e9riode du XIXe si\u00e8cle dont t\u00e9moignent les maisons de Bastia du quartier Vallone, le Forte dell\u2019Annunziata, l&rsquo;arriv\u00e9e du chemin de fer comme lien avec le monde et les merveilleux Jardins Hanbury ; la partie moderne et commerciale du centre, symbole du miracle \u00e9conomique, avec la Gare Internationale ; et enfin, <strong>Vintimille<\/strong> de demain repr\u00e9sent\u00e9e par la zone du nouveau Port \u00ab Cala del Forte \u00bb d\u00e9sormais propri\u00e9t\u00e9 de la Principaut\u00e9 de Monaco et les investissements en amont, dans la partie haute de la ville, dans les nouvelles installations sportives et le futur Parco Roia.<\/p>\n<p>[\/et_pb_text][\/et_pb_column][\/et_pb_row][\/et_pb_section][et_pb_section fb_built=\u00a0\u00bb1&Prime; fullwidth=\u00a0\u00bbon\u00a0\u00bb _builder_version=\u00a0\u00bb4.11.2&Prime; _module_preset=\u00a0\u00bbdefault\u00a0\u00bb global_colors_info=\u00a0\u00bb{}\u00a0\u00bb][et_pb_fullwidth_image src=\u00a0\u00bbhttps:\/\/cbriviera.it\/wp-content\/uploads\/2021\/09\/CBRiviera-contenuti-foto-ventimiglia-02.jpg\u00a0\u00bb title_text=\u00a0\u00bbCBRiviera-contenuti-foto-ventimiglia-02-1000&#215;800&Prime; src_tablet=\u00a0\u00bbhttps:\/\/cbriviera.it\/wp-content\/uploads\/2021\/09\/CBRiviera-contenuti-foto-ventimiglia-02.jpg\u00a0\u00bb src_phone=\u00a0\u00bbhttps:\/\/cbriviera.it\/wp-content\/uploads\/2021\/10\/CBRiviera-contenuti-foto-ventimiglia-02-1000&#215;800-1.jpg\u00a0\u00bb src_last_edited=\u00a0\u00bbon|phone\u00a0\u00bb _builder_version=\u00a0\u00bb4.11.2&Prime; _module_preset=\u00a0\u00bbdefault\u00a0\u00bb global_colors_info=\u00a0\u00bb{}\u00a0\u00bb][\/et_pb_fullwidth_image][\/et_pb_section][et_pb_section fb_built=\u00a0\u00bb1&Prime; _builder_version=\u00a0\u00bb4.10.7&Prime; _module_preset=\u00a0\u00bbdefault\u00a0\u00bb background_color_gradient_direction=\u00a0\u00bb292deg\u00a0\u00bb custom_margin=\u00a0\u00bb0px|0px|0px|0px|false|false\u00a0\u00bb custom_padding=\u00a0\u00bb0px|0px|0px|0px|false|false\u00a0\u00bb global_colors_info=\u00a0\u00bb{}\u00a0\u00bb][et_pb_row _builder_version=\u00a0\u00bb4.10.7&Prime; _module_preset=\u00a0\u00bbdefault\u00a0\u00bb module_alignment=\u00a0\u00bbcenter\u00a0\u00bb custom_margin=\u00a0\u00bb100px|0px|100px|0px|false|false\u00a0\u00bb custom_padding=\u00a0\u00bb0px|5%|0px|5%|false|false\u00a0\u00bb global_colors_info=\u00a0\u00bb{}\u00a0\u00bb][et_pb_column type=\u00a0\u00bb4_4&Prime; _builder_version=\u00a0\u00bb4.10.7&Prime; _module_preset=\u00a0\u00bbdefault\u00a0\u00bb custom_padding=\u00a0\u00bb0px|0px|0px|0px|false|false\u00a0\u00bb global_colors_info=\u00a0\u00bb{}\u00a0\u00bb][et_pb_text admin_label=\u00a0\u00bbTesto finale\u00a0\u00bb _builder_version=\u00a0\u00bb4.11.2&Prime; _module_preset=\u00a0\u00bbdefault\u00a0\u00bb global_colors_info=\u00a0\u00bb{}\u00a0\u00bb]<\/p>\n<p style=\"text-align: justify;\">En quittant <strong>Vintimille<\/strong> pour <strong>Bordighera<\/strong>, on traverse Vallecrosia, tr\u00e8s active pour les familles, avec un mus\u00e9e particulier, le Museo della Canzone (Mus\u00e9e de la chanson), voulu par Erio Tripodi pour divertir ses h\u00f4tes et c\u00e9l\u00e9brer sa passion pour le chant.<\/p>\n<p style=\"text-align: justify;\">Si vous voulez tomber amoureux de ces lieux, vous devez visiter <strong>Bordighera,<\/strong>une ville baln\u00e9aire tranquille et \u00e9l\u00e9gante, qui s&rsquo;est hiss\u00e9e au sommet de l&rsquo;int\u00e9r\u00eat europ\u00e9en de l&rsquo;\u00e9poque gr\u00e2ce au roman de Ruffini, le jardin Moreno, l&rsquo;un des plus beaux d&rsquo;Europe de la premi\u00e8re moiti\u00e9 du XIXe si\u00e8cle, couvrant une superficie de 8 hectares et comptant des plantes provenant du monde entier, y compris les jardins du ch\u00e2teau de Malmaison de Jos\u00e9phine Bonaparte. Le d\u00e9sir de changer de climat, la n\u00e9cessit\u00e9 de se soigner, l&rsquo;envie de d\u00e9couvrir ces lieux ont attir\u00e9 de nombreux Anglais, et pas seulement, \u00e0 venir \u00e0 <strong>Bordighera.<\/strong> Charles Bicknell, le d\u00e9couvreur des graffitis de la Vall\u00e9e des Merveilles, et la reine Marguerite de Savoie, qui y s\u00e9journa pendant de longues p\u00e9riodes et y mourut en 1926, ont \u00e9galement donn\u00e9 une impulsion particuli\u00e8re \u00e0 la vie de la ville.<\/p>\n<p style=\"text-align: justify;\">\u00c0 <strong>Bordighera,<\/strong> il est possible de se promener le long de promenades et de sentiers tr\u00e8s particuliers, comme la promenade romaine, con\u00e7ue par Charles Garnier, le m\u00eame architecte qui con\u00e7ut l&rsquo;Op\u00e9ra de Paris, la rue commerciale du centre-ville sur la Via Aurelia et la promenade du bord de mer, le Lungomare Argentina, d\u00e9di\u00e9e \u00e0 Evita Peron, la plus longue promenade pi\u00e9tonne de la Riviera dei Fiori, d&rsquo;o\u00f9 il est possible d&rsquo;admirer le large et des couchers de soleil \u00e0 couper le souffle. Impossible de ne pas mentionner le sentier Monet qui, tel un fil rouge, relie tous les lieux de notre Riviera o\u00f9 le grand impressionniste a peint plus de cinquante \u0153uvres.<\/p>\n<p style=\"text-align: justify;\">Les incontournables : le Museo Bicknell, la biblioth\u00e8que municipale, Villa Mariani, les jardins et les promenades.<\/p>\n<p>[\/et_pb_text][\/et_pb_column][\/et_pb_row][\/et_pb_section][et_pb_section fb_built=\u00a0\u00bb1&Prime; disabled_on=\u00a0\u00bboff|off|off\u00a0\u00bb admin_label=\u00a0\u00bbDivisiore Vuoto\u00a0\u00bb _builder_version=\u00a0\u00bb4.11.2&Prime; _module_preset=\u00a0\u00bbdefault\u00a0\u00bb background_color=\u00a0\u00bbRGBA(0,0,0,0)\u00a0\u00bb width=\u00a0\u00bb100%\u00a0\u00bb module_alignment=\u00a0\u00bbcenter\u00a0\u00bb min_height=\u00a0\u00bb100px\u00a0\u00bb max_height=\u00a0\u00bb100px\u00a0\u00bb custom_margin=\u00a0\u00bb0px|0px|0px|0px|false|false\u00a0\u00bb custom_padding=\u00a0\u00bb0px|0px|0px|0px|false|false\u00a0\u00bb top_divider_height=\u00a0\u00bb0px\u00a0\u00bb global_module=\u00a0\u00bb786&Prime; saved_tabs=\u00a0\u00bball\u00a0\u00bb collapsed=\u00a0\u00bbon\u00a0\u00bb global_colors_info=\u00a0\u00bb{}\u00a0\u00bb][\/et_pb_section][et_pb_section fb_built=\u00a0\u00bb1&Prime; _builder_version=\u00a0\u00bb4.10.7&Prime; _module_preset=\u00a0\u00bbdefault\u00a0\u00bb background_enable_color=\u00a0\u00bboff\u00a0\u00bb background_image=\u00a0\u00bbhttps:\/\/cbriviera.it\/wp-content\/uploads\/2021\/09\/cbriviera-home-banner-centrale-05.jpg\u00a0\u00bb background_size=\u00a0\u00bbinitial\u00a0\u00bb background_repeat=\u00a0\u00bbrepeat\u00a0\u00bb custom_margin=\u00a0\u00bb0px|0px|0px|0px|false|false\u00a0\u00bb custom_padding=\u00a0\u00bb0px|0px|250px|0px|false|false\u00a0\u00bb global_module=\u00a0\u00bb1069&Prime; saved_tabs=\u00a0\u00bball\u00a0\u00bb global_colors_info=\u00a0\u00bb{}\u00a0\u00bb][\/et_pb_section]<\/p>\n","protected":false},"excerpt":{"rendered":"<p>Vintimille et BordigheraL\u2019extr\u00e9mit\u00e9 occidentale de la Ligurie est r\u00e9put\u00e9e pour la douceur de son climat doux : les Anglais le savaient bien et, \u00e0 partir de la seconde moiti\u00e9 du XIXe si\u00e8cle, ils ont commenc\u00e9 \u00e0 choisir Bordighera et Sanremo comme destinations de vacances.C&rsquo;est aussi gr\u00e2ce \u00e0 Giovanni Ruffini, un patriote de Taggia qui a [&hellip;]<\/p>\n","protected":false},"author":1,"featured_media":0,"parent":469,"menu_order":0,"comment_status":"closed","ping_status":"closed","template":"","meta":{"_et_pb_use_builder":"on","_et_pb_old_content":"","_et_gb_content_width":"","footnotes":""},"class_list":["post-396","page","type-page","status-publish","hentry"],"yoast_head":"<!-- This site is optimized with the Yoast SEO plugin v27.4 - https:\/\/yoast.com\/product\/yoast-seo-wordpress\/ -->\n<title>Vintimille et Bordighera - Convention Bureau Riviera dei Fiori<\/title>\n<meta name=\"robots\" content=\"index, follow, max-snippet:-1, max-image-preview:large, max-video-preview:-1\" \/>\n<link rel=\"canonical\" href=\"https:\/\/cbriviera.it\/fr\/zones-touristiques\/bordighera-ventimiglia-et-environs\/\" \/>\n<meta property=\"og:locale\" content=\"fr_FR\" \/>\n<meta property=\"og:type\" content=\"article\" \/>\n<meta property=\"og:title\" content=\"Vintimille et Bordighera - Convention Bureau Riviera dei Fiori\" \/>\n<meta property=\"og:description\" content=\"Vintimille et BordigheraL\u2019extr\u00e9mit\u00e9 occidentale de la Ligurie est r\u00e9put\u00e9e pour la douceur de son climat doux : les Anglais le savaient bien et, \u00e0 partir de la seconde moiti\u00e9 du XIXe si\u00e8cle, ils ont commenc\u00e9 \u00e0 choisir Bordighera et Sanremo comme destinations de vacances.C&#039;est aussi gr\u00e2ce \u00e0 Giovanni Ruffini, un patriote de Taggia qui a [&hellip;]\" \/>\n<meta property=\"og:url\" content=\"https:\/\/cbriviera.it\/fr\/zones-touristiques\/bordighera-ventimiglia-et-environs\/\" \/>\n<meta property=\"og:site_name\" content=\"Convention Bureau Riviera dei Fiori\" \/>\n<meta property=\"article:modified_time\" content=\"2021-12-03T16:05:12+00:00\" \/>\n<meta name=\"twitter:card\" content=\"summary_large_image\" \/>\n<meta name=\"twitter:label1\" content=\"Dur\u00e9e de lecture estim\u00e9e\" \/>\n\t<meta name=\"twitter:data1\" content=\"10 minutes\" \/>\n<script type=\"application\/ld+json\" class=\"yoast-schema-graph\">{\"@context\":\"https:\\\/\\\/schema.org\",\"@graph\":[{\"@type\":\"WebPage\",\"@id\":\"https:\\\/\\\/cbriviera.it\\\/fr\\\/zones-touristiques\\\/bordighera-ventimiglia-et-environs\\\/\",\"url\":\"https:\\\/\\\/cbriviera.it\\\/fr\\\/zones-touristiques\\\/bordighera-ventimiglia-et-environs\\\/\",\"name\":\"Vintimille et Bordighera - Convention Bureau Riviera dei Fiori\",\"isPartOf\":{\"@id\":\"https:\\\/\\\/cbriviera.it\\\/fr\\\/#website\"},\"datePublished\":\"2021-09-10T13:39:11+00:00\",\"dateModified\":\"2021-12-03T16:05:12+00:00\",\"breadcrumb\":{\"@id\":\"https:\\\/\\\/cbriviera.it\\\/fr\\\/zones-touristiques\\\/bordighera-ventimiglia-et-environs\\\/#breadcrumb\"},\"inLanguage\":\"fr-FR\",\"potentialAction\":[{\"@type\":\"ReadAction\",\"target\":[\"https:\\\/\\\/cbriviera.it\\\/fr\\\/zones-touristiques\\\/bordighera-ventimiglia-et-environs\\\/\"]}]},{\"@type\":\"BreadcrumbList\",\"@id\":\"https:\\\/\\\/cbriviera.it\\\/fr\\\/zones-touristiques\\\/bordighera-ventimiglia-et-environs\\\/#breadcrumb\",\"itemListElement\":[{\"@type\":\"ListItem\",\"position\":1,\"name\":\"Home\",\"item\":\"https:\\\/\\\/cbriviera.it\\\/fr\\\/\"},{\"@type\":\"ListItem\",\"position\":2,\"name\":\"La Riviera dei Fiori\",\"item\":\"https:\\\/\\\/cbriviera.it\\\/fr\\\/zones-touristiques\\\/\"},{\"@type\":\"ListItem\",\"position\":3,\"name\":\"Vintimille et Bordighera\"}]},{\"@type\":\"WebSite\",\"@id\":\"https:\\\/\\\/cbriviera.it\\\/fr\\\/#website\",\"url\":\"https:\\\/\\\/cbriviera.it\\\/fr\\\/\",\"name\":\"Convention Bureau Riviera dei Fiori\",\"description\":\"La Riviera dei Fiori, fra Terra e Mare\",\"publisher\":{\"@id\":\"https:\\\/\\\/cbriviera.it\\\/fr\\\/#organization\"},\"potentialAction\":[{\"@type\":\"SearchAction\",\"target\":{\"@type\":\"EntryPoint\",\"urlTemplate\":\"https:\\\/\\\/cbriviera.it\\\/fr\\\/?s={search_term_string}\"},\"query-input\":{\"@type\":\"PropertyValueSpecification\",\"valueRequired\":true,\"valueName\":\"search_term_string\"}}],\"inLanguage\":\"fr-FR\"},{\"@type\":\"Organization\",\"@id\":\"https:\\\/\\\/cbriviera.it\\\/fr\\\/#organization\",\"name\":\"Convention Bureau Riviera dei Fiori\",\"url\":\"https:\\\/\\\/cbriviera.it\\\/fr\\\/\",\"logo\":{\"@type\":\"ImageObject\",\"inLanguage\":\"fr-FR\",\"@id\":\"https:\\\/\\\/cbriviera.it\\\/fr\\\/#\\\/schema\\\/logo\\\/image\\\/\",\"url\":\"https:\\\/\\\/cbriviera.it\\\/wp-content\\\/uploads\\\/2021\\\/07\\\/Rivieradeifiori-01.png\",\"contentUrl\":\"https:\\\/\\\/cbriviera.it\\\/wp-content\\\/uploads\\\/2021\\\/07\\\/Rivieradeifiori-01.png\",\"width\":2612,\"height\":1058,\"caption\":\"Convention Bureau Riviera dei Fiori\"},\"image\":{\"@id\":\"https:\\\/\\\/cbriviera.it\\\/fr\\\/#\\\/schema\\\/logo\\\/image\\\/\"}}]}<\/script>\n<!-- \/ Yoast SEO plugin. -->","yoast_head_json":{"title":"Vintimille et Bordighera - Convention Bureau Riviera dei Fiori","robots":{"index":"index","follow":"follow","max-snippet":"max-snippet:-1","max-image-preview":"max-image-preview:large","max-video-preview":"max-video-preview:-1"},"canonical":"https:\/\/cbriviera.it\/fr\/zones-touristiques\/bordighera-ventimiglia-et-environs\/","og_locale":"fr_FR","og_type":"article","og_title":"Vintimille et Bordighera - Convention Bureau Riviera dei Fiori","og_description":"Vintimille et BordigheraL\u2019extr\u00e9mit\u00e9 occidentale de la Ligurie est r\u00e9put\u00e9e pour la douceur de son climat doux : les Anglais le savaient bien et, \u00e0 partir de la seconde moiti\u00e9 du XIXe si\u00e8cle, ils ont commenc\u00e9 \u00e0 choisir Bordighera et Sanremo comme destinations de vacances.C'est aussi gr\u00e2ce \u00e0 Giovanni Ruffini, un patriote de Taggia qui a [&hellip;]","og_url":"https:\/\/cbriviera.it\/fr\/zones-touristiques\/bordighera-ventimiglia-et-environs\/","og_site_name":"Convention Bureau Riviera dei Fiori","article_modified_time":"2021-12-03T16:05:12+00:00","twitter_card":"summary_large_image","twitter_misc":{"Dur\u00e9e de lecture estim\u00e9e":"10 minutes"},"schema":{"@context":"https:\/\/schema.org","@graph":[{"@type":"WebPage","@id":"https:\/\/cbriviera.it\/fr\/zones-touristiques\/bordighera-ventimiglia-et-environs\/","url":"https:\/\/cbriviera.it\/fr\/zones-touristiques\/bordighera-ventimiglia-et-environs\/","name":"Vintimille et Bordighera - Convention Bureau Riviera dei Fiori","isPartOf":{"@id":"https:\/\/cbriviera.it\/fr\/#website"},"datePublished":"2021-09-10T13:39:11+00:00","dateModified":"2021-12-03T16:05:12+00:00","breadcrumb":{"@id":"https:\/\/cbriviera.it\/fr\/zones-touristiques\/bordighera-ventimiglia-et-environs\/#breadcrumb"},"inLanguage":"fr-FR","potentialAction":[{"@type":"ReadAction","target":["https:\/\/cbriviera.it\/fr\/zones-touristiques\/bordighera-ventimiglia-et-environs\/"]}]},{"@type":"BreadcrumbList","@id":"https:\/\/cbriviera.it\/fr\/zones-touristiques\/bordighera-ventimiglia-et-environs\/#breadcrumb","itemListElement":[{"@type":"ListItem","position":1,"name":"Home","item":"https:\/\/cbriviera.it\/fr\/"},{"@type":"ListItem","position":2,"name":"La Riviera dei Fiori","item":"https:\/\/cbriviera.it\/fr\/zones-touristiques\/"},{"@type":"ListItem","position":3,"name":"Vintimille et Bordighera"}]},{"@type":"WebSite","@id":"https:\/\/cbriviera.it\/fr\/#website","url":"https:\/\/cbriviera.it\/fr\/","name":"Convention Bureau Riviera dei Fiori","description":"La Riviera dei Fiori, fra Terra e Mare","publisher":{"@id":"https:\/\/cbriviera.it\/fr\/#organization"},"potentialAction":[{"@type":"SearchAction","target":{"@type":"EntryPoint","urlTemplate":"https:\/\/cbriviera.it\/fr\/?s={search_term_string}"},"query-input":{"@type":"PropertyValueSpecification","valueRequired":true,"valueName":"search_term_string"}}],"inLanguage":"fr-FR"},{"@type":"Organization","@id":"https:\/\/cbriviera.it\/fr\/#organization","name":"Convention Bureau Riviera dei Fiori","url":"https:\/\/cbriviera.it\/fr\/","logo":{"@type":"ImageObject","inLanguage":"fr-FR","@id":"https:\/\/cbriviera.it\/fr\/#\/schema\/logo\/image\/","url":"https:\/\/cbriviera.it\/wp-content\/uploads\/2021\/07\/Rivieradeifiori-01.png","contentUrl":"https:\/\/cbriviera.it\/wp-content\/uploads\/2021\/07\/Rivieradeifiori-01.png","width":2612,"height":1058,"caption":"Convention Bureau Riviera dei Fiori"},"image":{"@id":"https:\/\/cbriviera.it\/fr\/#\/schema\/logo\/image\/"}}]}},"_links":{"self":[{"href":"https:\/\/cbriviera.it\/fr\/wp-json\/wp\/v2\/pages\/396","targetHints":{"allow":["GET"]}}],"collection":[{"href":"https:\/\/cbriviera.it\/fr\/wp-json\/wp\/v2\/pages"}],"about":[{"href":"https:\/\/cbriviera.it\/fr\/wp-json\/wp\/v2\/types\/page"}],"author":[{"embeddable":true,"href":"https:\/\/cbriviera.it\/fr\/wp-json\/wp\/v2\/users\/1"}],"replies":[{"embeddable":true,"href":"https:\/\/cbriviera.it\/fr\/wp-json\/wp\/v2\/comments?post=396"}],"version-history":[{"count":29,"href":"https:\/\/cbriviera.it\/fr\/wp-json\/wp\/v2\/pages\/396\/revisions"}],"predecessor-version":[{"id":4193,"href":"https:\/\/cbriviera.it\/fr\/wp-json\/wp\/v2\/pages\/396\/revisions\/4193"}],"up":[{"embeddable":true,"href":"https:\/\/cbriviera.it\/fr\/wp-json\/wp\/v2\/pages\/469"}],"wp:attachment":[{"href":"https:\/\/cbriviera.it\/fr\/wp-json\/wp\/v2\/media?parent=396"}],"curies":[{"name":"wp","href":"https:\/\/api.w.org\/{rel}","templated":true}]}}