{"id":3706,"date":"2021-12-01T12:31:15","date_gmt":"2021-12-01T11:31:15","guid":{"rendered":"https:\/\/cbriviera.it\/les-sites\/auditoriums-et-installations-de-conference\/"},"modified":"2021-12-03T13:54:12","modified_gmt":"2021-12-03T12:54:12","slug":"auditoriums-et-installations-de-conference","status":"publish","type":"page","link":"https:\/\/cbriviera.it\/fr\/les-sites\/auditoriums-et-installations-de-conference\/","title":{"rendered":"Auditoriums et installations de conf\u00e9rence"},"content":{"rendered":"<p>[et_pb_section fb_built=\u00a0\u00bb1&Prime; _builder_version=\u00a0\u00bb4.11.3&Prime; _module_preset=\u00a0\u00bbdefault\u00a0\u00bb background_color=\u00a0\u00bb#44a6d7&Prime; background_image=\u00a0\u00bbhttps:\/\/cbriviera.it\/wp-content\/uploads\/2021\/10\/CBRiviera-contenuti-banner-top-palafiori-02.jpg\u00a0\u00bb background_position=\u00a0\u00bbtop_center\u00a0\u00bb height=\u00a0\u00bb750px\u00a0\u00bb custom_margin=\u00a0\u00bb0px|0px|0px|0px|false|false\u00a0\u00bb custom_padding=\u00a0\u00bb0px|0px|0px|0px|false|false\u00a0\u00bb box_shadow_style=\u00a0\u00bbpreset3&Prime; box_shadow_vertical=\u00a0\u00bb0px\u00a0\u00bb box_shadow_spread=\u00a0\u00bb0px\u00a0\u00bb saved_tabs=\u00a0\u00bball\u00a0\u00bb global_colors_info=\u00a0\u00bb{}\u00a0\u00bb][\/et_pb_section][et_pb_section fb_built=\u00a0\u00bb1&Prime; _builder_version=\u00a0\u00bb4.10.7&Prime; _module_preset=\u00a0\u00bbdefault\u00a0\u00bb background_enable_color=\u00a0\u00bboff\u00a0\u00bb use_background_color_gradient=\u00a0\u00bbon\u00a0\u00bb background_color_gradient_start=\u00a0\u00bbrgba(68,166,221,0.02)\u00a0\u00bb background_color_gradient_end=\u00a0\u00bb#44a6d7&Prime; background_color_gradient_direction=\u00a0\u00bb294deg\u00a0\u00bb background_color_gradient_end_position=\u00a0\u00bb0%\u00a0\u00bb custom_margin=\u00a0\u00bb0px|0px|0px|0px|false|false\u00a0\u00bb custom_padding=\u00a0\u00bb0px|0px|0px|0px|false|false\u00a0\u00bb saved_tabs=\u00a0\u00bball\u00a0\u00bb global_colors_info=\u00a0\u00bb{}\u00a0\u00bb][et_pb_row _builder_version=\u00a0\u00bb4.10.7&Prime; _module_preset=\u00a0\u00bbdefault\u00a0\u00bb width=\u00a0\u00bb100%\u00a0\u00bb module_alignment=\u00a0\u00bbcenter\u00a0\u00bb custom_margin=\u00a0\u00bb0px|0px|0px|0px|false|false\u00a0\u00bb custom_padding=\u00a0\u00bb40px|0px|40px|0px|false|false\u00a0\u00bb global_colors_info=\u00a0\u00bb{}\u00a0\u00bb][et_pb_column type=\u00a0\u00bb4_4&Prime; _builder_version=\u00a0\u00bb4.10.7&Prime; _module_preset=\u00a0\u00bbdefault\u00a0\u00bb custom_padding=\u00a0\u00bb0px|0px|0px|0px|false|false\u00a0\u00bb global_colors_info=\u00a0\u00bb{}\u00a0\u00bb][et_pb_text admin_label=\u00a0\u00bbScopri La Riviera\u00a0\u00bb _builder_version=\u00a0\u00bb4.11.2&Prime; _module_preset=\u00a0\u00bbdefault\u00a0\u00bb text_font=\u00a0\u00bb||||||||\u00a0\u00bb header_font=\u00a0\u00bb||||||||\u00a0\u00bb background_layout=\u00a0\u00bbdark\u00a0\u00bb width=\u00a0\u00bb85%\u00a0\u00bb width_tablet=\u00a0\u00bb\u00a0\u00bb width_phone=\u00a0\u00bb87%\u00a0\u00bb width_last_edited=\u00a0\u00bbon|phone\u00a0\u00bb module_alignment=\u00a0\u00bbcenter\u00a0\u00bb custom_margin=\u00a0\u00bb0px|0px|0px|0px|false|false\u00a0\u00bb custom_padding=\u00a0\u00bb0px|0px|0px|0px|false|true\u00a0\u00bb header_font_size_tablet=\u00a0\u00bb\u00a0\u00bb header_font_size_phone=\u00a0\u00bb60px\u00a0\u00bb header_font_size_last_edited=\u00a0\u00bbon|phone\u00a0\u00bb global_colors_info=\u00a0\u00bb{}\u00a0\u00bb]<\/p>\n<h1 style=\"text-align: center;\">Auditoriums et installations de conf\u00e9rence<\/h1>\n<p style=\"text-align: center;\">[\/et_pb_text][\/et_pb_column][\/et_pb_row][\/et_pb_section][et_pb_section fb_built=\u00a0\u00bb1&Prime; disabled_on=\u00a0\u00bboff|off|off\u00a0\u00bb admin_label=\u00a0\u00bbDivisiore Vuoto\u00a0\u00bb _builder_version=\u00a0\u00bb4.11.2&Prime; _module_preset=\u00a0\u00bbdefault\u00a0\u00bb background_color=\u00a0\u00bbRGBA(0,0,0,0)\u00a0\u00bb width=\u00a0\u00bb100%\u00a0\u00bb module_alignment=\u00a0\u00bbcenter\u00a0\u00bb min_height=\u00a0\u00bb100px\u00a0\u00bb max_height=\u00a0\u00bb100px\u00a0\u00bb custom_margin=\u00a0\u00bb0px|0px|0px|0px|false|false\u00a0\u00bb custom_padding=\u00a0\u00bb0px|0px|0px|0px|false|false\u00a0\u00bb top_divider_height=\u00a0\u00bb0px\u00a0\u00bb global_module=\u00a0\u00bb786&Prime; saved_tabs=\u00a0\u00bball\u00a0\u00bb collapsed=\u00a0\u00bbon\u00a0\u00bb global_colors_info=\u00a0\u00bb{}\u00a0\u00bb][\/et_pb_section][et_pb_section fb_built=\u00a0\u00bb1&Prime; disabled_on=\u00a0\u00bboff|off|off\u00a0\u00bb _builder_version=\u00a0\u00bb4.10.7&Prime; _module_preset=\u00a0\u00bbdefault\u00a0\u00bb width=\u00a0\u00bb100%\u00a0\u00bb custom_margin=\u00a0\u00bb0px|0px|0px|0px|false|false\u00a0\u00bb custom_padding=\u00a0\u00bb0px|0px|0px|0px|false|false\u00a0\u00bb saved_tabs=\u00a0\u00bball\u00a0\u00bb global_colors_info=\u00a0\u00bb{}\u00a0\u00bb locked=\u00a0\u00bboff\u00a0\u00bb][et_pb_row column_structure=\u00a0\u00bb2_5,3_5&Prime; disabled_on=\u00a0\u00bboff|off|off\u00a0\u00bb _builder_version=\u00a0\u00bb4.11.2&Prime; _module_preset=\u00a0\u00bbdefault\u00a0\u00bb module_alignment=\u00a0\u00bbcenter\u00a0\u00bb custom_margin=\u00a0\u00bb0px|0px|0px|0px|false|false\u00a0\u00bb custom_padding=\u00a0\u00bb0px|5%|0px|5%|false|false\u00a0\u00bb global_colors_info=\u00a0\u00bb{}\u00a0\u00bb][et_pb_column type=\u00a0\u00bb2_5&Prime; _builder_version=\u00a0\u00bb4.10.7&Prime; _module_preset=\u00a0\u00bbdefault\u00a0\u00bb global_colors_info=\u00a0\u00bb{}\u00a0\u00bb][et_pb_image src=\u00a0\u00bbhttps:\/\/cbriviera.it\/wp-content\/uploads\/2021\/10\/CBRiviera-contenuti-teatri-foto-ariston-01-800&#215;1000-1.jpg\u00a0\u00bb title_text=\u00a0\u00bbCBRiviera-contenuti-teatri-foto-ariston-01-800&#215;1000&Prime; _builder_version=\u00a0\u00bb4.11.2&Prime; _module_preset=\u00a0\u00bbdefault\u00a0\u00bb global_colors_info=\u00a0\u00bb{}\u00a0\u00bb][\/et_pb_image][\/et_pb_column][et_pb_column type=\u00a0\u00bb3_5&Prime; _builder_version=\u00a0\u00bb4.10.7&Prime; _module_preset=\u00a0\u00bbdefault\u00a0\u00bb global_colors_info=\u00a0\u00bb{}\u00a0\u00bb][et_pb_text _builder_version=\u00a0\u00bb4.11.2&Prime; _module_preset=\u00a0\u00bbdefault\u00a0\u00bb max_width=\u00a0\u00bb100%\u00a0\u00bb module_alignment=\u00a0\u00bbcenter\u00a0\u00bb custom_margin=\u00a0\u00bb0px|0px|0px|0px|false|false\u00a0\u00bb custom_padding=\u00a0\u00bb0px|0px|0px|50px|false|false\u00a0\u00bb global_colors_info=\u00a0\u00bb{}\u00a0\u00bb]<\/p>\n<h2><span style=\"color: #5faac3;\">Sanremo<\/span><\/h2>\n<h2>Ariston<\/h2>\n<p style=\"text-align: justify;\">Connu dans le monde entier pour accueillir le festival de la chanson italienne, c&rsquo;est aussi un centre de conf\u00e9rence moderne capable de recevoir des \u00e9v\u00e9nements de toutes sortes dans toutes les salles : conf\u00e9rences, s\u00e9minaires, congr\u00e8s, expositions, spectacles, \u00e9v\u00e9nements de fitness, manifestations musicales, \u00e9missions de t\u00e9l\u00e9vision et \u00e9v\u00e9nements liturgiques. En partant de la salle pl\u00e9ni\u00e8re d&rsquo;une capacit\u00e9 de pr\u00e8s de 2 000 places r\u00e9parties en parterre, galerie et loges, \u00e0 laquelle peuvent s&rsquo;ajouter d&rsquo;autres salles de diff\u00e9rentes capacit\u00e9s pour r\u00e9pondre \u00e0 tous les besoins. Chaque salle est \u00e9quip\u00e9e de sc\u00e8nes, d&rsquo;\u00e9crans, d&rsquo;un syst\u00e8me \u00e9lectrique avec un panneau de contr\u00f4le centralis\u00e9, d&rsquo;un syst\u00e8me d&rsquo;amplification audio, d&rsquo;un syst\u00e8me audiovisuel et d&rsquo;une r\u00e9gie.<br \/>Dot\u00e9 de syst\u00e8mes technologiques modernes et fonctionnels, il est sans aucun doute le fleuron de toute la Riviera dei Fiori.<\/p>\n<p>[\/et_pb_text][\/et_pb_column][\/et_pb_row][\/et_pb_section][et_pb_section fb_built=\u00a0\u00bb1&Prime; disabled_on=\u00a0\u00bboff|off|off\u00a0\u00bb admin_label=\u00a0\u00bbDivisiore Vuoto\u00a0\u00bb _builder_version=\u00a0\u00bb4.11.2&Prime; _module_preset=\u00a0\u00bbdefault\u00a0\u00bb background_color=\u00a0\u00bbRGBA(0,0,0,0)\u00a0\u00bb width=\u00a0\u00bb100%\u00a0\u00bb module_alignment=\u00a0\u00bbcenter\u00a0\u00bb min_height=\u00a0\u00bb100px\u00a0\u00bb max_height=\u00a0\u00bb100px\u00a0\u00bb custom_margin=\u00a0\u00bb0px|0px|0px|0px|false|false\u00a0\u00bb custom_padding=\u00a0\u00bb0px|0px|0px|0px|false|false\u00a0\u00bb top_divider_height=\u00a0\u00bb0px\u00a0\u00bb saved_tabs=\u00a0\u00bball\u00a0\u00bb collapsed=\u00a0\u00bbon\u00a0\u00bb global_colors_info=\u00a0\u00bb{}\u00a0\u00bb][\/et_pb_section][et_pb_section fb_built=\u00a0\u00bb1&Prime; disabled_on=\u00a0\u00bboff|off|off\u00a0\u00bb _builder_version=\u00a0\u00bb4.10.7&Prime; _module_preset=\u00a0\u00bbdefault\u00a0\u00bb width=\u00a0\u00bb100%\u00a0\u00bb custom_margin=\u00a0\u00bb0px|0px|0px|0px|false|false\u00a0\u00bb custom_padding=\u00a0\u00bb0px|0px|0px|0px|false|false\u00a0\u00bb saved_tabs=\u00a0\u00bball\u00a0\u00bb global_colors_info=\u00a0\u00bb{}\u00a0\u00bb][et_pb_row column_structure=\u00a0\u00bb2_5,3_5&Prime; disabled_on=\u00a0\u00bboff|off|off\u00a0\u00bb _builder_version=\u00a0\u00bb4.11.2&Prime; _module_preset=\u00a0\u00bbdefault\u00a0\u00bb module_alignment=\u00a0\u00bbcenter\u00a0\u00bb custom_margin=\u00a0\u00bb0px|0px|0px|0px|false|false\u00a0\u00bb custom_padding=\u00a0\u00bb0px|5%|0px|5%|false|false\u00a0\u00bb global_colors_info=\u00a0\u00bb{}\u00a0\u00bb][et_pb_column type=\u00a0\u00bb2_5&Prime; _builder_version=\u00a0\u00bb4.10.7&Prime; _module_preset=\u00a0\u00bbdefault\u00a0\u00bb global_colors_info=\u00a0\u00bb{}\u00a0\u00bb][et_pb_image src=\u00a0\u00bbhttps:\/\/cbriviera.it\/wp-content\/uploads\/2021\/10\/CBRiviera-contenuti-teatri-foto-imperia-auditorium-cciaa-01-800&#215;1000-1.jpg\u00a0\u00bb title_text=\u00a0\u00bbCBRiviera-contenuti-teatri-foto-imperia-auditorium-cciaa-01-800&#215;1000&Prime; _builder_version=\u00a0\u00bb4.11.3&Prime; _module_preset=\u00a0\u00bbdefault\u00a0\u00bb global_colors_info=\u00a0\u00bb{}\u00a0\u00bb][\/et_pb_image][\/et_pb_column][et_pb_column type=\u00a0\u00bb3_5&Prime; _builder_version=\u00a0\u00bb4.10.7&Prime; _module_preset=\u00a0\u00bbdefault\u00a0\u00bb global_colors_info=\u00a0\u00bb{}\u00a0\u00bb][et_pb_text _builder_version=\u00a0\u00bb4.11.2&Prime; _module_preset=\u00a0\u00bbdefault\u00a0\u00bb max_width=\u00a0\u00bb100%\u00a0\u00bb module_alignment=\u00a0\u00bbcenter\u00a0\u00bb custom_margin=\u00a0\u00bb0px|0px|0px|0px|false|false\u00a0\u00bb custom_padding=\u00a0\u00bb0px|0px|0px|50px|false|false\u00a0\u00bb global_colors_info=\u00a0\u00bb{}\u00a0\u00bb]<\/p>\n<h2><span style=\"color: #5faac3;\">Imperia<\/span><\/h2>\n<h2>Auditorium Camera<\/h2>\n<h2>di Commercio<\/h2>\n<h2>delle Riviere di Liguria<\/h2>\n<p style=\"text-align: justify;\">L\u2019Auditorium Camera di Commercio delle Riviere di Liguria (Auditorium de la Chambre de Commerce des Rivieras de Ligurie), situ\u00e9 \u00e0 Imperia dans le centre d&rsquo;Oneglia, est un centre de conf\u00e9rence moderne d&rsquo;une importance fondamentale en mesure d\u2019enrichir l\u2019offre disponible en mati\u00e8re d&rsquo;espaces de rencontre propos\u00e9s. Sa polyvalence et l&rsquo;\u00e9quipement high-tech de la salle permettent d&rsquo;accueillir tout type d&rsquo;\u00e9v\u00e9nement : congr\u00e8s, s\u00e9minaires, pr\u00e9sentations, conf\u00e9rences, le tout dans un cadre \u00e9l\u00e9gant et exclusif.<\/p>\n<p>[\/et_pb_text][\/et_pb_column][\/et_pb_row][\/et_pb_section][et_pb_section fb_built=\u00a0\u00bb1&Prime; disabled_on=\u00a0\u00bboff|off|off\u00a0\u00bb admin_label=\u00a0\u00bbDivisiore Vuoto\u00a0\u00bb _builder_version=\u00a0\u00bb4.11.2&Prime; _module_preset=\u00a0\u00bbdefault\u00a0\u00bb background_color=\u00a0\u00bbRGBA(0,0,0,0)\u00a0\u00bb width=\u00a0\u00bb100%\u00a0\u00bb module_alignment=\u00a0\u00bbcenter\u00a0\u00bb min_height=\u00a0\u00bb100px\u00a0\u00bb max_height=\u00a0\u00bb100px\u00a0\u00bb custom_margin=\u00a0\u00bb0px|0px|0px|0px|false|false\u00a0\u00bb custom_padding=\u00a0\u00bb0px|0px|0px|0px|false|false\u00a0\u00bb top_divider_height=\u00a0\u00bb0px\u00a0\u00bb saved_tabs=\u00a0\u00bball\u00a0\u00bb collapsed=\u00a0\u00bbon\u00a0\u00bb global_colors_info=\u00a0\u00bb{}\u00a0\u00bb][\/et_pb_section][et_pb_section fb_built=\u00a0\u00bb1&Prime; disabled_on=\u00a0\u00bboff|off|off\u00a0\u00bb _builder_version=\u00a0\u00bb4.10.7&Prime; _module_preset=\u00a0\u00bbdefault\u00a0\u00bb width=\u00a0\u00bb100%\u00a0\u00bb custom_margin=\u00a0\u00bb0px|0px|0px|0px|false|false\u00a0\u00bb custom_padding=\u00a0\u00bb0px|0px|0px|0px|false|false\u00a0\u00bb saved_tabs=\u00a0\u00bball\u00a0\u00bb global_colors_info=\u00a0\u00bb{}\u00a0\u00bb][et_pb_row column_structure=\u00a0\u00bb2_5,3_5&Prime; disabled_on=\u00a0\u00bboff|off|off\u00a0\u00bb _builder_version=\u00a0\u00bb4.11.2&Prime; _module_preset=\u00a0\u00bbdefault\u00a0\u00bb module_alignment=\u00a0\u00bbcenter\u00a0\u00bb custom_margin=\u00a0\u00bb0px|0px|0px|0px|false|false\u00a0\u00bb custom_padding=\u00a0\u00bb0px|5%|0px|5%|false|false\u00a0\u00bb global_colors_info=\u00a0\u00bb{}\u00a0\u00bb][et_pb_column type=\u00a0\u00bb2_5&Prime; _builder_version=\u00a0\u00bb4.10.7&Prime; _module_preset=\u00a0\u00bbdefault\u00a0\u00bb global_colors_info=\u00a0\u00bb{}\u00a0\u00bb][et_pb_image src=\u00a0\u00bbhttps:\/\/cbriviera.it\/wp-content\/uploads\/2021\/10\/CBRiviera-contenuti-teatri-foto-imperia-auditorium-museo-navale-01-800&#215;1000-1.jpg\u00a0\u00bb title_text=\u00a0\u00bbCBRiviera-contenuti-teatri-foto-imperia-auditorium-museo-navale-01-800&#215;1000&Prime; _builder_version=\u00a0\u00bb4.11.3&Prime; _module_preset=\u00a0\u00bbdefault\u00a0\u00bb module_alignment=\u00a0\u00bbcenter\u00a0\u00bb global_colors_info=\u00a0\u00bb{}\u00a0\u00bb][\/et_pb_image][\/et_pb_column][et_pb_column type=\u00a0\u00bb3_5&Prime; _builder_version=\u00a0\u00bb4.10.7&Prime; _module_preset=\u00a0\u00bbdefault\u00a0\u00bb global_colors_info=\u00a0\u00bb{}\u00a0\u00bb][et_pb_text _builder_version=\u00a0\u00bb4.11.2&Prime; _module_preset=\u00a0\u00bbdefault\u00a0\u00bb max_width=\u00a0\u00bb100%\u00a0\u00bb module_alignment=\u00a0\u00bbcenter\u00a0\u00bb custom_margin=\u00a0\u00bb0px|0px|0px|0px|false|false\u00a0\u00bb custom_padding=\u00a0\u00bb0px|0px|0px|50px|false|false\u00a0\u00bb global_colors_info=\u00a0\u00bb{}\u00a0\u00bb]<\/p>\n<h2><span style=\"color: #5faac3;\">Imperia<\/span><\/h2>\n<h2>Auditorium Museo Navale<\/h2>\n<p style=\"text-align: justify;\">L\u2019Auditorium del Museo Navale (Auditorium du Mus\u00e9e Navale) situ\u00e9 \u00e0 l&rsquo;int\u00e9rieur du mus\u00e9e du m\u00eame nom, dans les anciens entrep\u00f4ts g\u00e9n\u00e9raux de Calata Anselmi \u00e0 Borgo Marina di Imperia Porto Maurizio, dispose de salles sur deux \u00e9tages o\u00f9 l&rsquo;on peut reparcourir l&rsquo;histoire et la m\u00e9moire de la tradition maritime locale, ainsi que l&rsquo;histoire d&rsquo;un pass\u00e9 glorieux, de la navigation \u00e0 l&rsquo;\u00e9poque de Christophe Colomb \u00e0 l&rsquo;\u00e9pop\u00e9e du Cap Horn en passant par les grandes explorations g\u00e9ographiques. L&rsquo;auditorium du Museo Navale, destin\u00e9 aux conf\u00e9rences et congr\u00e8s sur le th\u00e8me de la mer, est aussi un th\u00e9\u00e2tre qui accueille des \u00e9v\u00e9nements de prose, de cabaret et de musique dans un lieu exceptionnel.<\/p>\n<p>[\/et_pb_text][\/et_pb_column][\/et_pb_row][\/et_pb_section][et_pb_section fb_built=\u00a0\u00bb1&Prime; disabled_on=\u00a0\u00bboff|off|off\u00a0\u00bb admin_label=\u00a0\u00bbDivisiore Vuoto\u00a0\u00bb _builder_version=\u00a0\u00bb4.11.2&Prime; _module_preset=\u00a0\u00bbdefault\u00a0\u00bb background_color=\u00a0\u00bbRGBA(0,0,0,0)\u00a0\u00bb width=\u00a0\u00bb100%\u00a0\u00bb module_alignment=\u00a0\u00bbcenter\u00a0\u00bb min_height=\u00a0\u00bb100px\u00a0\u00bb max_height=\u00a0\u00bb100px\u00a0\u00bb custom_margin=\u00a0\u00bb0px|0px|0px|0px|false|false\u00a0\u00bb custom_padding=\u00a0\u00bb0px|0px|0px|0px|false|false\u00a0\u00bb top_divider_height=\u00a0\u00bb0px\u00a0\u00bb saved_tabs=\u00a0\u00bball\u00a0\u00bb collapsed=\u00a0\u00bbon\u00a0\u00bb global_colors_info=\u00a0\u00bb{}\u00a0\u00bb][\/et_pb_section][et_pb_section fb_built=\u00a0\u00bb1&Prime; disabled_on=\u00a0\u00bboff|off|off\u00a0\u00bb _builder_version=\u00a0\u00bb4.10.7&Prime; _module_preset=\u00a0\u00bbdefault\u00a0\u00bb width=\u00a0\u00bb100%\u00a0\u00bb custom_margin=\u00a0\u00bb0px|0px|0px|0px|false|false\u00a0\u00bb custom_padding=\u00a0\u00bb0px|0px|0px|0px|false|false\u00a0\u00bb saved_tabs=\u00a0\u00bball\u00a0\u00bb global_colors_info=\u00a0\u00bb{}\u00a0\u00bb][et_pb_row column_structure=\u00a0\u00bb2_5,3_5&Prime; disabled_on=\u00a0\u00bboff|off|off\u00a0\u00bb _builder_version=\u00a0\u00bb4.11.2&Prime; _module_preset=\u00a0\u00bbdefault\u00a0\u00bb module_alignment=\u00a0\u00bbcenter\u00a0\u00bb custom_margin=\u00a0\u00bb0px|0px|0px|0px|false|false\u00a0\u00bb custom_padding=\u00a0\u00bb0px|5%|0px|5%|false|false\u00a0\u00bb global_colors_info=\u00a0\u00bb{}\u00a0\u00bb][et_pb_column type=\u00a0\u00bb2_5&Prime; _builder_version=\u00a0\u00bb4.10.7&Prime; _module_preset=\u00a0\u00bbdefault\u00a0\u00bb global_colors_info=\u00a0\u00bb{}\u00a0\u00bb][et_pb_image src=\u00a0\u00bbhttps:\/\/cbriviera.it\/wp-content\/uploads\/2021\/10\/CBRiviera-contenuti-teatri-foto-sanremo-palafiori-01-800&#215;1000-1.jpg\u00a0\u00bb title_text=\u00a0\u00bbCBRiviera-contenuti-teatri-foto-sanremo-palafiori-01-800&#215;1000&Prime; _builder_version=\u00a0\u00bb4.11.3&Prime; _module_preset=\u00a0\u00bbdefault\u00a0\u00bb custom_margin=\u00a0\u00bb0px|0px|0px|0px|false|false\u00a0\u00bb custom_padding=\u00a0\u00bb0px|0px|0px|0px|false|false\u00a0\u00bb global_colors_info=\u00a0\u00bb{}\u00a0\u00bb][\/et_pb_image][\/et_pb_column][et_pb_column type=\u00a0\u00bb3_5&Prime; _builder_version=\u00a0\u00bb4.10.7&Prime; _module_preset=\u00a0\u00bbdefault\u00a0\u00bb global_colors_info=\u00a0\u00bb{}\u00a0\u00bb][et_pb_text _builder_version=\u00a0\u00bb4.11.2&Prime; _module_preset=\u00a0\u00bbdefault\u00a0\u00bb max_width=\u00a0\u00bb100%\u00a0\u00bb module_alignment=\u00a0\u00bbcenter\u00a0\u00bb custom_margin=\u00a0\u00bb0px|0px|0px|0px|false|false\u00a0\u00bb custom_padding=\u00a0\u00bb0px|0px|0px|50px|false|false\u00a0\u00bb global_colors_info=\u00a0\u00bb{}\u00a0\u00bb]<\/p>\n<h2><span style=\"color: #5faac3;\">Sanremo<\/span><\/h2>\n<h2>Palafiori<\/h2>\n<p style=\"text-align: justify;\">Le Palafiori est une structure dispos\u00e9e sur plusieurs \u00e9tages situ\u00e9e dans le centre de Sanremo, \u00e0 deux pas du Teatro Ariston. Il se pr\u00e9sente comme un espace de congr\u00e8s et d&rsquo;exposition, destin\u00e9 \u00e0 des conf\u00e9rences, des spectacles et des \u00e9v\u00e9nements en tout genre. Cette grande structure modulaire permet d&rsquo;organiser simultan\u00e9ment et en parfaite harmonie tout type d&rsquo;\u00e9v\u00e9nement, ainsi que des d\u00eeners de gala et des spectacles. Dot\u00e9 de tous les conforts n\u00e9cessaires \u00e0 la r\u00e9ussite d&rsquo;un \u00e9v\u00e9nement (parking interne, monte-charge, escaliers m\u00e9caniques, acc\u00e8s ais\u00e9 pour les personnes handicap\u00e9es), Palafiori a \u00e9t\u00e9 con\u00e7u comme une structure avant-gardiste, extr\u00eamement flexible, au service de l&rsquo;\u00e9v\u00e9nement.<\/p>\n<p>[\/et_pb_text][\/et_pb_column][\/et_pb_row][\/et_pb_section][et_pb_section fb_built=\u00a0\u00bb1&Prime; disabled_on=\u00a0\u00bboff|off|off\u00a0\u00bb admin_label=\u00a0\u00bbDivisiore Vuoto\u00a0\u00bb _builder_version=\u00a0\u00bb4.11.2&Prime; _module_preset=\u00a0\u00bbdefault\u00a0\u00bb background_color=\u00a0\u00bbRGBA(0,0,0,0)\u00a0\u00bb width=\u00a0\u00bb100%\u00a0\u00bb module_alignment=\u00a0\u00bbcenter\u00a0\u00bb min_height=\u00a0\u00bb100px\u00a0\u00bb max_height=\u00a0\u00bb100px\u00a0\u00bb custom_margin=\u00a0\u00bb0px|0px|0px|0px|false|false\u00a0\u00bb custom_padding=\u00a0\u00bb0px|0px|0px|0px|false|false\u00a0\u00bb top_divider_height=\u00a0\u00bb0px\u00a0\u00bb global_module=\u00a0\u00bb786&Prime; saved_tabs=\u00a0\u00bball\u00a0\u00bb collapsed=\u00a0\u00bbon\u00a0\u00bb global_colors_info=\u00a0\u00bb{}\u00a0\u00bb][\/et_pb_section][et_pb_section fb_built=\u00a0\u00bb1&Prime; _builder_version=\u00a0\u00bb4.10.7&Prime; _module_preset=\u00a0\u00bbdefault\u00a0\u00bb background_enable_color=\u00a0\u00bboff\u00a0\u00bb background_image=\u00a0\u00bbhttps:\/\/cbriviera.it\/wp-content\/uploads\/2021\/09\/cbriviera-home-banner-centrale-05.jpg\u00a0\u00bb background_size=\u00a0\u00bbinitial\u00a0\u00bb background_repeat=\u00a0\u00bbrepeat\u00a0\u00bb custom_margin=\u00a0\u00bb0px|0px|0px|0px|false|false\u00a0\u00bb custom_padding=\u00a0\u00bb0px|0px|250px|0px|false|false\u00a0\u00bb global_module=\u00a0\u00bb1069&Prime; saved_tabs=\u00a0\u00bball\u00a0\u00bb global_colors_info=\u00a0\u00bb{}\u00a0\u00bb][\/et_pb_section]<\/p>\n","protected":false},"excerpt":{"rendered":"<p>Auditoriums et installations de conf\u00e9rence Sanremo Ariston Connu dans le monde entier pour accueillir le festival de la chanson italienne, c&rsquo;est aussi un centre de conf\u00e9rence moderne capable de recevoir des \u00e9v\u00e9nements de toutes sortes dans toutes les salles : conf\u00e9rences, s\u00e9minaires, congr\u00e8s, expositions, spectacles, \u00e9v\u00e9nements de fitness, manifestations musicales, \u00e9missions de t\u00e9l\u00e9vision et \u00e9v\u00e9nements [&hellip;]<\/p>\n","protected":false},"author":1,"featured_media":0,"parent":3691,"menu_order":0,"comment_status":"closed","ping_status":"closed","template":"","meta":{"_et_pb_use_builder":"on","_et_pb_old_content":"","_et_gb_content_width":"","footnotes":""},"class_list":["post-3706","page","type-page","status-publish","hentry"],"yoast_head":"<!-- This site is optimized with the Yoast SEO plugin v27.4 - https:\/\/yoast.com\/product\/yoast-seo-wordpress\/ -->\n<title>Auditoriums et installations de conf\u00e9rence - Convention Bureau Riviera dei Fiori<\/title>\n<meta name=\"robots\" content=\"index, follow, max-snippet:-1, max-image-preview:large, max-video-preview:-1\" \/>\n<link rel=\"canonical\" href=\"https:\/\/cbriviera.it\/fr\/les-sites\/auditoriums-et-installations-de-conference\/\" \/>\n<meta property=\"og:locale\" content=\"fr_FR\" \/>\n<meta property=\"og:type\" content=\"article\" \/>\n<meta property=\"og:title\" content=\"Auditoriums et installations de conf\u00e9rence - Convention Bureau Riviera dei Fiori\" \/>\n<meta property=\"og:description\" content=\"Auditoriums et installations de conf\u00e9rence Sanremo Ariston Connu dans le monde entier pour accueillir le festival de la chanson italienne, c&#039;est aussi un centre de conf\u00e9rence moderne capable de recevoir des \u00e9v\u00e9nements de toutes sortes dans toutes les salles : conf\u00e9rences, s\u00e9minaires, congr\u00e8s, expositions, spectacles, \u00e9v\u00e9nements de fitness, manifestations musicales, \u00e9missions de t\u00e9l\u00e9vision et \u00e9v\u00e9nements [&hellip;]\" \/>\n<meta property=\"og:url\" content=\"https:\/\/cbriviera.it\/fr\/les-sites\/auditoriums-et-installations-de-conference\/\" \/>\n<meta property=\"og:site_name\" content=\"Convention Bureau Riviera dei Fiori\" \/>\n<meta property=\"article:modified_time\" content=\"2021-12-03T12:54:12+00:00\" \/>\n<meta name=\"twitter:card\" content=\"summary_large_image\" \/>\n<meta name=\"twitter:label1\" content=\"Dur\u00e9e de lecture estim\u00e9e\" \/>\n\t<meta name=\"twitter:data1\" content=\"9 minutes\" \/>\n<script type=\"application\/ld+json\" class=\"yoast-schema-graph\">{\"@context\":\"https:\\\/\\\/schema.org\",\"@graph\":[{\"@type\":\"WebPage\",\"@id\":\"https:\\\/\\\/cbriviera.it\\\/fr\\\/les-sites\\\/auditoriums-et-installations-de-conference\\\/\",\"url\":\"https:\\\/\\\/cbriviera.it\\\/fr\\\/les-sites\\\/auditoriums-et-installations-de-conference\\\/\",\"name\":\"Auditoriums et installations de conf\u00e9rence - Convention Bureau Riviera dei Fiori\",\"isPartOf\":{\"@id\":\"https:\\\/\\\/cbriviera.it\\\/fr\\\/#website\"},\"datePublished\":\"2021-12-01T11:31:15+00:00\",\"dateModified\":\"2021-12-03T12:54:12+00:00\",\"breadcrumb\":{\"@id\":\"https:\\\/\\\/cbriviera.it\\\/fr\\\/les-sites\\\/auditoriums-et-installations-de-conference\\\/#breadcrumb\"},\"inLanguage\":\"fr-FR\",\"potentialAction\":[{\"@type\":\"ReadAction\",\"target\":[\"https:\\\/\\\/cbriviera.it\\\/fr\\\/les-sites\\\/auditoriums-et-installations-de-conference\\\/\"]}]},{\"@type\":\"BreadcrumbList\",\"@id\":\"https:\\\/\\\/cbriviera.it\\\/fr\\\/les-sites\\\/auditoriums-et-installations-de-conference\\\/#breadcrumb\",\"itemListElement\":[{\"@type\":\"ListItem\",\"position\":1,\"name\":\"Home\",\"item\":\"https:\\\/\\\/cbriviera.it\\\/fr\\\/\"},{\"@type\":\"ListItem\",\"position\":2,\"name\":\"Les sites\",\"item\":\"https:\\\/\\\/cbriviera.it\\\/fr\\\/les-sites\\\/\"},{\"@type\":\"ListItem\",\"position\":3,\"name\":\"Auditoriums et installations de conf\u00e9rence\"}]},{\"@type\":\"WebSite\",\"@id\":\"https:\\\/\\\/cbriviera.it\\\/fr\\\/#website\",\"url\":\"https:\\\/\\\/cbriviera.it\\\/fr\\\/\",\"name\":\"Convention Bureau Riviera dei Fiori\",\"description\":\"La Riviera dei Fiori, fra Terra e Mare\",\"publisher\":{\"@id\":\"https:\\\/\\\/cbriviera.it\\\/fr\\\/#organization\"},\"potentialAction\":[{\"@type\":\"SearchAction\",\"target\":{\"@type\":\"EntryPoint\",\"urlTemplate\":\"https:\\\/\\\/cbriviera.it\\\/fr\\\/?s={search_term_string}\"},\"query-input\":{\"@type\":\"PropertyValueSpecification\",\"valueRequired\":true,\"valueName\":\"search_term_string\"}}],\"inLanguage\":\"fr-FR\"},{\"@type\":\"Organization\",\"@id\":\"https:\\\/\\\/cbriviera.it\\\/fr\\\/#organization\",\"name\":\"Convention Bureau Riviera dei Fiori\",\"url\":\"https:\\\/\\\/cbriviera.it\\\/fr\\\/\",\"logo\":{\"@type\":\"ImageObject\",\"inLanguage\":\"fr-FR\",\"@id\":\"https:\\\/\\\/cbriviera.it\\\/fr\\\/#\\\/schema\\\/logo\\\/image\\\/\",\"url\":\"https:\\\/\\\/cbriviera.it\\\/wp-content\\\/uploads\\\/2021\\\/07\\\/Rivieradeifiori-01.png\",\"contentUrl\":\"https:\\\/\\\/cbriviera.it\\\/wp-content\\\/uploads\\\/2021\\\/07\\\/Rivieradeifiori-01.png\",\"width\":2612,\"height\":1058,\"caption\":\"Convention Bureau Riviera dei Fiori\"},\"image\":{\"@id\":\"https:\\\/\\\/cbriviera.it\\\/fr\\\/#\\\/schema\\\/logo\\\/image\\\/\"}}]}<\/script>\n<!-- \/ Yoast SEO plugin. -->","yoast_head_json":{"title":"Auditoriums et installations de conf\u00e9rence - Convention Bureau Riviera dei Fiori","robots":{"index":"index","follow":"follow","max-snippet":"max-snippet:-1","max-image-preview":"max-image-preview:large","max-video-preview":"max-video-preview:-1"},"canonical":"https:\/\/cbriviera.it\/fr\/les-sites\/auditoriums-et-installations-de-conference\/","og_locale":"fr_FR","og_type":"article","og_title":"Auditoriums et installations de conf\u00e9rence - Convention Bureau Riviera dei Fiori","og_description":"Auditoriums et installations de conf\u00e9rence Sanremo Ariston Connu dans le monde entier pour accueillir le festival de la chanson italienne, c'est aussi un centre de conf\u00e9rence moderne capable de recevoir des \u00e9v\u00e9nements de toutes sortes dans toutes les salles : conf\u00e9rences, s\u00e9minaires, congr\u00e8s, expositions, spectacles, \u00e9v\u00e9nements de fitness, manifestations musicales, \u00e9missions de t\u00e9l\u00e9vision et \u00e9v\u00e9nements [&hellip;]","og_url":"https:\/\/cbriviera.it\/fr\/les-sites\/auditoriums-et-installations-de-conference\/","og_site_name":"Convention Bureau Riviera dei Fiori","article_modified_time":"2021-12-03T12:54:12+00:00","twitter_card":"summary_large_image","twitter_misc":{"Dur\u00e9e de lecture estim\u00e9e":"9 minutes"},"schema":{"@context":"https:\/\/schema.org","@graph":[{"@type":"WebPage","@id":"https:\/\/cbriviera.it\/fr\/les-sites\/auditoriums-et-installations-de-conference\/","url":"https:\/\/cbriviera.it\/fr\/les-sites\/auditoriums-et-installations-de-conference\/","name":"Auditoriums et installations de conf\u00e9rence - Convention Bureau Riviera dei Fiori","isPartOf":{"@id":"https:\/\/cbriviera.it\/fr\/#website"},"datePublished":"2021-12-01T11:31:15+00:00","dateModified":"2021-12-03T12:54:12+00:00","breadcrumb":{"@id":"https:\/\/cbriviera.it\/fr\/les-sites\/auditoriums-et-installations-de-conference\/#breadcrumb"},"inLanguage":"fr-FR","potentialAction":[{"@type":"ReadAction","target":["https:\/\/cbriviera.it\/fr\/les-sites\/auditoriums-et-installations-de-conference\/"]}]},{"@type":"BreadcrumbList","@id":"https:\/\/cbriviera.it\/fr\/les-sites\/auditoriums-et-installations-de-conference\/#breadcrumb","itemListElement":[{"@type":"ListItem","position":1,"name":"Home","item":"https:\/\/cbriviera.it\/fr\/"},{"@type":"ListItem","position":2,"name":"Les sites","item":"https:\/\/cbriviera.it\/fr\/les-sites\/"},{"@type":"ListItem","position":3,"name":"Auditoriums et installations de conf\u00e9rence"}]},{"@type":"WebSite","@id":"https:\/\/cbriviera.it\/fr\/#website","url":"https:\/\/cbriviera.it\/fr\/","name":"Convention Bureau Riviera dei Fiori","description":"La Riviera dei Fiori, fra Terra e Mare","publisher":{"@id":"https:\/\/cbriviera.it\/fr\/#organization"},"potentialAction":[{"@type":"SearchAction","target":{"@type":"EntryPoint","urlTemplate":"https:\/\/cbriviera.it\/fr\/?s={search_term_string}"},"query-input":{"@type":"PropertyValueSpecification","valueRequired":true,"valueName":"search_term_string"}}],"inLanguage":"fr-FR"},{"@type":"Organization","@id":"https:\/\/cbriviera.it\/fr\/#organization","name":"Convention Bureau Riviera dei Fiori","url":"https:\/\/cbriviera.it\/fr\/","logo":{"@type":"ImageObject","inLanguage":"fr-FR","@id":"https:\/\/cbriviera.it\/fr\/#\/schema\/logo\/image\/","url":"https:\/\/cbriviera.it\/wp-content\/uploads\/2021\/07\/Rivieradeifiori-01.png","contentUrl":"https:\/\/cbriviera.it\/wp-content\/uploads\/2021\/07\/Rivieradeifiori-01.png","width":2612,"height":1058,"caption":"Convention Bureau Riviera dei Fiori"},"image":{"@id":"https:\/\/cbriviera.it\/fr\/#\/schema\/logo\/image\/"}}]}},"_links":{"self":[{"href":"https:\/\/cbriviera.it\/fr\/wp-json\/wp\/v2\/pages\/3706","targetHints":{"allow":["GET"]}}],"collection":[{"href":"https:\/\/cbriviera.it\/fr\/wp-json\/wp\/v2\/pages"}],"about":[{"href":"https:\/\/cbriviera.it\/fr\/wp-json\/wp\/v2\/types\/page"}],"author":[{"embeddable":true,"href":"https:\/\/cbriviera.it\/fr\/wp-json\/wp\/v2\/users\/1"}],"replies":[{"embeddable":true,"href":"https:\/\/cbriviera.it\/fr\/wp-json\/wp\/v2\/comments?post=3706"}],"version-history":[{"count":11,"href":"https:\/\/cbriviera.it\/fr\/wp-json\/wp\/v2\/pages\/3706\/revisions"}],"predecessor-version":[{"id":4139,"href":"https:\/\/cbriviera.it\/fr\/wp-json\/wp\/v2\/pages\/3706\/revisions\/4139"}],"up":[{"embeddable":true,"href":"https:\/\/cbriviera.it\/fr\/wp-json\/wp\/v2\/pages\/3691"}],"wp:attachment":[{"href":"https:\/\/cbriviera.it\/fr\/wp-json\/wp\/v2\/media?parent=3706"}],"curies":[{"name":"wp","href":"https:\/\/api.w.org\/{rel}","templated":true}]}}