{"id":3654,"date":"2021-11-30T12:44:26","date_gmt":"2021-11-30T11:44:26","guid":{"rendered":"https:\/\/cbriviera.it\/zones-touristiques\/larriere-pays-de-la-riviera-dei-fiori\/"},"modified":"2021-12-03T15:59:37","modified_gmt":"2021-12-03T14:59:37","slug":"larriere-pays-de-la-riviera-dei-fiori","status":"publish","type":"page","link":"https:\/\/cbriviera.it\/fr\/zones-touristiques\/larriere-pays-de-la-riviera-dei-fiori\/","title":{"rendered":"L\u2019arri\u00e8re-pays de la Riviera dei Fiori"},"content":{"rendered":"<p>[et_pb_section fb_built=\u00a0\u00bb1&Prime; _builder_version=\u00a0\u00bb4.10.7&Prime; _module_preset=\u00a0\u00bbdefault\u00a0\u00bb background_color=\u00a0\u00bb#44a6d7&Prime; background_image=\u00a0\u00bbhttps:\/\/cbriviera.it\/wp-content\/uploads\/2021\/09\/CBRiviera-contenuti-banner-top-dolceacqua-01.jpg\u00a0\u00bb background_position=\u00a0\u00bbtop_center\u00a0\u00bb height=\u00a0\u00bb750px\u00a0\u00bb custom_margin=\u00a0\u00bb0px|0px|0px|0px|false|false\u00a0\u00bb custom_padding=\u00a0\u00bb0px|0px|0px|0px|false|false\u00a0\u00bb box_shadow_style=\u00a0\u00bbpreset3&Prime; box_shadow_vertical=\u00a0\u00bb0px\u00a0\u00bb box_shadow_spread=\u00a0\u00bb0px\u00a0\u00bb saved_tabs=\u00a0\u00bball\u00a0\u00bb global_colors_info=\u00a0\u00bb{}\u00a0\u00bb][\/et_pb_section][et_pb_section fb_built=\u00a0\u00bb1&Prime; _builder_version=\u00a0\u00bb4.10.7&Prime; _module_preset=\u00a0\u00bbdefault\u00a0\u00bb background_enable_color=\u00a0\u00bboff\u00a0\u00bb use_background_color_gradient=\u00a0\u00bbon\u00a0\u00bb background_color_gradient_start=\u00a0\u00bbrgba(68,166,221,0.02)\u00a0\u00bb background_color_gradient_end=\u00a0\u00bb#44a6d7&Prime; background_color_gradient_direction=\u00a0\u00bb294deg\u00a0\u00bb background_color_gradient_end_position=\u00a0\u00bb0%\u00a0\u00bb custom_margin=\u00a0\u00bb0px|0px|0px|0px|false|false\u00a0\u00bb custom_padding=\u00a0\u00bb0px|0px|0px|0px|false|false\u00a0\u00bb saved_tabs=\u00a0\u00bball\u00a0\u00bb global_colors_info=\u00a0\u00bb{}\u00a0\u00bb][et_pb_row _builder_version=\u00a0\u00bb4.10.7&Prime; _module_preset=\u00a0\u00bbdefault\u00a0\u00bb width=\u00a0\u00bb100%\u00a0\u00bb module_alignment=\u00a0\u00bbcenter\u00a0\u00bb custom_margin=\u00a0\u00bb0px|0px|0px|0px|false|false\u00a0\u00bb custom_padding=\u00a0\u00bb40px|0px|40px|0px|false|false\u00a0\u00bb global_colors_info=\u00a0\u00bb{}\u00a0\u00bb][et_pb_column type=\u00a0\u00bb4_4&Prime; _builder_version=\u00a0\u00bb4.10.7&Prime; _module_preset=\u00a0\u00bbdefault\u00a0\u00bb custom_padding=\u00a0\u00bb0px|0px|0px|0px|false|false\u00a0\u00bb global_colors_info=\u00a0\u00bb{}\u00a0\u00bb][et_pb_text admin_label=\u00a0\u00bbScopri La Riviera\u00a0\u00bb _builder_version=\u00a0\u00bb4.10.8&Prime; _module_preset=\u00a0\u00bbdefault\u00a0\u00bb text_font=\u00a0\u00bb||||||||\u00a0\u00bb header_font=\u00a0\u00bb||||||||\u00a0\u00bb background_layout=\u00a0\u00bbdark\u00a0\u00bb width=\u00a0\u00bb85%\u00a0\u00bb width_tablet=\u00a0\u00bb\u00a0\u00bb width_phone=\u00a0\u00bb87%\u00a0\u00bb width_last_edited=\u00a0\u00bbon|phone\u00a0\u00bb module_alignment=\u00a0\u00bbcenter\u00a0\u00bb custom_margin=\u00a0\u00bb0px|0px|0px|0px|false|false\u00a0\u00bb custom_padding=\u00a0\u00bb0px|0px|0px|0px|false|true\u00a0\u00bb header_font_size_tablet=\u00a0\u00bb\u00a0\u00bb header_font_size_phone=\u00a0\u00bb60px\u00a0\u00bb header_font_size_last_edited=\u00a0\u00bbon|phone\u00a0\u00bb global_colors_info=\u00a0\u00bb{}\u00a0\u00bb]<\/p>\n<h1 style=\"text-align: center;\">L\u2019arri\u00e8re-pays<\/h1>\n<p style=\"text-align: center;\">[\/et_pb_text][\/et_pb_column][\/et_pb_row][\/et_pb_section][et_pb_section fb_built=\u00a0\u00bb1&Prime; _builder_version=\u00a0\u00bb4.10.7&Prime; _module_preset=\u00a0\u00bbdefault\u00a0\u00bb width=\u00a0\u00bb100%\u00a0\u00bb module_alignment=\u00a0\u00bbcenter\u00a0\u00bb min_height=\u00a0\u00bb80px\u00a0\u00bb custom_margin=\u00a0\u00bb0px|0px|0px|0px|false|false\u00a0\u00bb custom_padding=\u00a0\u00bb15px|0px|0px|0px|false|false\u00a0\u00bb top_divider_height=\u00a0\u00bb0px\u00a0\u00bb box_shadow_style=\u00a0\u00bbpreset1&Prime; box_shadow_vertical=\u00a0\u00bb0px\u00a0\u00bb saved_tabs=\u00a0\u00bball\u00a0\u00bb global_colors_info=\u00a0\u00bb{}\u00a0\u00bb][et_pb_row _builder_version=\u00a0\u00bb4.10.7&Prime; _module_preset=\u00a0\u00bbdefault\u00a0\u00bb width=\u00a0\u00bb100%\u00a0\u00bb module_alignment=\u00a0\u00bbcenter\u00a0\u00bb custom_margin=\u00a0\u00bb0px|0px|0px|0px|false|false\u00a0\u00bb custom_padding=\u00a0\u00bb0px|0px|0px|0px|false|false\u00a0\u00bb global_colors_info=\u00a0\u00bb{}\u00a0\u00bb][et_pb_column type=\u00a0\u00bb4_4&Prime; _builder_version=\u00a0\u00bb4.10.7&Prime; _module_preset=\u00a0\u00bbdefault\u00a0\u00bb global_colors_info=\u00a0\u00bb{}\u00a0\u00bb][et_pb_text _builder_version=\u00a0\u00bb4.10.8&Prime; _module_preset=\u00a0\u00bbdefault\u00a0\u00bb text_orientation=\u00a0\u00bbcenter\u00a0\u00bb width=\u00a0\u00bb80%\u00a0\u00bb module_alignment=\u00a0\u00bbcenter\u00a0\u00bb custom_margin=\u00a0\u00bb5px|0px|0px|0px|false|false\u00a0\u00bb custom_padding=\u00a0\u00bb0px|0px|0px|0px|false|false\u00a0\u00bb header_2_font_size_tablet=\u00a0\u00bb\u00a0\u00bb header_2_font_size_phone=\u00a0\u00bb47px\u00a0\u00bb header_2_font_size_last_edited=\u00a0\u00bbon|phone\u00a0\u00bb global_colors_info=\u00a0\u00bb{}\u00a0\u00bb]<\/p>\n<h2 style=\"text-align: center;\">DE LA RIVIERA DEI FIORI<\/h2>\n<p>[\/et_pb_text][\/et_pb_column][\/et_pb_row][\/et_pb_section][et_pb_section fb_built=\u00a0\u00bb1&Prime; disabled_on=\u00a0\u00bboff|off|off\u00a0\u00bb admin_label=\u00a0\u00bbDivisiore Vuoto\u00a0\u00bb _builder_version=\u00a0\u00bb4.11.2&Prime; _module_preset=\u00a0\u00bbdefault\u00a0\u00bb background_color=\u00a0\u00bbRGBA(0,0,0,0)\u00a0\u00bb width=\u00a0\u00bb100%\u00a0\u00bb module_alignment=\u00a0\u00bbcenter\u00a0\u00bb min_height=\u00a0\u00bb100px\u00a0\u00bb max_height=\u00a0\u00bb100px\u00a0\u00bb custom_margin=\u00a0\u00bb0px|0px|0px|0px|false|false\u00a0\u00bb custom_padding=\u00a0\u00bb0px|0px|0px|0px|false|false\u00a0\u00bb top_divider_height=\u00a0\u00bb0px\u00a0\u00bb global_module=\u00a0\u00bb786&Prime; saved_tabs=\u00a0\u00bball\u00a0\u00bb collapsed=\u00a0\u00bbon\u00a0\u00bb global_colors_info=\u00a0\u00bb{}\u00a0\u00bb][\/et_pb_section][et_pb_section fb_built=\u00a0\u00bb1&Prime; disabled_on=\u00a0\u00bboff|off|off\u00a0\u00bb _builder_version=\u00a0\u00bb4.10.7&Prime; _module_preset=\u00a0\u00bbdefault\u00a0\u00bb width=\u00a0\u00bb100%\u00a0\u00bb custom_margin=\u00a0\u00bb0px|0px|0px|0px|false|false\u00a0\u00bb custom_padding=\u00a0\u00bb0px|0px|0px|0px|false|false\u00a0\u00bb saved_tabs=\u00a0\u00bball\u00a0\u00bb global_colors_info=\u00a0\u00bb{}\u00a0\u00bb][et_pb_row disabled_on=\u00a0\u00bboff|off|off\u00a0\u00bb _builder_version=\u00a0\u00bb4.10.7&Prime; _module_preset=\u00a0\u00bbdefault\u00a0\u00bb module_alignment=\u00a0\u00bbcenter\u00a0\u00bb custom_margin=\u00a0\u00bb0px|0px|0px|0px|false|false\u00a0\u00bb custom_padding=\u00a0\u00bb0px|5%|0px|5%|false|false\u00a0\u00bb global_colors_info=\u00a0\u00bb{}\u00a0\u00bb][et_pb_column type=\u00a0\u00bb4_4&Prime; _builder_version=\u00a0\u00bb4.10.7&Prime; _module_preset=\u00a0\u00bbdefault\u00a0\u00bb global_colors_info=\u00a0\u00bb{}\u00a0\u00bb][et_pb_text _builder_version=\u00a0\u00bb4.11.2&Prime; _module_preset=\u00a0\u00bbdefault\u00a0\u00bb max_width=\u00a0\u00bb100%\u00a0\u00bb module_alignment=\u00a0\u00bbcenter\u00a0\u00bb custom_margin=\u00a0\u00bb|0px|100px|0px|false|false\u00a0\u00bb custom_padding=\u00a0\u00bb0px|0px|0px|0px|false|false\u00a0\u00bb global_colors_info=\u00a0\u00bb{}\u00a0\u00bb]<\/p>\n<p style=\"text-align: justify;\">Nich\u00e9 entre la mer et les Alpes liguriennes, le territoire de la Riviera dei Fiori est divis\u00e9 en vall\u00e9es charg\u00e9es d&rsquo;histoire en raison de la position frontali\u00e8re de ce territoire et des voies de communication vers le nord par lesquelles transitaient d&rsquo;importantes marchandises, comme le sel. Pour se prot\u00e9ger des attaques des Sarrasins et des pirates, les habitants ne vivaient pas au bord de la mer, mais dans des villages m\u00e9di\u00e9vaux \u00e0 <strong>l&rsquo;int\u00e9rieur des terres,<\/strong> souvent \u00e0 flanc de montagne, cach\u00e9s derri\u00e8re de larges courbes, avec des maisons les unes sur les autres et des routes \u00e9troites en mont\u00e9e. <\/p>\n<p style=\"text-align: justify;\">C&rsquo;est un plaisir de visiter ces villages, de se promener dans les ruelles pittoresques, les carruggi, qui s&rsquo;entrecroisent les unes avec les autres cr\u00e9ant ainsi une atmosph\u00e8re typique de la Ligurie.<\/p>\n<p style=\"text-align: justify;\">Chaque vall\u00e9e a ses propres caract\u00e9ristiques, mais toutes ensemble elles forment le grand patrimoine que la Riviera occidentale a \u00e0 offrir \u00e0 ses h\u00f4tes, gr\u00e2ce \u00e0 la grande diversit\u00e9 de ses paysages, son riche pass\u00e9 historique, sa culture et ses richesses naturelles.<\/p>\n<p style=\"text-align: justify;\">Le Golfe de Diano offre un environnement caract\u00e9ris\u00e9 par une relation privil\u00e9gi\u00e9e avec le milieu marin, qui a une influence consid\u00e9rable non seulement du point de vue du paysage, mais aussi d&rsquo;un point de vue historique, gastronomique et culturel. Ici, on trouve des oliveraies en terrasse et une v\u00e9g\u00e9tation m\u00e9diterran\u00e9enne vari\u00e9e et parfum\u00e9e. Le climat, comme dans tout l&rsquo;extr\u00eame ouest, est particuli\u00e8rement doux. Parmi les villages les plus int\u00e9ressants, on peut citer Diano Castello, ancien centre f\u00e9odal datant de l&rsquo;an mille, qui appartenait historiquement au Comit\u00e9 d&rsquo;Albenga et ensuite aux Marquis de Clavesana, aujourd&rsquo;hui la patrie du Vermentino ligure, qui est c\u00e9l\u00e9br\u00e9 chaque ann\u00e9e, \u00e0 la mi-juillet, avec le Prix du m\u00eame nom.<\/p>\n<p>[\/et_pb_text][\/et_pb_column][\/et_pb_row][\/et_pb_section][et_pb_section fb_built=\u00a0\u00bb1&Prime; fullwidth=\u00a0\u00bbon\u00a0\u00bb _builder_version=\u00a0\u00bb4.10.7&Prime; _module_preset=\u00a0\u00bbdefault\u00a0\u00bb custom_margin=\u00a0\u00bb0px|0px|0px|0px|false|false\u00a0\u00bb custom_padding=\u00a0\u00bb0px|0px|0px|0px|false|false\u00a0\u00bb global_colors_info=\u00a0\u00bb{}\u00a0\u00bb][et_pb_fullwidth_image src=\u00a0\u00bbhttps:\/\/cbriviera.it\/wp-content\/uploads\/2021\/09\/CBRiviera-contenuti-foto-pieve-di-teco-01.jpg\u00a0\u00bb title_text=\u00a0\u00bbCBRiviera-contenuti-foto-pieve-di-teco-01&Prime; src_tablet=\u00a0\u00bbhttps:\/\/cbriviera.it\/wp-content\/uploads\/2021\/09\/CBRiviera-contenuti-foto-pieve-di-teco-01.jpg\u00a0\u00bb src_phone=\u00a0\u00bbhttps:\/\/cbriviera.it\/wp-content\/uploads\/2021\/10\/CBRiviera-contenuti-foto-pieve-di-teco-01-1000&#215;800-1.jpg\u00a0\u00bb src_last_edited=\u00a0\u00bbon|desktop\u00a0\u00bb _builder_version=\u00a0\u00bb4.11.2&Prime; _module_preset=\u00a0\u00bbdefault\u00a0\u00bb hover_enabled=\u00a0\u00bb0&Prime; global_colors_info=\u00a0\u00bb{}\u00a0\u00bb sticky_enabled=\u00a0\u00bb0&Prime;][\/et_pb_fullwidth_image][\/et_pb_section][et_pb_section fb_built=\u00a0\u00bb1&Prime; disabled_on=\u00a0\u00bboff|off|off\u00a0\u00bb _builder_version=\u00a0\u00bb4.10.7&Prime; _module_preset=\u00a0\u00bbdefault\u00a0\u00bb width=\u00a0\u00bb100%\u00a0\u00bb custom_margin=\u00a0\u00bb0px|0px|0px|0px|false|false\u00a0\u00bb custom_padding=\u00a0\u00bb0px|0px|0px|0px|false|false\u00a0\u00bb saved_tabs=\u00a0\u00bball\u00a0\u00bb global_colors_info=\u00a0\u00bb{}\u00a0\u00bb][et_pb_row disabled_on=\u00a0\u00bboff|off|off\u00a0\u00bb _builder_version=\u00a0\u00bb4.10.7&Prime; _module_preset=\u00a0\u00bbdefault\u00a0\u00bb module_alignment=\u00a0\u00bbcenter\u00a0\u00bb custom_margin=\u00a0\u00bb-1px|0px|0px|0px|false|false\u00a0\u00bb custom_padding=\u00a0\u00bb0px|5%|0px|5%|false|false\u00a0\u00bb global_colors_info=\u00a0\u00bb{}\u00a0\u00bb][et_pb_column type=\u00a0\u00bb4_4&Prime; _builder_version=\u00a0\u00bb4.10.7&Prime; _module_preset=\u00a0\u00bbdefault\u00a0\u00bb global_colors_info=\u00a0\u00bb{}\u00a0\u00bb][et_pb_text _builder_version=\u00a0\u00bb4.11.2&Prime; _module_preset=\u00a0\u00bbdefault\u00a0\u00bb max_width=\u00a0\u00bb100%\u00a0\u00bb module_alignment=\u00a0\u00bbcenter\u00a0\u00bb custom_margin=\u00a0\u00bb100px|0px|100px|0px|false|false\u00a0\u00bb custom_padding=\u00a0\u00bb0px|0px|0px|0px|false|false\u00a0\u00bb global_colors_info=\u00a0\u00bb{}\u00a0\u00bb]<\/p>\n<p style=\"text-align: justify;\">En continuant vers l&rsquo;ouest, la vall\u00e9e de l&rsquo;Impero, \u00e0 <strong>l&rsquo;int\u00e9rieur<\/strong> des terres d&rsquo;Imperia Oneglia, une voie de communication antique avec le Pi\u00e9mont voisin, est une succession d&rsquo;oliveraies, de vignobles, de murs en pierre s\u00e8che et de potagers, tous t\u00e9moins des traditions rurales. Les quatre communes de cette vall\u00e9e (Pontedassio, Lucinasco, Borgomaro et Chiusavecchia) sont des villages offrant des vues spectaculaires sur un paysage vert illimit\u00e9. La route principale relie Imperia au Colle di Nava et m\u00e8ne \u00e0 un centre important comme Pieve di Teco dans la vall\u00e9e de l&rsquo;Arroscia. C&rsquo;est l\u00e0 que se trouvent certains des sites les plus c\u00e9l\u00e8bres de la vall\u00e9e : le Teatro Salvini, un petit bijou datant de 1800 et connu comme le plus petit th\u00e9\u00e2tre du monde, le mus\u00e9e dioc\u00e9sain d&rsquo;art sacr\u00e9 de la haute vall\u00e9e de l&rsquo;Arroscia (abrit\u00e9 dans l&rsquo;\u00e9glise d\u00e9sacralis\u00e9e Madonna delle Ripa) et le Museo delle Maschere (mus\u00e9e des masques) d\u2019Ubaga. <\/p>\n<p style=\"text-align: justify;\">La vall\u00e9e Arroscia est une vall\u00e9e en forme de sourire, une destination touristique d&rsquo;une rare beaut\u00e9, avec l&rsquo;environnement classique de la vraie \u00ab montagne \u00bb : des \u00e9tendues de prairies ensoleill\u00e9es et les cinq cents hectares de for\u00eat de Rezzo, la plus grande h\u00eatraie de Ligurie avec des arbres majestueux et s\u00e9culaires, qui rendent la visite magique et riche en \u00e9motion.<\/p>\n<p style=\"text-align: justify;\">L&rsquo;<strong>arri\u00e8re-pays<\/strong> d&rsquo;Imperia Porto Maurizio est connu sous le nom de Val Prino, appel\u00e9e Val d&rsquo;Oro en raison de l\u2019abondance d&rsquo;oliviers et sa riche production d&rsquo;huile. Avec les communes de Dolcedo, Molini Prel\u00e0, Valloria et ses 142 portes peintes, Lecchiorre et ses c\u00e9l\u00e8bres petits lacs, Villatalla et Bellissimi, \u00e9galement connu sous le nom de U Paise di balui, le village des montgolfi\u00e8res en raison de la manifestation estivale annuelle organis\u00e9e et d\u00e9di\u00e9e \u00e0 ces grands a\u00e9ronefs, c&rsquo;est une vall\u00e9e aux multiples facettes. Les oliviers sont partout, immerg\u00e9s dans la v\u00e9g\u00e9tation m\u00e9diterran\u00e9enne ou cultiv\u00e9s sur les terrasses, v\u00e9ritables for\u00eats vert argent\u00e9 au parfum d&rsquo;huile enivrant et inoubliable. <\/p>\n<p style=\"text-align: justify;\">Dans ces r\u00e9gions, l&rsquo;huile est produite dans le respect d\u2019antiques proc\u00e9d\u00e9s, que vous pouvez d\u00e9couvrir en visitant l&rsquo;un des moulins \u00e0 huile artisanaux qui pars\u00e8ment les vall\u00e9es.<\/p>\n<p>[\/et_pb_text][\/et_pb_column][\/et_pb_row][\/et_pb_section][et_pb_section fb_built=\u00a0\u00bb1&Prime; disabled_on=\u00a0\u00bbon|on|off\u00a0\u00bb admin_label=\u00a0\u00bbBORDIGHERA\u00a0\u00bb _builder_version=\u00a0\u00bb4.10.7&Prime; _module_preset=\u00a0\u00bbdefault\u00a0\u00bb use_background_color_gradient=\u00a0\u00bbon\u00a0\u00bb background_color_gradient_start=\u00a0\u00bb#ffffff\u00a0\u00bb background_color_gradient_end=\u00a0\u00bbrgba(0,0,0,0)\u00a0\u00bb background_color_gradient_direction=\u00a0\u00bb294deg\u00a0\u00bb background_color_gradient_start_position=\u00a0\u00bb55%\u00a0\u00bb background_color_gradient_end_position=\u00a0\u00bb55%\u00a0\u00bb background_color_gradient_overlays_image=\u00a0\u00bbon\u00a0\u00bb background_image=\u00a0\u00bbhttps:\/\/cbriviera.it\/wp-content\/uploads\/2021\/09\/CBRiviera-contenuti-foto-cipressa-01.jpg\u00a0\u00bb background_size=\u00a0\u00bbcontain\u00a0\u00bb background_position=\u00a0\u00bbtop_left\u00a0\u00bb module_alignment=\u00a0\u00bbcenter\u00a0\u00bb custom_margin=\u00a0\u00bb0px|0px|0px|0px|false|false\u00a0\u00bb custom_padding=\u00a0\u00bb0px|0px|0px|0px|false|false\u00a0\u00bb top_divider_height=\u00a0\u00bb0px\u00a0\u00bb saved_tabs=\u00a0\u00bball\u00a0\u00bb global_colors_info=\u00a0\u00bb{}\u00a0\u00bb][et_pb_row _builder_version=\u00a0\u00bb4.10.7&Prime; _module_preset=\u00a0\u00bbdefault\u00a0\u00bb module_alignment=\u00a0\u00bbcenter\u00a0\u00bb custom_margin=\u00a0\u00bb0px|0px|0px|0px|false|false\u00a0\u00bb custom_padding=\u00a0\u00bb0px|5%|0px|5%|false|false\u00a0\u00bb global_colors_info=\u00a0\u00bb{}\u00a0\u00bb][et_pb_column type=\u00a0\u00bb4_4&Prime; _builder_version=\u00a0\u00bb4.10.7&Prime; _module_preset=\u00a0\u00bbdefault\u00a0\u00bb custom_padding=\u00a0\u00bb0px|0px|0px|0px|false|false\u00a0\u00bb global_colors_info=\u00a0\u00bb{}\u00a0\u00bb][et_pb_text _builder_version=\u00a0\u00bb4.11.2&Prime; _module_preset=\u00a0\u00bbdefault\u00a0\u00bb background_enable_color=\u00a0\u00bboff\u00a0\u00bb max_width=\u00a0\u00bb45%\u00a0\u00bb module_alignment=\u00a0\u00bbright\u00a0\u00bb custom_margin=\u00a0\u00bb0px|0px|0px|0px|false|false\u00a0\u00bb custom_padding=\u00a0\u00bb0px|0px|0px|0px|false|false\u00a0\u00bb global_colors_info=\u00a0\u00bb{}\u00a0\u00bb]<\/p>\n<p style=\"text-align: right;\">Entre Imperia et Taggia, dans l&rsquo;<strong>arri\u00e8re-pays<\/strong> imm\u00e9diat, se trouvent Civezza, Pietrabruna, Costarainera, Lingueglietta et Cipressa, avec de belles \u00e9glises romanes et baroques. Entour\u00e9s d&rsquo;oliviers dans un paysage doux, ces villages sont situ\u00e9s \u00e0 flanc de coteau.<\/p>\n<p>[\/et_pb_text][et_pb_text _builder_version=\u00a0\u00bb4.11.2&Prime; _module_preset=\u00a0\u00bbdefault\u00a0\u00bb background_enable_color=\u00a0\u00bboff\u00a0\u00bb max_width=\u00a0\u00bb55%\u00a0\u00bb module_alignment=\u00a0\u00bbright\u00a0\u00bb custom_margin=\u00a0\u00bb0px|0px|0px|0px|false|false\u00a0\u00bb custom_padding=\u00a0\u00bb0px|0px|0px|0px|false|false\u00a0\u00bb global_colors_info=\u00a0\u00bb{}\u00a0\u00bb]<\/p>\n<p style=\"text-align: right;\">Leur position dans le pass\u00e9 \u00e9tait probablement due aux pillages incessants des pirates sarrasins, comme en t\u00e9moignent les tours de guet qui sont encore debout. Les amateurs de cyclisme connaissent le nom de Costarainera et Cipressa \u00e0 cause de la c\u00e9l\u00e8bre mont\u00e9e, parcourue chaque ann\u00e9e par les coureurs de la course cycliste Milan-Sanremo, en mesure d\u2019offrir de grandes \u00e9motions.<\/p>\n<p>[\/et_pb_text][\/et_pb_column][\/et_pb_row][\/et_pb_section][et_pb_section fb_built=\u00a0\u00bb1&Prime; fullwidth=\u00a0\u00bbon\u00a0\u00bb disabled_on=\u00a0\u00bboff|off|on\u00a0\u00bb _builder_version=\u00a0\u00bb4.11.2&Prime; _module_preset=\u00a0\u00bbdefault\u00a0\u00bb global_colors_info=\u00a0\u00bb{}\u00a0\u00bb][et_pb_fullwidth_image src=\u00a0\u00bbhttps:\/\/cbriviera.it\/wp-content\/uploads\/2021\/09\/CBRiviera-contenuti-foto-cipressa-01.jpg\u00a0\u00bb title_text=\u00a0\u00bbCBRiviera-contenuti-foto-cipressa-01&Prime; src_tablet=\u00a0\u00bbhttps:\/\/cbriviera.it\/wp-content\/uploads\/2021\/09\/CBRiviera-contenuti-foto-cipressa-01.jpg\u00a0\u00bb src_phone=\u00a0\u00bbhttps:\/\/cbriviera.it\/wp-content\/uploads\/2021\/10\/CBRiviera-contenuti-foto-cipressa-01-1000&#215;800-1.jpg\u00a0\u00bb src_last_edited=\u00a0\u00bbon|phone\u00a0\u00bb disabled_on=\u00a0\u00bboff|off|off\u00a0\u00bb _builder_version=\u00a0\u00bb4.11.2&Prime; _module_preset=\u00a0\u00bbdefault\u00a0\u00bb hover_enabled=\u00a0\u00bb0&Prime; global_colors_info=\u00a0\u00bb{}\u00a0\u00bb sticky_enabled=\u00a0\u00bb0&Prime;][\/et_pb_fullwidth_image][\/et_pb_section][et_pb_section fb_built=\u00a0\u00bb1&Prime; disabled_on=\u00a0\u00bboff|off|on\u00a0\u00bb _builder_version=\u00a0\u00bb4.10.7&Prime; _module_preset=\u00a0\u00bbdefault\u00a0\u00bb width=\u00a0\u00bb100%\u00a0\u00bb custom_margin=\u00a0\u00bb0px|0px|0px|0px|false|false\u00a0\u00bb custom_padding=\u00a0\u00bb0px|0px|0px|0px|false|false\u00a0\u00bb saved_tabs=\u00a0\u00bball\u00a0\u00bb global_colors_info=\u00a0\u00bb{}\u00a0\u00bb][et_pb_row disabled_on=\u00a0\u00bboff|off|off\u00a0\u00bb _builder_version=\u00a0\u00bb4.10.7&Prime; _module_preset=\u00a0\u00bbdefault\u00a0\u00bb module_alignment=\u00a0\u00bbcenter\u00a0\u00bb custom_margin=\u00a0\u00bb0px|0px|0px|0px|false|false\u00a0\u00bb custom_padding=\u00a0\u00bb0px|5%|0px|5%|false|false\u00a0\u00bb global_colors_info=\u00a0\u00bb{}\u00a0\u00bb][et_pb_column type=\u00a0\u00bb4_4&Prime; _builder_version=\u00a0\u00bb4.10.7&Prime; _module_preset=\u00a0\u00bbdefault\u00a0\u00bb global_colors_info=\u00a0\u00bb{}\u00a0\u00bb][et_pb_text _builder_version=\u00a0\u00bb4.11.2&Prime; _module_preset=\u00a0\u00bbdefault\u00a0\u00bb max_width=\u00a0\u00bb100%\u00a0\u00bb module_alignment=\u00a0\u00bbcenter\u00a0\u00bb custom_margin=\u00a0\u00bb100px|0px||0px|false|false\u00a0\u00bb custom_padding=\u00a0\u00bb0px|0px|0px|0px|false|false\u00a0\u00bb global_colors_info=\u00a0\u00bb{}\u00a0\u00bb]<\/p>\n<p style=\"text-align: justify;\">Entre Imperia et Taggia, dans l&rsquo;<strong>arri\u00e8re-pays<\/strong> imm\u00e9diat, se trouvent Civezza, Pietrabruna, Costarainera, Lingueglietta et Cipressa, avec de belles \u00e9glises romanes et baroques. Entour\u00e9s d&rsquo;oliviers dans un paysage doux, ces villages sont situ\u00e9s \u00e0 flanc de coteau.<\/p>\n<p style=\"text-align: justify;\">Leur position dans le pass\u00e9 \u00e9tait probablement due aux pillages incessants des pirates sarrasins, comme en t\u00e9moignent les tours de guet qui sont encore debout. Les amateurs de cyclisme connaissent le nom de Costarainera et Cipressa \u00e0 cause de la c\u00e9l\u00e8bre mont\u00e9e, parcourue chaque ann\u00e9e par les coureurs de la course cycliste Milan-Sanremo, en mesure d\u2019offrir de grandes \u00e9motions.<\/p>\n<p>[\/et_pb_text][\/et_pb_column][\/et_pb_row][\/et_pb_section][et_pb_section fb_built=\u00a0\u00bb1&Prime; disabled_on=\u00a0\u00bboff|off|off\u00a0\u00bb _builder_version=\u00a0\u00bb4.10.7&Prime; _module_preset=\u00a0\u00bbdefault\u00a0\u00bb width=\u00a0\u00bb100%\u00a0\u00bb custom_margin=\u00a0\u00bb0px|0px|0px|0px|false|false\u00a0\u00bb custom_padding=\u00a0\u00bb0px|0px|0px|0px|false|false\u00a0\u00bb saved_tabs=\u00a0\u00bball\u00a0\u00bb global_colors_info=\u00a0\u00bb{}\u00a0\u00bb][et_pb_row disabled_on=\u00a0\u00bboff|off|off\u00a0\u00bb _builder_version=\u00a0\u00bb4.10.7&Prime; _module_preset=\u00a0\u00bbdefault\u00a0\u00bb module_alignment=\u00a0\u00bbcenter\u00a0\u00bb custom_margin=\u00a0\u00bb0px|0px|0px|0px|false|false\u00a0\u00bb custom_padding=\u00a0\u00bb0px|5%|0px|5%|false|false\u00a0\u00bb global_colors_info=\u00a0\u00bb{}\u00a0\u00bb][et_pb_column type=\u00a0\u00bb4_4&Prime; _builder_version=\u00a0\u00bb4.10.7&Prime; _module_preset=\u00a0\u00bbdefault\u00a0\u00bb global_colors_info=\u00a0\u00bb{}\u00a0\u00bb][et_pb_text _builder_version=\u00a0\u00bb4.11.2&Prime; _module_preset=\u00a0\u00bbdefault\u00a0\u00bb max_width=\u00a0\u00bb100%\u00a0\u00bb module_alignment=\u00a0\u00bbcenter\u00a0\u00bb custom_margin=\u00a0\u00bb100px|0px|100px|0px|false|false\u00a0\u00bb custom_padding=\u00a0\u00bb0px|0px|0px|0px|false|false\u00a0\u00bb global_colors_info=\u00a0\u00bb{}\u00a0\u00bb]<\/p>\n<p style=\"text-align: justify;\">Taggia et la vall\u00e9e de l&rsquo;Argentina sont le berceau de l&rsquo;olive AOP Taggiasca et de l&rsquo;huile d\u00e9j\u00e0 mentionn\u00e9e \u00e0 plusieurs reprises. Dans la vall\u00e9e de l&rsquo;Argentina, chaque village m\u00e9rite un arr\u00eat : Taggia m\u00e9rite le d\u00e9tour non seulement pour la fameuse huile Taggiasca, mais aussi pour ses nombreux couvents, ses \u00e9glises, ses palais m\u00e9di\u00e9vaux et du Rinascimento ; Badalucco, drapeau orange du Touring Club, est renomm\u00e9e pour son huile, ses murales et pour la f\u00eate du stockfish de la mi-septembre ; Montalto avec ses portails en ardoise ; Carpasio et le mus\u00e9e de la R\u00e9sistance ; Triora, un autre magnifique village m\u00e9di\u00e9val reconnu comme l&rsquo;un des plus beaux d&rsquo;Italie, c\u00e9l\u00e8bre pour les m\u00e9faits perp\u00e9tr\u00e9s par l&rsquo;Inquisition \u00e0 l&rsquo;encontre des femmes accus\u00e9es de sorcellerie, histoires que l&rsquo;on peut d\u00e9couvrir au Museo Etnografico e della Stregoneria (mus\u00e9e d&rsquo;ethnographie et de sorcellerie) de la ville ; enfin, Realdo et Verdeggia, domin\u00e9s par le Monte Saccarello (Mont Saccarel), deux villages alpins d&rsquo;une beaut\u00e9 unique et intacte.<\/p>\n<p>[\/et_pb_text][\/et_pb_column][\/et_pb_row][\/et_pb_section][et_pb_section fb_built=\u00a0\u00bb1&Prime; disabled_on=\u00a0\u00bbon|on|off\u00a0\u00bb admin_label=\u00a0\u00bbBORDIGHERA\u00a0\u00bb _builder_version=\u00a0\u00bb4.11.2&Prime; _module_preset=\u00a0\u00bbdefault\u00a0\u00bb use_background_color_gradient=\u00a0\u00bbon\u00a0\u00bb background_color_gradient_start=\u00a0\u00bbrgba(0,0,0,0)\u00a0\u00bb background_color_gradient_end=\u00a0\u00bb#ffffff\u00a0\u00bb background_color_gradient_direction=\u00a0\u00bb294deg\u00a0\u00bb background_color_gradient_start_position=\u00a0\u00bb45%\u00a0\u00bb background_color_gradient_end_position=\u00a0\u00bb45%\u00a0\u00bb background_color_gradient_overlays_image=\u00a0\u00bbon\u00a0\u00bb background_image=\u00a0\u00bbhttps:\/\/cbriviera.it\/wp-content\/uploads\/2021\/10\/CBRiviera-contenuti-foto-bussana-01.jpg\u00a0\u00bb background_size=\u00a0\u00bbcontain\u00a0\u00bb background_position=\u00a0\u00bbtop_right\u00a0\u00bb module_alignment=\u00a0\u00bbcenter\u00a0\u00bb custom_margin=\u00a0\u00bb0px|0px|0px|0px|false|false\u00a0\u00bb custom_padding=\u00a0\u00bb0px|0px|0px|0px|false|false\u00a0\u00bb top_divider_height=\u00a0\u00bb0px\u00a0\u00bb saved_tabs=\u00a0\u00bball\u00a0\u00bb global_colors_info=\u00a0\u00bb{}\u00a0\u00bb][et_pb_row _builder_version=\u00a0\u00bb4.10.7&Prime; _module_preset=\u00a0\u00bbdefault\u00a0\u00bb module_alignment=\u00a0\u00bbcenter\u00a0\u00bb custom_margin=\u00a0\u00bb0px|0px|0px|0px|false|false\u00a0\u00bb custom_padding=\u00a0\u00bb0px|5%|0px|5%|false|false\u00a0\u00bb global_colors_info=\u00a0\u00bb{}\u00a0\u00bb][et_pb_column type=\u00a0\u00bb4_4&Prime; _builder_version=\u00a0\u00bb4.10.7&Prime; _module_preset=\u00a0\u00bbdefault\u00a0\u00bb custom_padding=\u00a0\u00bb0px|0px|0px|0px|false|false\u00a0\u00bb global_colors_info=\u00a0\u00bb{}\u00a0\u00bb][et_pb_text _builder_version=\u00a0\u00bb4.11.2&Prime; _module_preset=\u00a0\u00bbdefault\u00a0\u00bb background_enable_color=\u00a0\u00bboff\u00a0\u00bb max_width=\u00a0\u00bb55%\u00a0\u00bb module_alignment=\u00a0\u00bbleft\u00a0\u00bb custom_margin=\u00a0\u00bb0px|0px|0px|0px|false|false\u00a0\u00bb custom_padding=\u00a0\u00bb0px|0px|0px|0px|false|false\u00a0\u00bb global_colors_info=\u00a0\u00bb{}\u00a0\u00bb]<\/p>\n<p>Un peu plus \u00e0 l&rsquo;est de Sanremo, dans <strong>les terres<\/strong>, les ruines de Bussana Vecchia, d\u00e9truites par le tremblement de terre de 1887, abritent aujourd&rsquo;hui de pr\u00e9cieux ateliers d&rsquo;artistes locaux et internationaux : un lieu unique o\u00f9 le visiteur aura l\u2019impression de remonter le temps<\/p>\n<p>[\/et_pb_text][et_pb_text _builder_version=\u00a0\u00bb4.11.2&Prime; _module_preset=\u00a0\u00bbdefault\u00a0\u00bb background_enable_color=\u00a0\u00bboff\u00a0\u00bb max_width=\u00a0\u00bb50%\u00a0\u00bb module_alignment=\u00a0\u00bbleft\u00a0\u00bb custom_margin=\u00a0\u00bb0px|0px|0px|0px|false|false\u00a0\u00bb custom_padding=\u00a0\u00bb0px|0px|0px|0px|false|false\u00a0\u00bb global_colors_info=\u00a0\u00bb{}\u00a0\u00bb]<\/p>\n<p>Ceriana, en revanche, date de l&rsquo;\u00e9poque de l&rsquo;Empire romain, avec des traditions, des coutumes et des traditions qui ont \u00e9t\u00e9 transmises jusqu&rsquo;\u00e0 aujourd&rsquo;hui, comme les anciens chants, connus des ethnomusicologues du monde entier, que l&rsquo;on peut entendre dans les rues du village pendant la Semaine Sainte.<\/p>\n<p>[\/et_pb_text][et_pb_text _builder_version=\u00a0\u00bb4.11.2&Prime; _module_preset=\u00a0\u00bbdefault\u00a0\u00bb background_enable_color=\u00a0\u00bboff\u00a0\u00bb max_width=\u00a0\u00bb45%\u00a0\u00bb module_alignment=\u00a0\u00bbleft\u00a0\u00bb custom_margin=\u00a0\u00bb0px|0px|0px|0px|false|false\u00a0\u00bb custom_padding=\u00a0\u00bb0px|0px|0px|0px|false|false\u00a0\u00bb global_colors_info=\u00a0\u00bb{}\u00a0\u00bb]<\/p>\n<p>Ceriana est la ville des Confr\u00e9ries, qui r\u00e9\u00e9voquent, chaque ann\u00e9e des rituels de d\u00e9votion religieuse entre le sacr\u00e9 et le profane.<\/p>\n<p>[\/et_pb_text][\/et_pb_column][\/et_pb_row][\/et_pb_section][et_pb_section fb_built=\u00a0\u00bb1&Prime; fullwidth=\u00a0\u00bbon\u00a0\u00bb disabled_on=\u00a0\u00bboff|off|on\u00a0\u00bb _builder_version=\u00a0\u00bb4.11.2&Prime; _module_preset=\u00a0\u00bbdefault\u00a0\u00bb global_colors_info=\u00a0\u00bb{}\u00a0\u00bb][et_pb_fullwidth_image src=\u00a0\u00bbhttps:\/\/cbriviera.it\/wp-content\/uploads\/2021\/10\/CBRiviera-contenuti-foto-bussana-01.jpg\u00a0\u00bb title_text=\u00a0\u00bbCBRiviera-contenuti-foto-bussana-01&Prime; src_tablet=\u00a0\u00bbhttps:\/\/cbriviera.it\/wp-content\/uploads\/2021\/10\/CBRiviera-contenuti-foto-bussana-01.jpg\u00a0\u00bb src_phone=\u00a0\u00bbhttps:\/\/cbriviera.it\/wp-content\/uploads\/2021\/10\/CBRiviera-contenuti-foto-bussana-01-1000&#215;800-1.jpg\u00a0\u00bb src_last_edited=\u00a0\u00bbon|phone\u00a0\u00bb disabled_on=\u00a0\u00bboff|off|off\u00a0\u00bb _builder_version=\u00a0\u00bb4.11.2&Prime; _module_preset=\u00a0\u00bbdefault\u00a0\u00bb hover_enabled=\u00a0\u00bb0&Prime; global_colors_info=\u00a0\u00bb{}\u00a0\u00bb sticky_enabled=\u00a0\u00bb0&Prime;][\/et_pb_fullwidth_image][\/et_pb_section][et_pb_section fb_built=\u00a0\u00bb1&Prime; disabled_on=\u00a0\u00bboff|off|on\u00a0\u00bb _builder_version=\u00a0\u00bb4.10.7&Prime; _module_preset=\u00a0\u00bbdefault\u00a0\u00bb width=\u00a0\u00bb100%\u00a0\u00bb custom_margin=\u00a0\u00bb0px|0px|0px|0px|false|false\u00a0\u00bb custom_padding=\u00a0\u00bb0px|0px|0px|0px|false|false\u00a0\u00bb saved_tabs=\u00a0\u00bball\u00a0\u00bb global_colors_info=\u00a0\u00bb{}\u00a0\u00bb][et_pb_row disabled_on=\u00a0\u00bboff|off|off\u00a0\u00bb _builder_version=\u00a0\u00bb4.10.7&Prime; _module_preset=\u00a0\u00bbdefault\u00a0\u00bb module_alignment=\u00a0\u00bbcenter\u00a0\u00bb custom_margin=\u00a0\u00bb0px|0px|0px|0px|false|false\u00a0\u00bb custom_padding=\u00a0\u00bb0px|5%|0px|5%|false|false\u00a0\u00bb global_colors_info=\u00a0\u00bb{}\u00a0\u00bb][et_pb_column type=\u00a0\u00bb4_4&Prime; _builder_version=\u00a0\u00bb4.10.7&Prime; _module_preset=\u00a0\u00bbdefault\u00a0\u00bb global_colors_info=\u00a0\u00bb{}\u00a0\u00bb][et_pb_text _builder_version=\u00a0\u00bb4.11.2&Prime; _module_preset=\u00a0\u00bbdefault\u00a0\u00bb max_width=\u00a0\u00bb100%\u00a0\u00bb module_alignment=\u00a0\u00bbcenter\u00a0\u00bb custom_margin=\u00a0\u00bb100px|0px||0px|false|false\u00a0\u00bb custom_padding=\u00a0\u00bb0px|0px|0px|0px|false|false\u00a0\u00bb global_colors_info=\u00a0\u00bb{}\u00a0\u00bb]<\/p>\n<p style=\"text-align: justify;\">Un peu plus \u00e0 l&rsquo;est de Sanremo, dans <strong>les terres<\/strong>, les ruines de Bussana Vecchia, d\u00e9truites par le tremblement de terre de 1887, abritent aujourd&rsquo;hui de pr\u00e9cieux ateliers d&rsquo;artistes locaux et internationaux : un lieu unique o\u00f9 le visiteur aura l\u2019impression de remonter le temps Ceriana, en revanche, date de l&rsquo;\u00e9poque de l&rsquo;Empire romain, avec des traditions, des coutumes et des traditions qui ont \u00e9t\u00e9 transmises jusqu&rsquo;\u00e0 aujourd&rsquo;hui, comme les anciens chants, connus des ethnomusicologues du monde entier, que l&rsquo;on peut entendre dans les rues du village pendant la Semaine Sainte. Ceriana est la ville des Confr\u00e9ries, qui r\u00e9\u00e9voquent, chaque ann\u00e9e des rituels de d\u00e9votion religieuse entre le sacr\u00e9 et le profane.<\/p>\n<p>[\/et_pb_text][\/et_pb_column][\/et_pb_row][\/et_pb_section][et_pb_section fb_built=\u00a0\u00bb1&Prime; disabled_on=\u00a0\u00bboff|off|off\u00a0\u00bb admin_label=\u00a0\u00bbDivisiore Vuoto\u00a0\u00bb _builder_version=\u00a0\u00bb4.10.7&Prime; _module_preset=\u00a0\u00bbdefault\u00a0\u00bb width=\u00a0\u00bb100%\u00a0\u00bb module_alignment=\u00a0\u00bbcenter\u00a0\u00bb min_height=\u00a0\u00bb100px\u00a0\u00bb max_height=\u00a0\u00bb100px\u00a0\u00bb custom_margin=\u00a0\u00bb0px|0px|0px|0px|false|false\u00a0\u00bb custom_padding=\u00a0\u00bb0px|0px|0px|0px|false|false\u00a0\u00bb top_divider_height=\u00a0\u00bb0px\u00a0\u00bb saved_tabs=\u00a0\u00bball\u00a0\u00bb collapsed=\u00a0\u00bbon\u00a0\u00bb global_colors_info=\u00a0\u00bb{}\u00a0\u00bb][\/et_pb_section][et_pb_section fb_built=\u00a0\u00bb1&Prime; disabled_on=\u00a0\u00bboff|off|off\u00a0\u00bb _builder_version=\u00a0\u00bb4.10.7&Prime; _module_preset=\u00a0\u00bbdefault\u00a0\u00bb width=\u00a0\u00bb100%\u00a0\u00bb custom_margin=\u00a0\u00bb0px|0px|0px|0px|false|false\u00a0\u00bb custom_padding=\u00a0\u00bb0px|0px|0px|0px|false|false\u00a0\u00bb saved_tabs=\u00a0\u00bball\u00a0\u00bb global_colors_info=\u00a0\u00bb{}\u00a0\u00bb][et_pb_row disabled_on=\u00a0\u00bboff|off|off\u00a0\u00bb _builder_version=\u00a0\u00bb4.10.7&Prime; _module_preset=\u00a0\u00bbdefault\u00a0\u00bb module_alignment=\u00a0\u00bbcenter\u00a0\u00bb custom_margin=\u00a0\u00bb0px|0px|0px|0px|false|false\u00a0\u00bb custom_padding=\u00a0\u00bb0px|5%|0px|5%|false|false\u00a0\u00bb global_colors_info=\u00a0\u00bb{}\u00a0\u00bb][et_pb_column type=\u00a0\u00bb4_4&Prime; _builder_version=\u00a0\u00bb4.10.7&Prime; _module_preset=\u00a0\u00bbdefault\u00a0\u00bb global_colors_info=\u00a0\u00bb{}\u00a0\u00bb][et_pb_text _builder_version=\u00a0\u00bb4.11.2&Prime; _module_preset=\u00a0\u00bbdefault\u00a0\u00bb max_width=\u00a0\u00bb100%\u00a0\u00bb module_alignment=\u00a0\u00bbcenter\u00a0\u00bb custom_margin=\u00a0\u00bb0px|0px|100px|0px|false|false\u00a0\u00bb custom_padding=\u00a0\u00bb0px|0px|0px|0px|false|false\u00a0\u00bb global_colors_info=\u00a0\u00bb{}\u00a0\u00bb]<\/p>\n<p style=\"text-align: justify;\">Baiardo est un ancien site celtique. Ici, la f\u00eate du roi Barca, \u00e9galement mentionn\u00e9e par Italo Calvino dans ses \u00e9crits, perdure depuis le Moyen \u00c2ge et a toujours lieu \u00e0 l&rsquo;occasion de la Pentec\u00f4te avec des danses et des chants propitiatoires.<\/p>\n<p style=\"text-align: justify;\">\u00c0 partir de Sanremo, l&rsquo;<strong>arri\u00e8re-pays<\/strong> est particuli\u00e8rement d\u00e9di\u00e9 non pas \u00e0 la production d&rsquo;huile, bien que celle-ci soit encore pr\u00e9sente, mais \u00e0 la culture des fleurs et des plantes ornementales. On y produit notamment des \u0153illets, des roses, des renoncules, des mimosas, des gen\u00eats et des fragons, ce qui a amen\u00e9 la ville de Matuziana \u00e0 \u00eatre consid\u00e9r\u00e9e comme le centre de la production florale italienne. C\u2019est cette ville des fleurs a ensuite donn\u00e9 son nom \u00e0 tout le territoire de la Riviera dei Fiori. Il est possible d\u2019y apercevoir d&rsquo;innombrables terrasses avec des serres, visibles aussi depuis l&rsquo;autoroute. <\/p>\n<p style=\"text-align: justify;\">Derri\u00e8re Sanremo, Coldirodi, avec la Pinacoteca Rambaldi de Villa Luca et le beau parc de San Romolo, est l&rsquo;endroit id\u00e9al pour trouver la fra\u00eecheur tout au long de l&rsquo;\u00e9t\u00e9 et pour organiser d&rsquo;agr\u00e9ables pique-niques.<\/p>\n<p>[\/et_pb_text][\/et_pb_column][\/et_pb_row][\/et_pb_section][et_pb_section fb_built=\u00a0\u00bb1&Prime; disabled_on=\u00a0\u00bboff|off|off\u00a0\u00bb _builder_version=\u00a0\u00bb4.10.7&Prime; _module_preset=\u00a0\u00bbdefault\u00a0\u00bb width=\u00a0\u00bb100%\u00a0\u00bb custom_margin=\u00a0\u00bb0px|0px|0px|0px|false|false\u00a0\u00bb custom_padding=\u00a0\u00bb0px|0px|0px|0px|false|false\u00a0\u00bb saved_tabs=\u00a0\u00bball\u00a0\u00bb global_colors_info=\u00a0\u00bb{}\u00a0\u00bb][et_pb_row disabled_on=\u00a0\u00bboff|off|off\u00a0\u00bb _builder_version=\u00a0\u00bb4.10.7&Prime; _module_preset=\u00a0\u00bbdefault\u00a0\u00bb module_alignment=\u00a0\u00bbcenter\u00a0\u00bb custom_margin=\u00a0\u00bb0px|0px|0px|0px|false|false\u00a0\u00bb custom_padding=\u00a0\u00bb0px|5%|0px|5%|false|false\u00a0\u00bb global_colors_info=\u00a0\u00bb{}\u00a0\u00bb][et_pb_column type=\u00a0\u00bb4_4&Prime; _builder_version=\u00a0\u00bb4.10.7&Prime; _module_preset=\u00a0\u00bbdefault\u00a0\u00bb global_colors_info=\u00a0\u00bb{}\u00a0\u00bb][et_pb_text _builder_version=\u00a0\u00bb4.11.2&Prime; _module_preset=\u00a0\u00bbdefault\u00a0\u00bb max_width=\u00a0\u00bb100%\u00a0\u00bb module_alignment=\u00a0\u00bbcenter\u00a0\u00bb custom_margin=\u00a0\u00bb0px|0px|100px|0px|false|false\u00a0\u00bb custom_padding=\u00a0\u00bb0px|0px|0px|0px|false|false\u00a0\u00bb global_colors_info=\u00a0\u00bb{}\u00a0\u00bb]<\/p>\n<p style=\"text-align: justify;\">Plus loin, la ville de Seborga, ou plut\u00f4t l&rsquo;ancienne \u00ab Principaut\u00e9 de Seborga \u00bb, situ\u00e9e au-dessus de la belle Bordighera, est un lieu insolite o\u00f9 l&rsquo;histoire est toujours pr\u00e9sente. L&rsquo;\u00e9glise de San Martino, au centre du village, les prisons, la belle vue sur la Riviera dei Fiori et la C\u00f4te d&rsquo;Azur, la monnaie locale, les Luigini sont autant d\u2019aspects de Seborga qui ont permis \u00e0 cette commune d&rsquo;obtenir le drapeau orange du Touring Club et de figurer parmi les plus beaux villages d&rsquo;Italie. Toujours \u00e0 l&rsquo;<strong>int\u00e9rieur des terres<\/strong>, au-dessus de Bordighera, \u00e0 Vallebona, connue pour son c\u00e9l\u00e8bre Piatti Center, un centre de tennis d&rsquo;excellence o\u00f9 s&rsquo;entra\u00eenent de nombreux champions internationaux, on d\u00e9couvre un v\u00e9ritable joyau et un Presidio Slow Food : l&rsquo;eau de fleur d\u2019oranger amer \u00e0 la base de la pr\u00e9paration de nombreux desserts.<\/p>\n<p>[\/et_pb_text][\/et_pb_column][\/et_pb_row][\/et_pb_section][et_pb_section fb_built=\u00a0\u00bb1&Prime; fullwidth=\u00a0\u00bbon\u00a0\u00bb _builder_version=\u00a0\u00bb4.11.2&Prime; _module_preset=\u00a0\u00bbdefault\u00a0\u00bb global_colors_info=\u00a0\u00bb{}\u00a0\u00bb][et_pb_fullwidth_image src=\u00a0\u00bbhttps:\/\/cbriviera.it\/wp-content\/uploads\/2021\/09\/CBRiviera-contenuti-foto-perinaldo-01.jpg\u00a0\u00bb title_text=\u00a0\u00bbCBRiviera-contenuti-foto-perinaldo-01&Prime; src_tablet=\u00a0\u00bbhttps:\/\/cbriviera.it\/wp-content\/uploads\/2021\/09\/CBRiviera-contenuti-foto-perinaldo-01.jpg\u00a0\u00bb src_phone=\u00a0\u00bbhttps:\/\/cbriviera.it\/wp-content\/uploads\/2021\/10\/CBRiviera-contenuti-foto-cervo-01-1000&#215;800-1.jpg\u00a0\u00bb src_last_edited=\u00a0\u00bbon|phone\u00a0\u00bb _builder_version=\u00a0\u00bb4.11.2&Prime; _module_preset=\u00a0\u00bbdefault\u00a0\u00bb hover_enabled=\u00a0\u00bb0&Prime; global_colors_info=\u00a0\u00bb{}\u00a0\u00bb sticky_enabled=\u00a0\u00bb0&Prime;][\/et_pb_fullwidth_image][\/et_pb_section][et_pb_section fb_built=\u00a0\u00bb1&Prime; disabled_on=\u00a0\u00bboff|off|off\u00a0\u00bb _builder_version=\u00a0\u00bb4.10.7&Prime; _module_preset=\u00a0\u00bbdefault\u00a0\u00bb width=\u00a0\u00bb100%\u00a0\u00bb custom_margin=\u00a0\u00bb0px|0px|0px|0px|false|false\u00a0\u00bb custom_padding=\u00a0\u00bb0px|0px|0px|0px|false|false\u00a0\u00bb saved_tabs=\u00a0\u00bball\u00a0\u00bb global_colors_info=\u00a0\u00bb{}\u00a0\u00bb][et_pb_row disabled_on=\u00a0\u00bboff|off|off\u00a0\u00bb _builder_version=\u00a0\u00bb4.10.7&Prime; _module_preset=\u00a0\u00bbdefault\u00a0\u00bb module_alignment=\u00a0\u00bbcenter\u00a0\u00bb custom_margin=\u00a0\u00bb0px|0px|0px|0px|false|false\u00a0\u00bb custom_padding=\u00a0\u00bb0px|5%|0px|5%|false|false\u00a0\u00bb global_colors_info=\u00a0\u00bb{}\u00a0\u00bb][et_pb_column type=\u00a0\u00bb4_4&Prime; _builder_version=\u00a0\u00bb4.10.7&Prime; _module_preset=\u00a0\u00bbdefault\u00a0\u00bb global_colors_info=\u00a0\u00bb{}\u00a0\u00bb][et_pb_text _builder_version=\u00a0\u00bb4.11.2&Prime; _module_preset=\u00a0\u00bbdefault\u00a0\u00bb max_width=\u00a0\u00bb100%\u00a0\u00bb module_alignment=\u00a0\u00bbcenter\u00a0\u00bb custom_margin=\u00a0\u00bb100px|0px|100px|0px|false|false\u00a0\u00bb custom_padding=\u00a0\u00bb0px|0px|0px|0px|false|false\u00a0\u00bb global_colors_info=\u00a0\u00bb{}\u00a0\u00bb]<\/p>\n<p style=\"text-align: justify;\">Enfin, notre itin\u00e9raire arrive au Val Crosia qui, avec le Val Nervia, partage un record d&rsquo;excellence : la production du vin Rossese, qui depuis 1972 est \u00e9galement la premi\u00e8re AOC de Ligurie. Le Val Crosia abrite des villages int\u00e9ressants, qui m\u00e9ritent tous d&rsquo;\u00eatre visit\u00e9s, comme San Biagio della Cima, lieu de naissance de l&rsquo;\u00e9crivain Francesco Biamonti, auquel est d\u00e9di\u00e9 l&rsquo;\u00e9v\u00e9nement \u00ab D&rsquo;autunno Francesco \u00bb ; Soldano avec ses caves \u00e0 vin de Rossese ; Perinaldo avec son observatoire astronomique d\u00e9di\u00e9 \u00e0 Giandomenico Cassini, le c\u00e9l\u00e8bre astronome et sp\u00e9cialiste des anneaux de Saturne et de Jupiter. \u00c0 l&rsquo;int\u00e9rieur du ch\u00e2teau Marvaldi, \u00e0 Perinaldo, on raconte qu&rsquo;il existait une cabale tr\u00e8s puissante, qui a amen\u00e9 Napol\u00e9on Bonaparte \u00e0 visiter ces lieux. C&rsquo;est \u00e0 lui que l&rsquo;on doit l&rsquo;artichaut sans \u00e9pines de Perinaldo, aujourd&rsquo;hui Presidio Slow Food.<\/p>\n<p>[\/et_pb_text][\/et_pb_column][\/et_pb_row][\/et_pb_section][et_pb_section fb_built=\u00a0\u00bb1&Prime; disabled_on=\u00a0\u00bboff|off|off\u00a0\u00bb _builder_version=\u00a0\u00bb4.10.7&Prime; _module_preset=\u00a0\u00bbdefault\u00a0\u00bb width=\u00a0\u00bb100%\u00a0\u00bb custom_margin=\u00a0\u00bb0px|0px|0px|0px|false|false\u00a0\u00bb custom_padding=\u00a0\u00bb0px|0px|0px|0px|false|false\u00a0\u00bb saved_tabs=\u00a0\u00bball\u00a0\u00bb global_colors_info=\u00a0\u00bb{}\u00a0\u00bb][et_pb_row disabled_on=\u00a0\u00bboff|off|off\u00a0\u00bb _builder_version=\u00a0\u00bb4.10.7&Prime; _module_preset=\u00a0\u00bbdefault\u00a0\u00bb module_alignment=\u00a0\u00bbcenter\u00a0\u00bb custom_margin=\u00a0\u00bb0px|0px|0px|0px|false|false\u00a0\u00bb custom_padding=\u00a0\u00bb0px|5%|0px|5%|false|false\u00a0\u00bb global_colors_info=\u00a0\u00bb{}\u00a0\u00bb][et_pb_column type=\u00a0\u00bb4_4&Prime; _builder_version=\u00a0\u00bb4.10.7&Prime; _module_preset=\u00a0\u00bbdefault\u00a0\u00bb global_colors_info=\u00a0\u00bb{}\u00a0\u00bb][et_pb_text _builder_version=\u00a0\u00bb4.11.2&Prime; _module_preset=\u00a0\u00bbdefault\u00a0\u00bb max_width=\u00a0\u00bb100%\u00a0\u00bb module_alignment=\u00a0\u00bbcenter\u00a0\u00bb custom_margin=\u00a0\u00bb0px|0px|100px|0px|false|false\u00a0\u00bb custom_padding=\u00a0\u00bb0px|0px|0px|0px|false|false\u00a0\u00bb global_colors_info=\u00a0\u00bb{}\u00a0\u00bb]<\/p>\n<p style=\"text-align: justify;\">Et enfin, le Val Nervia, charg\u00e9 d&rsquo;histoire m\u00e9di\u00e9vale li\u00e9e \u00e0 ses trois ch\u00e2teaux, qui peuvent tous \u00eatre visit\u00e9s. <\/p>\n<p style=\"text-align: justify;\">Le plus c\u00e9l\u00e8bre est le Castello Doria \u00e0 Dolceacqua, qui domine le village depuis 1100 et a \u00e9t\u00e9 au centre de l&rsquo;histoire au cours des diff\u00e9rentes luttes entre les Guelfes et les Gibelins (XIVe si\u00e8cle) et contre l&rsquo;\u00c9tat de Savoie (XVIIe et XVIIIe si\u00e8cles). Un pacte de fid\u00e9lit\u00e9 \u00e0 la famille Grimaldi de Monaco remonte \u00e0 1523, la liant notamment \u00e0 la principaut\u00e9. Lors de sa visite, Monet a \u00e9t\u00e9 particuli\u00e8rement frapp\u00e9 par Dolceacqua, qu&rsquo;il a d\u00e9crit comme suit : \u00ab L&rsquo;endroit est superbe, il y a un pont qui est un bijou de l\u00e9g\u00e8ret\u00e9 \u00bb, auquel il a d\u00e9di\u00e9 l&rsquo;un de ses c\u00e9l\u00e8bres tableaux. Aujourd&rsquo;hui, il est possible de visiter le ch\u00e2teau et son espace d&rsquo;exposition \u00ab Sala Doria-Grimaldi \u00bb. N&rsquo;oubliez pas de go\u00fbter le Rossese AOC et le typique g\u00e2teau Michetta, qui aurait \u00e9t\u00e9 cr\u00e9\u00e9 en m\u00e9moire de Lucrezia, une jeune fille de la r\u00e9gion qui refusa de se soumettre au ius primae noctis (\u00ab droit de la premi\u00e8re nuit \u00bb) du seigneur et se laissa mourir dans le donjon du ch\u00e2teau. <\/p>\n<p style=\"text-align: justify;\">En montant en altitude, le ch\u00e2teau Doria d&rsquo;Isolabona accueille des soir\u00e9es th\u00e9\u00e2trales et des spectacles musicaux ainsi que le Festival de la harpe. Juste au-dessus d&rsquo;Isolabona, on trouve Apricale et le Castello della Lucertola (Ch\u00e2teau du L\u00e9zard), aujourd&rsquo;hui un mus\u00e9e et \u00e9galement un lieu d&rsquo;expositions et de conf\u00e9rences culturelles. Apricale est un village inoubliable avec ses maisons construites les unes sur les autres, qui semblent courir \u00e0 flanc de colline. Giovanni Martini, le seul survivant de la colonne du g\u00e9n\u00e9ral Custer \u00e0 la bataille de Little Bighorn, \u00e9tait originaire d&rsquo;Apricale, tout comme la comtesse Cristina della Torre, au centre de la haute soci\u00e9t\u00e9 du milieu du XIXe si\u00e8cle, qui, avec sa petite-fille Maria, s&rsquo;est retrouv\u00e9e au c\u0153ur d&rsquo;intrigues internationales et d&rsquo;amiti\u00e9s influentes comme celle avec le grand-duc Alexandre Romanov, des histoires que vous pouvez d\u00e9couvrir en visitant le mus\u00e9e local.<\/p>\n<p style=\"text-align: justify;\">Il y a ensuite Pigna, avec sa station thermale aux eaux sulfureuses et son mus\u00e9e, qui fait partie du parc naturel r\u00e9gional des Alpes Ligures, ainsi que les vall\u00e9es Argentina et Arroscia.<\/p>\n<p>[\/et_pb_text][\/et_pb_column][\/et_pb_row][\/et_pb_section][et_pb_section fb_built=\u00a0\u00bb1&Prime; disabled_on=\u00a0\u00bboff|off|off\u00a0\u00bb _builder_version=\u00a0\u00bb4.10.7&Prime; _module_preset=\u00a0\u00bbdefault\u00a0\u00bb width=\u00a0\u00bb100%\u00a0\u00bb custom_margin=\u00a0\u00bb0px|0px|0px|0px|false|false\u00a0\u00bb custom_padding=\u00a0\u00bb0px|0px|0px|0px|false|false\u00a0\u00bb saved_tabs=\u00a0\u00bball\u00a0\u00bb global_colors_info=\u00a0\u00bb{}\u00a0\u00bb][et_pb_row disabled_on=\u00a0\u00bboff|off|off\u00a0\u00bb _builder_version=\u00a0\u00bb4.10.7&Prime; _module_preset=\u00a0\u00bbdefault\u00a0\u00bb module_alignment=\u00a0\u00bbcenter\u00a0\u00bb custom_margin=\u00a0\u00bb0px|0px|0px|0px|false|false\u00a0\u00bb custom_padding=\u00a0\u00bb0px|5%|0px|5%|false|false\u00a0\u00bb global_colors_info=\u00a0\u00bb{}\u00a0\u00bb][et_pb_column type=\u00a0\u00bb4_4&Prime; _builder_version=\u00a0\u00bb4.10.7&Prime; _module_preset=\u00a0\u00bbdefault\u00a0\u00bb global_colors_info=\u00a0\u00bb{}\u00a0\u00bb][et_pb_text _builder_version=\u00a0\u00bb4.11.2&Prime; _module_preset=\u00a0\u00bbdefault\u00a0\u00bb max_width=\u00a0\u00bb100%\u00a0\u00bb module_alignment=\u00a0\u00bbcenter\u00a0\u00bb custom_margin=\u00a0\u00bb0px|0px||0px|false|false\u00a0\u00bb custom_padding=\u00a0\u00bb0px|0px|0px|0px|false|false\u00a0\u00bb global_colors_info=\u00a0\u00bb{}\u00a0\u00bb]<\/p>\n<p style=\"text-align: justify;\">Les derni\u00e8res zones frontali\u00e8res de Vintimille, o\u00f9 la vall\u00e9e de la Roya (Val Roia) s\u00e9pare l&rsquo;Italie de la France, ne sont pas non plus d\u00e9pourvues de charme.<\/p>\n<p style=\"text-align: justify;\">Apr\u00e8s avoir travers\u00e9 le tunnel pr\u00e8s d&rsquo;Airole, un beau village m\u00e9di\u00e9val avec une \u00e9glise baroque, vous \u00eates soudainement immerg\u00e9 dans l&rsquo;un des plus beaux paysages de Ligurie. La route descend rapidement la vall\u00e9e en direction de Tende, en France, jusqu&rsquo;au tunnel, en cours de reconstruction, gr\u00e2ce auquel il sera \u00e0 nouveau possible d&rsquo;acc\u00e9der \u00e0 Limone Piemonte, l&rsquo;une des stations de ski pr\u00e9f\u00e9r\u00e9es des Liguriens.<\/p>\n<p style=\"text-align: justify;\">La ligne de chemin de fer qui traverse cette vall\u00e9e est connue sous le nom de \u00ab Ferrovia delle Meraviglie \u00bb (Train des Merveilles) et relie Cuneo-Vintimille et Nice. Son nom provient des vues saisissantes que l\u2019on peut admirer le long du parcours audacieux et de sa proximit\u00e9 avec la Valle delle Meraviglie (Vall\u00e9e des Merveilles). En 2021, le FAI (Fondo Ambiente Italiano) lui a d\u00e9cern\u00e9 la premi\u00e8re place dans la cat\u00e9gorie luoghi del Cuore (Lieux du c\u0153ur).<\/p>\n<p style=\"text-align: justify;\">Les eaux de la Roya sont claires, d&rsquo;un vert profond par endroits, et des ponts ferroviaires la traversent \u00e0 plusieurs endroits. Pour ceux qui ont le temps et qui recherchent de grandes \u00e9motions, une visite de la Vall\u00e9e des Merveilles s&rsquo;impose, avec ses trente-cinq mille gravures rupestres pr\u00e9historiques d\u00e9couvertes par Charles Bicknell et cach\u00e9es dans les paysages alpins, une visite du Santuario di Nostra Signora di Fontan, \u00e9galement appel\u00e9 la Sixtine des Alpes, ou une promenade le long de la voie ferr\u00e9e du Comte Lascaris \u00e0 Tende.<\/p>\n<p style=\"text-align: justify;\">La vall\u00e9e de la Roya s&rsquo;\u00e9tend sur soixante kilom\u00e8tres de la c\u00f4te de la Riviera au Col de Tende, le tout \u00e0 parcourir le nez en l&rsquo;air, le long d&rsquo;un itin\u00e9raire qui m\u00e8ne de l\u2019atmosph\u00e8re m\u00e9diterran\u00e9enne de la c\u00f4te des Int\u00e9m\u00e9liens \u00e0 un paysage presque f\u00e9erique.<\/p>\n<p>[\/et_pb_text][\/et_pb_column][\/et_pb_row][\/et_pb_section][et_pb_section fb_built=\u00a0\u00bb1&Prime; disabled_on=\u00a0\u00bboff|off|off\u00a0\u00bb admin_label=\u00a0\u00bbDivisiore Vuoto\u00a0\u00bb _builder_version=\u00a0\u00bb4.11.2&Prime; _module_preset=\u00a0\u00bbdefault\u00a0\u00bb background_color=\u00a0\u00bbRGBA(0,0,0,0)\u00a0\u00bb width=\u00a0\u00bb100%\u00a0\u00bb module_alignment=\u00a0\u00bbcenter\u00a0\u00bb min_height=\u00a0\u00bb100px\u00a0\u00bb max_height=\u00a0\u00bb100px\u00a0\u00bb custom_margin=\u00a0\u00bb0px|0px|0px|0px|false|false\u00a0\u00bb custom_padding=\u00a0\u00bb0px|0px|0px|0px|false|false\u00a0\u00bb top_divider_height=\u00a0\u00bb0px\u00a0\u00bb global_module=\u00a0\u00bb786&Prime; saved_tabs=\u00a0\u00bball\u00a0\u00bb collapsed=\u00a0\u00bbon\u00a0\u00bb global_colors_info=\u00a0\u00bb{}\u00a0\u00bb][\/et_pb_section][et_pb_section fb_built=\u00a0\u00bb1&Prime; _builder_version=\u00a0\u00bb4.10.7&Prime; _module_preset=\u00a0\u00bbdefault\u00a0\u00bb background_enable_color=\u00a0\u00bboff\u00a0\u00bb background_image=\u00a0\u00bbhttps:\/\/cbriviera.it\/wp-content\/uploads\/2021\/09\/cbriviera-home-banner-centrale-05.jpg\u00a0\u00bb background_size=\u00a0\u00bbinitial\u00a0\u00bb background_repeat=\u00a0\u00bbrepeat\u00a0\u00bb custom_margin=\u00a0\u00bb0px|0px|0px|0px|false|false\u00a0\u00bb custom_padding=\u00a0\u00bb0px|0px|250px|0px|false|false\u00a0\u00bb global_module=\u00a0\u00bb1069&Prime; saved_tabs=\u00a0\u00bball\u00a0\u00bb global_colors_info=\u00a0\u00bb{}\u00a0\u00bb][\/et_pb_section]<\/p>\n","protected":false},"excerpt":{"rendered":"<p>L\u2019arri\u00e8re-pays DE LA RIVIERA DEI FIORINich\u00e9 entre la mer et les Alpes liguriennes, le territoire de la Riviera dei Fiori est divis\u00e9 en vall\u00e9es charg\u00e9es d&rsquo;histoire en raison de la position frontali\u00e8re de ce territoire et des voies de communication vers le nord par lesquelles transitaient d&rsquo;importantes marchandises, comme le sel. Pour se prot\u00e9ger des [&hellip;]<\/p>\n","protected":false},"author":1,"featured_media":0,"parent":469,"menu_order":0,"comment_status":"closed","ping_status":"closed","template":"","meta":{"_et_pb_use_builder":"on","_et_pb_old_content":"","_et_gb_content_width":"","footnotes":""},"class_list":["post-3654","page","type-page","status-publish","hentry"],"yoast_head":"<!-- This site is optimized with the Yoast SEO plugin v27.5 - https:\/\/yoast.com\/product\/yoast-seo-wordpress\/ -->\n<title>L\u2019arri\u00e8re-pays de la Riviera dei Fiori - Convention Bureau Riviera dei Fiori<\/title>\n<meta name=\"robots\" content=\"index, follow, max-snippet:-1, max-image-preview:large, max-video-preview:-1\" \/>\n<link rel=\"canonical\" href=\"https:\/\/cbriviera.it\/fr\/zones-touristiques\/larriere-pays-de-la-riviera-dei-fiori\/\" \/>\n<meta property=\"og:locale\" content=\"fr_FR\" \/>\n<meta property=\"og:type\" content=\"article\" \/>\n<meta property=\"og:title\" content=\"L\u2019arri\u00e8re-pays de la Riviera dei Fiori - Convention Bureau Riviera dei Fiori\" \/>\n<meta property=\"og:description\" content=\"L\u2019arri\u00e8re-pays DE LA RIVIERA DEI FIORINich\u00e9 entre la mer et les Alpes liguriennes, le territoire de la Riviera dei Fiori est divis\u00e9 en vall\u00e9es charg\u00e9es d&#039;histoire en raison de la position frontali\u00e8re de ce territoire et des voies de communication vers le nord par lesquelles transitaient d&#039;importantes marchandises, comme le sel. Pour se prot\u00e9ger des [&hellip;]\" \/>\n<meta property=\"og:url\" content=\"https:\/\/cbriviera.it\/fr\/zones-touristiques\/larriere-pays-de-la-riviera-dei-fiori\/\" \/>\n<meta property=\"og:site_name\" content=\"Convention Bureau Riviera dei Fiori\" \/>\n<meta property=\"article:modified_time\" content=\"2021-12-03T14:59:37+00:00\" \/>\n<meta name=\"twitter:card\" content=\"summary_large_image\" \/>\n<meta name=\"twitter:label1\" content=\"Dur\u00e9e de lecture estim\u00e9e\" \/>\n\t<meta name=\"twitter:data1\" content=\"26 minutes\" \/>\n<script type=\"application\/ld+json\" class=\"yoast-schema-graph\">{\"@context\":\"https:\\\/\\\/schema.org\",\"@graph\":[{\"@type\":\"WebPage\",\"@id\":\"https:\\\/\\\/cbriviera.it\\\/fr\\\/zones-touristiques\\\/larriere-pays-de-la-riviera-dei-fiori\\\/\",\"url\":\"https:\\\/\\\/cbriviera.it\\\/fr\\\/zones-touristiques\\\/larriere-pays-de-la-riviera-dei-fiori\\\/\",\"name\":\"L\u2019arri\u00e8re-pays de la Riviera dei Fiori - Convention Bureau Riviera dei Fiori\",\"isPartOf\":{\"@id\":\"https:\\\/\\\/cbriviera.it\\\/fr\\\/#website\"},\"datePublished\":\"2021-11-30T11:44:26+00:00\",\"dateModified\":\"2021-12-03T14:59:37+00:00\",\"breadcrumb\":{\"@id\":\"https:\\\/\\\/cbriviera.it\\\/fr\\\/zones-touristiques\\\/larriere-pays-de-la-riviera-dei-fiori\\\/#breadcrumb\"},\"inLanguage\":\"fr-FR\",\"potentialAction\":[{\"@type\":\"ReadAction\",\"target\":[\"https:\\\/\\\/cbriviera.it\\\/fr\\\/zones-touristiques\\\/larriere-pays-de-la-riviera-dei-fiori\\\/\"]}]},{\"@type\":\"BreadcrumbList\",\"@id\":\"https:\\\/\\\/cbriviera.it\\\/fr\\\/zones-touristiques\\\/larriere-pays-de-la-riviera-dei-fiori\\\/#breadcrumb\",\"itemListElement\":[{\"@type\":\"ListItem\",\"position\":1,\"name\":\"Home\",\"item\":\"https:\\\/\\\/cbriviera.it\\\/fr\\\/\"},{\"@type\":\"ListItem\",\"position\":2,\"name\":\"La Riviera dei Fiori\",\"item\":\"https:\\\/\\\/cbriviera.it\\\/fr\\\/zones-touristiques\\\/\"},{\"@type\":\"ListItem\",\"position\":3,\"name\":\"L\u2019arri\u00e8re-pays de la Riviera dei Fiori\"}]},{\"@type\":\"WebSite\",\"@id\":\"https:\\\/\\\/cbriviera.it\\\/fr\\\/#website\",\"url\":\"https:\\\/\\\/cbriviera.it\\\/fr\\\/\",\"name\":\"Convention Bureau Riviera dei Fiori\",\"description\":\"La Riviera dei Fiori, fra Terra e Mare\",\"publisher\":{\"@id\":\"https:\\\/\\\/cbriviera.it\\\/fr\\\/#organization\"},\"potentialAction\":[{\"@type\":\"SearchAction\",\"target\":{\"@type\":\"EntryPoint\",\"urlTemplate\":\"https:\\\/\\\/cbriviera.it\\\/fr\\\/?s={search_term_string}\"},\"query-input\":{\"@type\":\"PropertyValueSpecification\",\"valueRequired\":true,\"valueName\":\"search_term_string\"}}],\"inLanguage\":\"fr-FR\"},{\"@type\":\"Organization\",\"@id\":\"https:\\\/\\\/cbriviera.it\\\/fr\\\/#organization\",\"name\":\"Convention Bureau Riviera dei Fiori\",\"url\":\"https:\\\/\\\/cbriviera.it\\\/fr\\\/\",\"logo\":{\"@type\":\"ImageObject\",\"inLanguage\":\"fr-FR\",\"@id\":\"https:\\\/\\\/cbriviera.it\\\/fr\\\/#\\\/schema\\\/logo\\\/image\\\/\",\"url\":\"https:\\\/\\\/cbriviera.it\\\/wp-content\\\/uploads\\\/2021\\\/07\\\/Rivieradeifiori-01.png\",\"contentUrl\":\"https:\\\/\\\/cbriviera.it\\\/wp-content\\\/uploads\\\/2021\\\/07\\\/Rivieradeifiori-01.png\",\"width\":2612,\"height\":1058,\"caption\":\"Convention Bureau Riviera dei Fiori\"},\"image\":{\"@id\":\"https:\\\/\\\/cbriviera.it\\\/fr\\\/#\\\/schema\\\/logo\\\/image\\\/\"}}]}<\/script>\n<!-- \/ Yoast SEO plugin. -->","yoast_head_json":{"title":"L\u2019arri\u00e8re-pays de la Riviera dei Fiori - Convention Bureau Riviera dei Fiori","robots":{"index":"index","follow":"follow","max-snippet":"max-snippet:-1","max-image-preview":"max-image-preview:large","max-video-preview":"max-video-preview:-1"},"canonical":"https:\/\/cbriviera.it\/fr\/zones-touristiques\/larriere-pays-de-la-riviera-dei-fiori\/","og_locale":"fr_FR","og_type":"article","og_title":"L\u2019arri\u00e8re-pays de la Riviera dei Fiori - Convention Bureau Riviera dei Fiori","og_description":"L\u2019arri\u00e8re-pays DE LA RIVIERA DEI FIORINich\u00e9 entre la mer et les Alpes liguriennes, le territoire de la Riviera dei Fiori est divis\u00e9 en vall\u00e9es charg\u00e9es d'histoire en raison de la position frontali\u00e8re de ce territoire et des voies de communication vers le nord par lesquelles transitaient d'importantes marchandises, comme le sel. Pour se prot\u00e9ger des [&hellip;]","og_url":"https:\/\/cbriviera.it\/fr\/zones-touristiques\/larriere-pays-de-la-riviera-dei-fiori\/","og_site_name":"Convention Bureau Riviera dei Fiori","article_modified_time":"2021-12-03T14:59:37+00:00","twitter_card":"summary_large_image","twitter_misc":{"Dur\u00e9e de lecture estim\u00e9e":"26 minutes"},"schema":{"@context":"https:\/\/schema.org","@graph":[{"@type":"WebPage","@id":"https:\/\/cbriviera.it\/fr\/zones-touristiques\/larriere-pays-de-la-riviera-dei-fiori\/","url":"https:\/\/cbriviera.it\/fr\/zones-touristiques\/larriere-pays-de-la-riviera-dei-fiori\/","name":"L\u2019arri\u00e8re-pays de la Riviera dei Fiori - Convention Bureau Riviera dei Fiori","isPartOf":{"@id":"https:\/\/cbriviera.it\/fr\/#website"},"datePublished":"2021-11-30T11:44:26+00:00","dateModified":"2021-12-03T14:59:37+00:00","breadcrumb":{"@id":"https:\/\/cbriviera.it\/fr\/zones-touristiques\/larriere-pays-de-la-riviera-dei-fiori\/#breadcrumb"},"inLanguage":"fr-FR","potentialAction":[{"@type":"ReadAction","target":["https:\/\/cbriviera.it\/fr\/zones-touristiques\/larriere-pays-de-la-riviera-dei-fiori\/"]}]},{"@type":"BreadcrumbList","@id":"https:\/\/cbriviera.it\/fr\/zones-touristiques\/larriere-pays-de-la-riviera-dei-fiori\/#breadcrumb","itemListElement":[{"@type":"ListItem","position":1,"name":"Home","item":"https:\/\/cbriviera.it\/fr\/"},{"@type":"ListItem","position":2,"name":"La Riviera dei Fiori","item":"https:\/\/cbriviera.it\/fr\/zones-touristiques\/"},{"@type":"ListItem","position":3,"name":"L\u2019arri\u00e8re-pays de la Riviera dei Fiori"}]},{"@type":"WebSite","@id":"https:\/\/cbriviera.it\/fr\/#website","url":"https:\/\/cbriviera.it\/fr\/","name":"Convention Bureau Riviera dei Fiori","description":"La Riviera dei Fiori, fra Terra e Mare","publisher":{"@id":"https:\/\/cbriviera.it\/fr\/#organization"},"potentialAction":[{"@type":"SearchAction","target":{"@type":"EntryPoint","urlTemplate":"https:\/\/cbriviera.it\/fr\/?s={search_term_string}"},"query-input":{"@type":"PropertyValueSpecification","valueRequired":true,"valueName":"search_term_string"}}],"inLanguage":"fr-FR"},{"@type":"Organization","@id":"https:\/\/cbriviera.it\/fr\/#organization","name":"Convention Bureau Riviera dei Fiori","url":"https:\/\/cbriviera.it\/fr\/","logo":{"@type":"ImageObject","inLanguage":"fr-FR","@id":"https:\/\/cbriviera.it\/fr\/#\/schema\/logo\/image\/","url":"https:\/\/cbriviera.it\/wp-content\/uploads\/2021\/07\/Rivieradeifiori-01.png","contentUrl":"https:\/\/cbriviera.it\/wp-content\/uploads\/2021\/07\/Rivieradeifiori-01.png","width":2612,"height":1058,"caption":"Convention Bureau Riviera dei Fiori"},"image":{"@id":"https:\/\/cbriviera.it\/fr\/#\/schema\/logo\/image\/"}}]}},"_links":{"self":[{"href":"https:\/\/cbriviera.it\/fr\/wp-json\/wp\/v2\/pages\/3654","targetHints":{"allow":["GET"]}}],"collection":[{"href":"https:\/\/cbriviera.it\/fr\/wp-json\/wp\/v2\/pages"}],"about":[{"href":"https:\/\/cbriviera.it\/fr\/wp-json\/wp\/v2\/types\/page"}],"author":[{"embeddable":true,"href":"https:\/\/cbriviera.it\/fr\/wp-json\/wp\/v2\/users\/1"}],"replies":[{"embeddable":true,"href":"https:\/\/cbriviera.it\/fr\/wp-json\/wp\/v2\/comments?post=3654"}],"version-history":[{"count":11,"href":"https:\/\/cbriviera.it\/fr\/wp-json\/wp\/v2\/pages\/3654\/revisions"}],"predecessor-version":[{"id":4145,"href":"https:\/\/cbriviera.it\/fr\/wp-json\/wp\/v2\/pages\/3654\/revisions\/4145"}],"up":[{"embeddable":true,"href":"https:\/\/cbriviera.it\/fr\/wp-json\/wp\/v2\/pages\/469"}],"wp:attachment":[{"href":"https:\/\/cbriviera.it\/fr\/wp-json\/wp\/v2\/media?parent=3654"}],"curies":[{"name":"wp","href":"https:\/\/api.w.org\/{rel}","templated":true}]}}