{"id":2138,"date":"2021-09-21T20:05:09","date_gmt":"2021-09-21T18:05:09","guid":{"rendered":"https:\/\/cbriviera.it\/zones-touristiques\/le-parc-des-alpes-liguriennes\/"},"modified":"2021-12-03T16:08:18","modified_gmt":"2021-12-03T15:08:18","slug":"le-parc-des-alpes-liguriennes","status":"publish","type":"page","link":"https:\/\/cbriviera.it\/fr\/zones-touristiques\/le-parc-des-alpes-liguriennes\/","title":{"rendered":"Le Parc naturel des Alpes Ligures"},"content":{"rendered":"<p>[et_pb_section fb_built=\u00a0\u00bb1&Prime; admin_label=\u00a0\u00bbBANNER TOP\u00a0\u00bb _builder_version=\u00a0\u00bb4.10.7&Prime; _module_preset=\u00a0\u00bbdefault\u00a0\u00bb background_color=\u00a0\u00bb#44a6d7&Prime; background_image=\u00a0\u00bbhttps:\/\/cbriviera.it\/wp-content\/uploads\/2021\/09\/CBRiviera-contenuti-banner-top-alpi-liguri-01.jpg\u00a0\u00bb background_position=\u00a0\u00bbtop_center\u00a0\u00bb height=\u00a0\u00bb750px\u00a0\u00bb custom_margin=\u00a0\u00bb0px|0px|0px|0px|false|false\u00a0\u00bb custom_padding=\u00a0\u00bb0px|0px|0px|0px|false|false\u00a0\u00bb box_shadow_style=\u00a0\u00bbpreset3&Prime; box_shadow_vertical=\u00a0\u00bb0px\u00a0\u00bb box_shadow_spread=\u00a0\u00bb0px\u00a0\u00bb saved_tabs=\u00a0\u00bball\u00a0\u00bb global_colors_info=\u00a0\u00bb{}\u00a0\u00bb][\/et_pb_section][et_pb_section fb_built=\u00a0\u00bb1&Prime; admin_label=\u00a0\u00bbTITOLO\u00a0\u00bb _builder_version=\u00a0\u00bb4.10.7&Prime; _module_preset=\u00a0\u00bbdefault\u00a0\u00bb background_enable_color=\u00a0\u00bboff\u00a0\u00bb use_background_color_gradient=\u00a0\u00bbon\u00a0\u00bb background_color_gradient_start=\u00a0\u00bbrgba(68,166,221,0.02)\u00a0\u00bb background_color_gradient_end=\u00a0\u00bb#44a6d7&Prime; background_color_gradient_direction=\u00a0\u00bb294deg\u00a0\u00bb background_color_gradient_end_position=\u00a0\u00bb0%\u00a0\u00bb custom_margin=\u00a0\u00bb0px|0px|0px|0px|false|false\u00a0\u00bb custom_padding=\u00a0\u00bb0px|0px|0px|0px|false|false\u00a0\u00bb saved_tabs=\u00a0\u00bball\u00a0\u00bb global_colors_info=\u00a0\u00bb{}\u00a0\u00bb][et_pb_row _builder_version=\u00a0\u00bb4.10.7&Prime; _module_preset=\u00a0\u00bbdefault\u00a0\u00bb width=\u00a0\u00bb100%\u00a0\u00bb module_alignment=\u00a0\u00bbcenter\u00a0\u00bb custom_margin=\u00a0\u00bb0px|0px|0px|0px|false|false\u00a0\u00bb custom_padding=\u00a0\u00bb40px|0px|40px|0px|false|false\u00a0\u00bb global_colors_info=\u00a0\u00bb{}\u00a0\u00bb][et_pb_column type=\u00a0\u00bb4_4&Prime; _builder_version=\u00a0\u00bb4.10.7&Prime; _module_preset=\u00a0\u00bbdefault\u00a0\u00bb custom_padding=\u00a0\u00bb0px|0px|0px|0px|false|false\u00a0\u00bb global_colors_info=\u00a0\u00bb{}\u00a0\u00bb][et_pb_text admin_label=\u00a0\u00bbScopri La Riviera\u00a0\u00bb _builder_version=\u00a0\u00bb4.10.7&Prime; _module_preset=\u00a0\u00bbdefault\u00a0\u00bb text_font=\u00a0\u00bb||||||||\u00a0\u00bb header_font=\u00a0\u00bb||||||||\u00a0\u00bb background_layout=\u00a0\u00bbdark\u00a0\u00bb width=\u00a0\u00bb80%\u00a0\u00bb module_alignment=\u00a0\u00bbcenter\u00a0\u00bb custom_margin=\u00a0\u00bb0px|0px|0px|0px|false|false\u00a0\u00bb custom_padding=\u00a0\u00bb0px|0px|0px|0px|false|true\u00a0\u00bb global_colors_info=\u00a0\u00bb{}\u00a0\u00bb]<\/p>\n<h1 style=\"text-align: center;\">Le Parc naturel des Alpes Ligures<\/h1>\n<p style=\"text-align: center;\">\n<p>[\/et_pb_text][\/et_pb_column][\/et_pb_row][\/et_pb_section][et_pb_section fb_built=\u00a0\u00bb1&Prime; admin_label=\u00a0\u00bbORIGINALE\u00a0\u00bb _builder_version=\u00a0\u00bb4.10.7&Prime; _module_preset=\u00a0\u00bbdefault\u00a0\u00bb background_color_gradient_direction=\u00a0\u00bb292deg\u00a0\u00bb custom_margin=\u00a0\u00bb0px|0px|0px|0px|false|false\u00a0\u00bb custom_padding=\u00a0\u00bb0px|0px|0px|0px|false|false\u00a0\u00bb global_colors_info=\u00a0\u00bb{}\u00a0\u00bb][et_pb_row _builder_version=\u00a0\u00bb4.10.7&Prime; _module_preset=\u00a0\u00bbdefault\u00a0\u00bb module_alignment=\u00a0\u00bbcenter\u00a0\u00bb custom_margin=\u00a0\u00bb0px|0px|0px|0px|false|false\u00a0\u00bb custom_padding=\u00a0\u00bb0px|5%|0px|5%|false|false\u00a0\u00bb global_colors_info=\u00a0\u00bb{}\u00a0\u00bb][et_pb_column type=\u00a0\u00bb4_4&Prime; _builder_version=\u00a0\u00bb4.9.10&Prime; _module_preset=\u00a0\u00bbdefault\u00a0\u00bb global_colors_info=\u00a0\u00bb{}\u00a0\u00bb][et_pb_text _builder_version=\u00a0\u00bb4.11.2&Prime; _module_preset=\u00a0\u00bbdefault\u00a0\u00bb custom_margin=\u00a0\u00bb100px|0px|100px|0px|false|false\u00a0\u00bb custom_padding=\u00a0\u00bb0px|0px|0px|0px|false|false\u00a0\u00bb global_colors_info=\u00a0\u00bb{}\u00a0\u00bb]<\/p>\n<p style=\"text-align: justify;\">Le <strong>Parc Naturel des Alpes Ligures<\/strong> est la zone prot\u00e9g\u00e9e la plus occidentale de la Ligurie et couvre une superficie de 60 kilom\u00e8tres carr\u00e9s (environ 23 miles carr\u00e9s), adoss\u00e9 \u00e0 la cr\u00eate servant de fronti\u00e8re avec les Alpes maritimes, un d\u00e9partement fran\u00e7ais. Le Parc abrite trois vall\u00e9es : Val Nervia, Vall\u00e9e Argentina, Vall\u00e9e Arroscia et sept communes de montagne de la province d&rsquo;Imperia : Rocchetta Nervina, Pigna, Triora, Montegrosso Pian Latte, Rezzo, Mendatica et Cosio d\u2019Arroscia.<\/p>\n<p>[\/et_pb_text][\/et_pb_column][\/et_pb_row][\/et_pb_section][et_pb_section fb_built=\u00a0\u00bb1&Prime; disabled_on=\u00a0\u00bbon|on|off\u00a0\u00bb admin_label=\u00a0\u00bbRAPACE desktop\u00a0\u00bb _builder_version=\u00a0\u00bb4.10.7&Prime; _module_preset=\u00a0\u00bbdefault\u00a0\u00bb use_background_color_gradient=\u00a0\u00bbon\u00a0\u00bb background_color_gradient_start=\u00a0\u00bbrgba(0,0,0,0)\u00a0\u00bb background_color_gradient_end=\u00a0\u00bb#ffffff\u00a0\u00bb background_color_gradient_direction=\u00a0\u00bb294deg\u00a0\u00bb background_color_gradient_start_position=\u00a0\u00bb45%\u00a0\u00bb background_color_gradient_end_position=\u00a0\u00bb45%\u00a0\u00bb background_color_gradient_overlays_image=\u00a0\u00bbon\u00a0\u00bb background_image=\u00a0\u00bbhttps:\/\/cbriviera.it\/wp-content\/uploads\/2021\/09\/CBRiviera-contenuti-foto-alpi-liguri-03.jpg\u00a0\u00bb background_size=\u00a0\u00bbcontain\u00a0\u00bb background_position=\u00a0\u00bbtop_right\u00a0\u00bb module_alignment=\u00a0\u00bbcenter\u00a0\u00bb custom_margin=\u00a0\u00bb0px|0px|0px|0px|false|false\u00a0\u00bb custom_padding=\u00a0\u00bb0px|0px|0px|0px|false|false\u00a0\u00bb top_divider_height=\u00a0\u00bb0px\u00a0\u00bb saved_tabs=\u00a0\u00bball\u00a0\u00bb global_colors_info=\u00a0\u00bb{}\u00a0\u00bb][et_pb_row _builder_version=\u00a0\u00bb4.10.7&Prime; _module_preset=\u00a0\u00bbdefault\u00a0\u00bb module_alignment=\u00a0\u00bbcenter\u00a0\u00bb custom_margin=\u00a0\u00bb0px|0px|0px|0px|false|false\u00a0\u00bb custom_padding=\u00a0\u00bb0px|5%|0px|5%|false|false\u00a0\u00bb global_colors_info=\u00a0\u00bb{}\u00a0\u00bb][et_pb_column type=\u00a0\u00bb4_4&Prime; _builder_version=\u00a0\u00bb4.10.7&Prime; _module_preset=\u00a0\u00bbdefault\u00a0\u00bb custom_padding=\u00a0\u00bb0px|0px|0px|0px|false|false\u00a0\u00bb global_colors_info=\u00a0\u00bb{}\u00a0\u00bb][et_pb_text _builder_version=\u00a0\u00bb4.10.7&Prime; _module_preset=\u00a0\u00bbdefault\u00a0\u00bb background_enable_color=\u00a0\u00bboff\u00a0\u00bb max_width=\u00a0\u00bb55%\u00a0\u00bb module_alignment=\u00a0\u00bbleft\u00a0\u00bb custom_margin=\u00a0\u00bb0px|0px|0px|0px|false|false\u00a0\u00bb custom_padding=\u00a0\u00bb0px|0px|0px|0px|false|false\u00a0\u00bb global_colors_info=\u00a0\u00bb{}\u00a0\u00bb]<\/p>\n<p>L&rsquo;extraordinaire proximit\u00e9 des sommets alpins, de 2 000 m\u00e8tres d\u2019altitude ou plus, avec la M\u00e9diterran\u00e9e, a favoris\u00e9 le d\u00e9veloppement de micro-environnements riches en esp\u00e8ces florales particuli\u00e8rement int\u00e9ressantes, notamment dans la zone du Monte Toraggio et de Pietravecchia.<\/p>\n<p>[\/et_pb_text][et_pb_text _builder_version=\u00a0\u00bb4.10.7&Prime; _module_preset=\u00a0\u00bbdefault\u00a0\u00bb background_enable_color=\u00a0\u00bboff\u00a0\u00bb max_width=\u00a0\u00bb45%\u00a0\u00bb module_alignment=\u00a0\u00bbleft\u00a0\u00bb custom_margin=\u00a0\u00bb0px|0px|0px|0px|false|false\u00a0\u00bb custom_padding=\u00a0\u00bb0px|0px|0px|0px|false|false\u00a0\u00bb global_colors_info=\u00a0\u00bb{}\u00a0\u00bb]<\/p>\n<p>Les zones bois\u00e9es de Pian Cavallo (m\u00e9l\u00e8ze, h\u00eatre et pin sylvestre) \u00e0 Rezzo (h\u00eatre), la for\u00eat de Gerbonte (\u00e9pic\u00e9a, pin sylvestre, \u00e9rable, m\u00e9l\u00e8ze et h\u00eatre) et la for\u00eat de Testa d&rsquo;Alpe (sapin blanc, \u00e9rable sycomore, pin sylvestre) repr\u00e9sentent un patrimoine bois\u00e9 extr\u00eamement pr\u00e9cieux, le plus \u00e9tendu de Ligurie. La cr\u00eate des monts Saccarello, Front\u00e8 et Monega, caract\u00e9ris\u00e9e par des prairies et des p\u00e2turages, abrite encore des activit\u00e9s s\u00e9culaires d&rsquo;\u00e9levage de moutons.<\/p>\n<p>[\/et_pb_text][\/et_pb_column][\/et_pb_row][\/et_pb_section][et_pb_section fb_built=\u00a0\u00bb1&Prime; fullwidth=\u00a0\u00bbon\u00a0\u00bb disabled_on=\u00a0\u00bboff|off|on\u00a0\u00bb admin_label=\u00a0\u00bbRAPACE foto smartphone\u00a0\u00bb _builder_version=\u00a0\u00bb4.11.2&Prime; _module_preset=\u00a0\u00bbdefault\u00a0\u00bb custom_margin=\u00a0\u00bb0px|0px|0px|0px|false|false\u00a0\u00bb custom_padding=\u00a0\u00bb0px|0px|0px|0px|false|false\u00a0\u00bb global_colors_info=\u00a0\u00bb{}\u00a0\u00bb][et_pb_fullwidth_image src=\u00a0\u00bbhttps:\/\/cbriviera.it\/wp-content\/uploads\/2021\/09\/CBRiviera-contenuti-foto-alpi-liguri-03.jpg\u00a0\u00bb title_text=\u00a0\u00bbCBRiviera-contenuti-foto-alpi-liguri-03&Prime; src_tablet=\u00a0\u00bbhttps:\/\/cbriviera.it\/wp-content\/uploads\/2021\/09\/CBRiviera-contenuti-foto-alpi-liguri-03.jpg\u00a0\u00bb src_phone=\u00a0\u00bbhttps:\/\/cbriviera.it\/wp-content\/uploads\/2021\/10\/CBRiviera-contenuti-foto-alpi-liguri-03-1000&#215;800-1.jpg\u00a0\u00bb src_last_edited=\u00a0\u00bbon|phone\u00a0\u00bb disabled_on=\u00a0\u00bboff|off|off\u00a0\u00bb _builder_version=\u00a0\u00bb4.11.2&Prime; _module_preset=\u00a0\u00bbdefault\u00a0\u00bb custom_margin=\u00a0\u00bb0px|0px|0px|0px|false|false\u00a0\u00bb custom_padding=\u00a0\u00bb0px|0px|0px|0px|false|false\u00a0\u00bb hover_enabled=\u00a0\u00bb0&Prime; global_colors_info=\u00a0\u00bb{}\u00a0\u00bb sticky_enabled=\u00a0\u00bb0&Prime;][\/et_pb_fullwidth_image][\/et_pb_section][et_pb_section fb_built=\u00a0\u00bb1&Prime; disabled_on=\u00a0\u00bboff|off|on\u00a0\u00bb admin_label=\u00a0\u00bbRAPACE testo smartphone\u00a0\u00bb _builder_version=\u00a0\u00bb4.10.7&Prime; _module_preset=\u00a0\u00bbdefault\u00a0\u00bb background_color_gradient_direction=\u00a0\u00bb292deg\u00a0\u00bb custom_margin=\u00a0\u00bb0px|0px|0px|0px|false|false\u00a0\u00bb custom_padding=\u00a0\u00bb0px|0px|0px|0px|false|false\u00a0\u00bb global_colors_info=\u00a0\u00bb{}\u00a0\u00bb][et_pb_row _builder_version=\u00a0\u00bb4.11.2&Prime; _module_preset=\u00a0\u00bbdefault\u00a0\u00bb module_alignment=\u00a0\u00bbcenter\u00a0\u00bb custom_margin=\u00a0\u00bb0px|0px|0px|0px|false|false\u00a0\u00bb custom_padding=\u00a0\u00bb0px|5%|0px|5%|false|false\u00a0\u00bb global_colors_info=\u00a0\u00bb{}\u00a0\u00bb][et_pb_column type=\u00a0\u00bb4_4&Prime; _builder_version=\u00a0\u00bb4.9.10&Prime; _module_preset=\u00a0\u00bbdefault\u00a0\u00bb global_colors_info=\u00a0\u00bb{}\u00a0\u00bb][et_pb_text _builder_version=\u00a0\u00bb4.11.2&Prime; _module_preset=\u00a0\u00bbdefault\u00a0\u00bb custom_margin=\u00a0\u00bb100px|0px|0px|0px|false|false\u00a0\u00bb custom_padding=\u00a0\u00bb0px|0px|0px|0px|false|false\u00a0\u00bb global_colors_info=\u00a0\u00bb{}\u00a0\u00bb]<\/p>\n<p style=\"text-align: justify;\">L&rsquo;extraordinaire proximit\u00e9 des sommets alpins, de 2 000 m\u00e8tres d\u2019altitude ou plus, avec la M\u00e9diterran\u00e9e, a favoris\u00e9 le d\u00e9veloppement de micro-environnements riches en esp\u00e8ces florales particuli\u00e8rement int\u00e9ressantes, notamment dans la zone du Monte Toraggio et de Pietravecchia.<\/p>\n<p style=\"text-align: justify;\">Les zones couvertes par les for\u00eats de Pian Cavallo (m\u00e9l\u00e8ze, h\u00eatre et pin sylvestre) \u00e0 Rezzo (h\u00eatre), la for\u00eat de Gerbonte (\u00e9pic\u00e9a, pin sylvestre, \u00e9rable, m\u00e9l\u00e8ze et h\u00eatre) et la for\u00eat de Testa d&rsquo;Alpe (sapin blanc, \u00e9rable sycomore, pin sylvestre) repr\u00e9sentent un patrimoine forestier de grande valeur. La cr\u00eate des monts Saccarello, Front\u00e8 et Monega, caract\u00e9ris\u00e9e par des prairies et des p\u00e2turages, abrite encore des activit\u00e9s s\u00e9culaires d&rsquo;\u00e9levage de moutons.<\/p>\n<p>[\/et_pb_text][\/et_pb_column][\/et_pb_row][\/et_pb_section][et_pb_section fb_built=\u00a0\u00bb1&Prime; disabled_on=\u00a0\u00bboff|off|off\u00a0\u00bb admin_label=\u00a0\u00bbDivisiore Vuoto\u00a0\u00bb _builder_version=\u00a0\u00bb4.11.2&Prime; _module_preset=\u00a0\u00bbdefault\u00a0\u00bb background_color=\u00a0\u00bbRGBA(0,0,0,0)\u00a0\u00bb width=\u00a0\u00bb100%\u00a0\u00bb module_alignment=\u00a0\u00bbcenter\u00a0\u00bb min_height=\u00a0\u00bb100px\u00a0\u00bb max_height=\u00a0\u00bb100px\u00a0\u00bb custom_margin=\u00a0\u00bb0px|0px|0px|0px|false|false\u00a0\u00bb custom_padding=\u00a0\u00bb0px|0px|0px|0px|false|false\u00a0\u00bb top_divider_height=\u00a0\u00bb0px\u00a0\u00bb global_module=\u00a0\u00bb786&Prime; saved_tabs=\u00a0\u00bball\u00a0\u00bb collapsed=\u00a0\u00bbon\u00a0\u00bb global_colors_info=\u00a0\u00bb{}\u00a0\u00bb][\/et_pb_section][et_pb_section fb_built=\u00a0\u00bb1&Prime; disabled_on=\u00a0\u00bbon|on|off\u00a0\u00bb admin_label=\u00a0\u00bbPASTORIZIA desktop\u00a0\u00bb _builder_version=\u00a0\u00bb4.10.7&Prime; _module_preset=\u00a0\u00bbdefault\u00a0\u00bb use_background_color_gradient=\u00a0\u00bbon\u00a0\u00bb background_color_gradient_start=\u00a0\u00bb#ffffff\u00a0\u00bb background_color_gradient_end=\u00a0\u00bbrgba(0,0,0,0)\u00a0\u00bb background_color_gradient_direction=\u00a0\u00bb294deg\u00a0\u00bb background_color_gradient_start_position=\u00a0\u00bb55%\u00a0\u00bb background_color_gradient_end_position=\u00a0\u00bb55%\u00a0\u00bb background_color_gradient_overlays_image=\u00a0\u00bbon\u00a0\u00bb background_image=\u00a0\u00bbhttps:\/\/cbriviera.it\/wp-content\/uploads\/2021\/09\/CBRiviera-contenuti-foto-alpi-liguri-01.jpg\u00a0\u00bb background_size=\u00a0\u00bbcontain\u00a0\u00bb background_position=\u00a0\u00bbtop_left\u00a0\u00bb module_alignment=\u00a0\u00bbcenter\u00a0\u00bb custom_margin=\u00a0\u00bb0px|0px|0px|0px|false|false\u00a0\u00bb custom_padding=\u00a0\u00bb0px|0px|0px|0px|false|false\u00a0\u00bb top_divider_height=\u00a0\u00bb0px\u00a0\u00bb saved_tabs=\u00a0\u00bball\u00a0\u00bb global_colors_info=\u00a0\u00bb{}\u00a0\u00bb][et_pb_row _builder_version=\u00a0\u00bb4.10.7&Prime; _module_preset=\u00a0\u00bbdefault\u00a0\u00bb module_alignment=\u00a0\u00bbcenter\u00a0\u00bb custom_margin=\u00a0\u00bb0px|0px|0px|0px|false|false\u00a0\u00bb custom_padding=\u00a0\u00bb0px|5%|0px|5%|false|false\u00a0\u00bb global_colors_info=\u00a0\u00bb{}\u00a0\u00bb][et_pb_column type=\u00a0\u00bb4_4&Prime; _builder_version=\u00a0\u00bb4.10.7&Prime; _module_preset=\u00a0\u00bbdefault\u00a0\u00bb custom_padding=\u00a0\u00bb0px|0px|0px|0px|false|false\u00a0\u00bb global_colors_info=\u00a0\u00bb{}\u00a0\u00bb][et_pb_text _builder_version=\u00a0\u00bb4.11.2&Prime; _module_preset=\u00a0\u00bbdefault\u00a0\u00bb background_enable_color=\u00a0\u00bboff\u00a0\u00bb max_width=\u00a0\u00bb45%\u00a0\u00bb module_alignment=\u00a0\u00bbright\u00a0\u00bb custom_margin=\u00a0\u00bb0px|0px|0px|0px|false|false\u00a0\u00bb custom_padding=\u00a0\u00bb0px|0px|0px|0px|false|false\u00a0\u00bb global_colors_info=\u00a0\u00bb{}\u00a0\u00bb]<\/p>\n<p style=\"text-align: right;\">L\u2019exploitation des p\u00e2turages, avec la tradition de la transhumance des troupeaux (c\u00e9l\u00e9br\u00e9e chaque ann\u00e9e par d&rsquo;int\u00e9ressantes manifestations \u00e0 th\u00e8me), repr\u00e9sente l&rsquo;un des principaux \u00e9l\u00e9ments de communication entre les diff\u00e9rentes communaut\u00e9s locales de montagne de la province d&rsquo;Imperia et des vall\u00e9es de Brigasco et occitanes sur les territoires fran\u00e7ais et pi\u00e9montais.<\/p>\n<p>[\/et_pb_text][et_pb_text _builder_version=\u00a0\u00bb4.11.2&Prime; _module_preset=\u00a0\u00bbdefault\u00a0\u00bb background_enable_color=\u00a0\u00bboff\u00a0\u00bb max_width=\u00a0\u00bb55%\u00a0\u00bb module_alignment=\u00a0\u00bbright\u00a0\u00bb custom_margin=\u00a0\u00bb0px|0px|0px|0px|false|false\u00a0\u00bb custom_padding=\u00a0\u00bb0px|0px|0px|0px|false|false\u00a0\u00bb global_colors_info=\u00a0\u00bb{}\u00a0\u00bb]<\/p>\n<p style=\"text-align: right;\">Le cycle de fresques de Canavesio, les artistes alpins de la fin du XVe si\u00e8cle et les \u0153uvres des tailleurs de pierre de Cenova di Rezzo t\u00e9moignent de cette richesse culturelle.<\/p>\n<p>[\/et_pb_text][\/et_pb_column][\/et_pb_row][\/et_pb_section][et_pb_section fb_built=\u00a0\u00bb1&Prime; fullwidth=\u00a0\u00bbon\u00a0\u00bb disabled_on=\u00a0\u00bboff|off|on\u00a0\u00bb admin_label=\u00a0\u00bbPASTORIZIA foto smartphone\u00a0\u00bb _builder_version=\u00a0\u00bb4.11.2&Prime; _module_preset=\u00a0\u00bbdefault\u00a0\u00bb global_colors_info=\u00a0\u00bb{}\u00a0\u00bb][et_pb_fullwidth_image src=\u00a0\u00bbhttps:\/\/cbriviera.it\/wp-content\/uploads\/2021\/09\/CBRiviera-contenuti-foto-alpi-liguri-01.jpg\u00a0\u00bb title_text=\u00a0\u00bbCBRiviera-contenuti-foto-alpi-liguri-01&Prime; src_tablet=\u00a0\u00bbhttps:\/\/cbriviera.it\/wp-content\/uploads\/2021\/09\/CBRiviera-contenuti-foto-alpi-liguri-01.jpg\u00a0\u00bb src_phone=\u00a0\u00bbhttps:\/\/cbriviera.it\/wp-content\/uploads\/2021\/10\/CBRiviera-contenuti-foto-alpi-liguri-01-1000&#215;800-1.jpg\u00a0\u00bb src_last_edited=\u00a0\u00bbon|phone\u00a0\u00bb _builder_version=\u00a0\u00bb4.11.2&Prime; _module_preset=\u00a0\u00bbdefault\u00a0\u00bb hover_enabled=\u00a0\u00bb0&Prime; global_colors_info=\u00a0\u00bb{}\u00a0\u00bb sticky_enabled=\u00a0\u00bb0&Prime;][\/et_pb_fullwidth_image][\/et_pb_section][et_pb_section fb_built=\u00a0\u00bb1&Prime; disabled_on=\u00a0\u00bboff|off|on\u00a0\u00bb _builder_version=\u00a0\u00bb4.10.7&Prime; _module_preset=\u00a0\u00bbdefault\u00a0\u00bb width=\u00a0\u00bb100%\u00a0\u00bb custom_margin=\u00a0\u00bb0px|0px|0px|0px|false|false\u00a0\u00bb custom_padding=\u00a0\u00bb0px|0px|0px|0px|false|false\u00a0\u00bb saved_tabs=\u00a0\u00bball\u00a0\u00bb global_colors_info=\u00a0\u00bb{}\u00a0\u00bb][et_pb_row disabled_on=\u00a0\u00bboff|off|off\u00a0\u00bb _builder_version=\u00a0\u00bb4.10.7&Prime; _module_preset=\u00a0\u00bbdefault\u00a0\u00bb module_alignment=\u00a0\u00bbcenter\u00a0\u00bb custom_margin=\u00a0\u00bb0px|0px|0px|0px|false|false\u00a0\u00bb custom_padding=\u00a0\u00bb0px|5%|0px|5%|false|false\u00a0\u00bb global_colors_info=\u00a0\u00bb{}\u00a0\u00bb][et_pb_column type=\u00a0\u00bb4_4&Prime; _builder_version=\u00a0\u00bb4.10.7&Prime; _module_preset=\u00a0\u00bbdefault\u00a0\u00bb global_colors_info=\u00a0\u00bb{}\u00a0\u00bb][et_pb_text _builder_version=\u00a0\u00bb4.11.2&Prime; _module_preset=\u00a0\u00bbdefault\u00a0\u00bb max_width=\u00a0\u00bb100%\u00a0\u00bb module_alignment=\u00a0\u00bbcenter\u00a0\u00bb custom_margin=\u00a0\u00bb100px|0px|0px|0px|false|false\u00a0\u00bb custom_padding=\u00a0\u00bb0px|0px|0px|0px|false|false\u00a0\u00bb global_colors_info=\u00a0\u00bb{}\u00a0\u00bb]<\/p>\n<p style=\"text-align: justify;\">L\u2019exploitation des p\u00e2turages, avec la tradition de la transhumance des troupeaux (c\u00e9l\u00e9br\u00e9e chaque ann\u00e9e par d&rsquo;int\u00e9ressantes manifestations \u00e0 th\u00e8me), repr\u00e9sente l&rsquo;un des principaux \u00e9l\u00e9ments de communication entre les diff\u00e9rentes communaut\u00e9s locales de montagne de la province d&rsquo;Imperia et des vall\u00e9es de Brigasco et occitanes sur les territoires fran\u00e7ais et pi\u00e9montais.<\/p>\n<p style=\"text-align: justify;\">Le cycle de fresques de Canavesio, les artistes alpins de la fin du XVe si\u00e8cle et les \u0153uvres des tailleurs de pierre de Cenova di Rezzo t\u00e9moignent de cette richesse culturelle.<\/p>\n<p>[\/et_pb_text][\/et_pb_column][\/et_pb_row][\/et_pb_section][et_pb_section fb_built=\u00a0\u00bb1&Prime; disabled_on=\u00a0\u00bboff|off|off\u00a0\u00bb _builder_version=\u00a0\u00bb4.10.7&Prime; _module_preset=\u00a0\u00bbdefault\u00a0\u00bb width=\u00a0\u00bb100%\u00a0\u00bb custom_margin=\u00a0\u00bb0px|0px|0px|0px|false|false\u00a0\u00bb custom_padding=\u00a0\u00bb0px|0px|0px|0px|false|false\u00a0\u00bb saved_tabs=\u00a0\u00bball\u00a0\u00bb global_colors_info=\u00a0\u00bb{}\u00a0\u00bb][et_pb_row disabled_on=\u00a0\u00bboff|off|off\u00a0\u00bb _builder_version=\u00a0\u00bb4.10.7&Prime; _module_preset=\u00a0\u00bbdefault\u00a0\u00bb module_alignment=\u00a0\u00bbcenter\u00a0\u00bb custom_margin=\u00a0\u00bb0px|0px|0px|0px|false|false\u00a0\u00bb custom_padding=\u00a0\u00bb0px|5%|0px|5%|false|false\u00a0\u00bb global_colors_info=\u00a0\u00bb{}\u00a0\u00bb][et_pb_column type=\u00a0\u00bb4_4&Prime; _builder_version=\u00a0\u00bb4.10.7&Prime; _module_preset=\u00a0\u00bbdefault\u00a0\u00bb global_colors_info=\u00a0\u00bb{}\u00a0\u00bb][et_pb_text _builder_version=\u00a0\u00bb4.11.2&Prime; _module_preset=\u00a0\u00bbdefault\u00a0\u00bb max_width=\u00a0\u00bb100%\u00a0\u00bb module_alignment=\u00a0\u00bbcenter\u00a0\u00bb custom_margin=\u00a0\u00bb100px|0px|100px|0px|false|false\u00a0\u00bb custom_padding=\u00a0\u00bb0px|0px|0px|0px|false|false\u00a0\u00bb global_colors_info=\u00a0\u00bb{}\u00a0\u00bb]<\/p>\n<p style=\"text-align: justify;\">Tout le monde peut profiter des beaut\u00e9s du <strong>parc<\/strong> en participant aux visites guid\u00e9es organis\u00e9es pour observer la faune locale (rapaces, craves \u00e0 bec rouge, chamois, marmottes et chevreuils) et admirer les spectaculaires floraisons de la fin du printemps et de l&rsquo;\u00e9t\u00e9 ; \u00e0 ne pas manquer, la floraison du plus grand rhododendron d&rsquo;Europe sur les pentes du Saccarello.<\/p>\n<p>[\/et_pb_text][\/et_pb_column][\/et_pb_row][\/et_pb_section][et_pb_section fb_built=\u00a0\u00bb1&Prime; fullwidth=\u00a0\u00bbon\u00a0\u00bb admin_label=\u00a0\u00bbPANORAMA BOTTOM\u00a0\u00bb _builder_version=\u00a0\u00bb4.11.2&Prime; _module_preset=\u00a0\u00bbdefault\u00a0\u00bb global_colors_info=\u00a0\u00bb{}\u00a0\u00bb][et_pb_fullwidth_image src=\u00a0\u00bbhttps:\/\/cbriviera.it\/wp-content\/uploads\/2021\/09\/CBRiviera-contenuti-foto-alpi-liguri-02.jpg\u00a0\u00bb title_text=\u00a0\u00bbCBRiviera-contenuti-foto-alpi-liguri-02&Prime; src_tablet=\u00a0\u00bbhttps:\/\/cbriviera.it\/wp-content\/uploads\/2021\/09\/CBRiviera-contenuti-foto-alpi-liguri-02.jpg\u00a0\u00bb src_phone=\u00a0\u00bbhttps:\/\/cbriviera.it\/wp-content\/uploads\/2021\/10\/CBRiviera-contenuti-foto-alpi-liguri-02-1000&#215;800-1.jpg\u00a0\u00bb src_last_edited=\u00a0\u00bbon|phone\u00a0\u00bb _builder_version=\u00a0\u00bb4.11.2&Prime; _module_preset=\u00a0\u00bbdefault\u00a0\u00bb hover_enabled=\u00a0\u00bb0&Prime; global_colors_info=\u00a0\u00bb{}\u00a0\u00bb sticky_enabled=\u00a0\u00bb0&Prime;][\/et_pb_fullwidth_image][\/et_pb_section][et_pb_section fb_built=\u00a0\u00bb1&Prime; disabled_on=\u00a0\u00bboff|off|off\u00a0\u00bb admin_label=\u00a0\u00bbDivisiore Vuoto\u00a0\u00bb _builder_version=\u00a0\u00bb4.11.2&Prime; _module_preset=\u00a0\u00bbdefault\u00a0\u00bb background_color=\u00a0\u00bbRGBA(0,0,0,0)\u00a0\u00bb width=\u00a0\u00bb100%\u00a0\u00bb module_alignment=\u00a0\u00bbcenter\u00a0\u00bb min_height=\u00a0\u00bb100px\u00a0\u00bb max_height=\u00a0\u00bb100px\u00a0\u00bb custom_margin=\u00a0\u00bb0px|0px|0px|0px|false|false\u00a0\u00bb custom_padding=\u00a0\u00bb0px|0px|0px|0px|false|false\u00a0\u00bb top_divider_height=\u00a0\u00bb0px\u00a0\u00bb global_module=\u00a0\u00bb786&Prime; saved_tabs=\u00a0\u00bball\u00a0\u00bb collapsed=\u00a0\u00bbon\u00a0\u00bb global_colors_info=\u00a0\u00bb{}\u00a0\u00bb][\/et_pb_section][et_pb_section fb_built=\u00a0\u00bb1&Prime; disabled_on=\u00a0\u00bboff|off|off\u00a0\u00bb admin_label=\u00a0\u00bbDivisiore Vuoto\u00a0\u00bb _builder_version=\u00a0\u00bb4.11.2&Prime; _module_preset=\u00a0\u00bbdefault\u00a0\u00bb background_color=\u00a0\u00bbRGBA(0,0,0,0)\u00a0\u00bb width=\u00a0\u00bb100%\u00a0\u00bb module_alignment=\u00a0\u00bbcenter\u00a0\u00bb min_height=\u00a0\u00bb100px\u00a0\u00bb max_height=\u00a0\u00bb100px\u00a0\u00bb custom_margin=\u00a0\u00bb0px|0px|0px|0px|false|false\u00a0\u00bb custom_padding=\u00a0\u00bb0px|0px|0px|0px|false|false\u00a0\u00bb top_divider_height=\u00a0\u00bb0px\u00a0\u00bb global_module=\u00a0\u00bb786&Prime; saved_tabs=\u00a0\u00bball\u00a0\u00bb collapsed=\u00a0\u00bbon\u00a0\u00bb global_colors_info=\u00a0\u00bb{}\u00a0\u00bb][\/et_pb_section][et_pb_section fb_built=\u00a0\u00bb1&Prime; _builder_version=\u00a0\u00bb4.10.7&Prime; _module_preset=\u00a0\u00bbdefault\u00a0\u00bb background_enable_color=\u00a0\u00bboff\u00a0\u00bb background_image=\u00a0\u00bbhttps:\/\/cbriviera.it\/wp-content\/uploads\/2021\/09\/cbriviera-home-banner-centrale-05.jpg\u00a0\u00bb background_size=\u00a0\u00bbinitial\u00a0\u00bb background_repeat=\u00a0\u00bbrepeat\u00a0\u00bb custom_margin=\u00a0\u00bb0px|0px|0px|0px|false|false\u00a0\u00bb custom_padding=\u00a0\u00bb0px|0px|250px|0px|false|false\u00a0\u00bb global_module=\u00a0\u00bb1069&Prime; saved_tabs=\u00a0\u00bball\u00a0\u00bb global_colors_info=\u00a0\u00bb{}\u00a0\u00bb][\/et_pb_section]<\/p>\n","protected":false},"excerpt":{"rendered":"<p>Le Parc naturel des Alpes Ligures Le Parc Naturel des Alpes Ligures est la zone prot\u00e9g\u00e9e la plus occidentale de la Ligurie et couvre une superficie de 60 kilom\u00e8tres carr\u00e9s (environ 23 miles carr\u00e9s), adoss\u00e9 \u00e0 la cr\u00eate servant de fronti\u00e8re avec les Alpes maritimes, un d\u00e9partement fran\u00e7ais. Le Parc abrite trois vall\u00e9es : Val [&hellip;]<\/p>\n","protected":false},"author":1,"featured_media":0,"parent":469,"menu_order":0,"comment_status":"closed","ping_status":"closed","template":"","meta":{"_et_pb_use_builder":"on","_et_pb_old_content":"","_et_gb_content_width":"","footnotes":""},"class_list":["post-2138","page","type-page","status-publish","hentry"],"yoast_head":"<!-- This site is optimized with the Yoast SEO plugin v27.4 - https:\/\/yoast.com\/product\/yoast-seo-wordpress\/ -->\n<title>Le Parc naturel des Alpes Ligures - Convention Bureau Riviera dei Fiori<\/title>\n<meta name=\"robots\" content=\"index, follow, max-snippet:-1, max-image-preview:large, max-video-preview:-1\" \/>\n<link rel=\"canonical\" href=\"https:\/\/cbriviera.it\/fr\/zones-touristiques\/le-parc-des-alpes-liguriennes\/\" \/>\n<meta property=\"og:locale\" content=\"fr_FR\" \/>\n<meta property=\"og:type\" content=\"article\" \/>\n<meta property=\"og:title\" content=\"Le Parc naturel des Alpes Ligures - Convention Bureau Riviera dei Fiori\" \/>\n<meta property=\"og:description\" content=\"Le Parc naturel des Alpes Ligures Le Parc Naturel des Alpes Ligures est la zone prot\u00e9g\u00e9e la plus occidentale de la Ligurie et couvre une superficie de 60 kilom\u00e8tres carr\u00e9s (environ 23 miles carr\u00e9s), adoss\u00e9 \u00e0 la cr\u00eate servant de fronti\u00e8re avec les Alpes maritimes, un d\u00e9partement fran\u00e7ais. Le Parc abrite trois vall\u00e9es : Val [&hellip;]\" \/>\n<meta property=\"og:url\" content=\"https:\/\/cbriviera.it\/fr\/zones-touristiques\/le-parc-des-alpes-liguriennes\/\" \/>\n<meta property=\"og:site_name\" content=\"Convention Bureau Riviera dei Fiori\" \/>\n<meta property=\"article:modified_time\" content=\"2021-12-03T15:08:18+00:00\" \/>\n<meta name=\"twitter:card\" content=\"summary_large_image\" \/>\n<meta name=\"twitter:label1\" content=\"Dur\u00e9e de lecture estim\u00e9e\" \/>\n\t<meta name=\"twitter:data1\" content=\"12 minutes\" \/>\n<script type=\"application\/ld+json\" class=\"yoast-schema-graph\">{\"@context\":\"https:\\\/\\\/schema.org\",\"@graph\":[{\"@type\":\"WebPage\",\"@id\":\"https:\\\/\\\/cbriviera.it\\\/fr\\\/zones-touristiques\\\/le-parc-des-alpes-liguriennes\\\/\",\"url\":\"https:\\\/\\\/cbriviera.it\\\/fr\\\/zones-touristiques\\\/le-parc-des-alpes-liguriennes\\\/\",\"name\":\"Le Parc naturel des Alpes Ligures - Convention Bureau Riviera dei Fiori\",\"isPartOf\":{\"@id\":\"https:\\\/\\\/cbriviera.it\\\/fr\\\/#website\"},\"datePublished\":\"2021-09-21T18:05:09+00:00\",\"dateModified\":\"2021-12-03T15:08:18+00:00\",\"breadcrumb\":{\"@id\":\"https:\\\/\\\/cbriviera.it\\\/fr\\\/zones-touristiques\\\/le-parc-des-alpes-liguriennes\\\/#breadcrumb\"},\"inLanguage\":\"fr-FR\",\"potentialAction\":[{\"@type\":\"ReadAction\",\"target\":[\"https:\\\/\\\/cbriviera.it\\\/fr\\\/zones-touristiques\\\/le-parc-des-alpes-liguriennes\\\/\"]}]},{\"@type\":\"BreadcrumbList\",\"@id\":\"https:\\\/\\\/cbriviera.it\\\/fr\\\/zones-touristiques\\\/le-parc-des-alpes-liguriennes\\\/#breadcrumb\",\"itemListElement\":[{\"@type\":\"ListItem\",\"position\":1,\"name\":\"Home\",\"item\":\"https:\\\/\\\/cbriviera.it\\\/fr\\\/\"},{\"@type\":\"ListItem\",\"position\":2,\"name\":\"La Riviera dei Fiori\",\"item\":\"https:\\\/\\\/cbriviera.it\\\/fr\\\/zones-touristiques\\\/\"},{\"@type\":\"ListItem\",\"position\":3,\"name\":\"Le Parc naturel des Alpes Ligures\"}]},{\"@type\":\"WebSite\",\"@id\":\"https:\\\/\\\/cbriviera.it\\\/fr\\\/#website\",\"url\":\"https:\\\/\\\/cbriviera.it\\\/fr\\\/\",\"name\":\"Convention Bureau Riviera dei Fiori\",\"description\":\"La Riviera dei Fiori, fra Terra e Mare\",\"publisher\":{\"@id\":\"https:\\\/\\\/cbriviera.it\\\/fr\\\/#organization\"},\"potentialAction\":[{\"@type\":\"SearchAction\",\"target\":{\"@type\":\"EntryPoint\",\"urlTemplate\":\"https:\\\/\\\/cbriviera.it\\\/fr\\\/?s={search_term_string}\"},\"query-input\":{\"@type\":\"PropertyValueSpecification\",\"valueRequired\":true,\"valueName\":\"search_term_string\"}}],\"inLanguage\":\"fr-FR\"},{\"@type\":\"Organization\",\"@id\":\"https:\\\/\\\/cbriviera.it\\\/fr\\\/#organization\",\"name\":\"Convention Bureau Riviera dei Fiori\",\"url\":\"https:\\\/\\\/cbriviera.it\\\/fr\\\/\",\"logo\":{\"@type\":\"ImageObject\",\"inLanguage\":\"fr-FR\",\"@id\":\"https:\\\/\\\/cbriviera.it\\\/fr\\\/#\\\/schema\\\/logo\\\/image\\\/\",\"url\":\"https:\\\/\\\/cbriviera.it\\\/wp-content\\\/uploads\\\/2021\\\/07\\\/Rivieradeifiori-01.png\",\"contentUrl\":\"https:\\\/\\\/cbriviera.it\\\/wp-content\\\/uploads\\\/2021\\\/07\\\/Rivieradeifiori-01.png\",\"width\":2612,\"height\":1058,\"caption\":\"Convention Bureau Riviera dei Fiori\"},\"image\":{\"@id\":\"https:\\\/\\\/cbriviera.it\\\/fr\\\/#\\\/schema\\\/logo\\\/image\\\/\"}}]}<\/script>\n<!-- \/ Yoast SEO plugin. -->","yoast_head_json":{"title":"Le Parc naturel des Alpes Ligures - Convention Bureau Riviera dei Fiori","robots":{"index":"index","follow":"follow","max-snippet":"max-snippet:-1","max-image-preview":"max-image-preview:large","max-video-preview":"max-video-preview:-1"},"canonical":"https:\/\/cbriviera.it\/fr\/zones-touristiques\/le-parc-des-alpes-liguriennes\/","og_locale":"fr_FR","og_type":"article","og_title":"Le Parc naturel des Alpes Ligures - Convention Bureau Riviera dei Fiori","og_description":"Le Parc naturel des Alpes Ligures Le Parc Naturel des Alpes Ligures est la zone prot\u00e9g\u00e9e la plus occidentale de la Ligurie et couvre une superficie de 60 kilom\u00e8tres carr\u00e9s (environ 23 miles carr\u00e9s), adoss\u00e9 \u00e0 la cr\u00eate servant de fronti\u00e8re avec les Alpes maritimes, un d\u00e9partement fran\u00e7ais. Le Parc abrite trois vall\u00e9es : Val [&hellip;]","og_url":"https:\/\/cbriviera.it\/fr\/zones-touristiques\/le-parc-des-alpes-liguriennes\/","og_site_name":"Convention Bureau Riviera dei Fiori","article_modified_time":"2021-12-03T15:08:18+00:00","twitter_card":"summary_large_image","twitter_misc":{"Dur\u00e9e de lecture estim\u00e9e":"12 minutes"},"schema":{"@context":"https:\/\/schema.org","@graph":[{"@type":"WebPage","@id":"https:\/\/cbriviera.it\/fr\/zones-touristiques\/le-parc-des-alpes-liguriennes\/","url":"https:\/\/cbriviera.it\/fr\/zones-touristiques\/le-parc-des-alpes-liguriennes\/","name":"Le Parc naturel des Alpes Ligures - Convention Bureau Riviera dei Fiori","isPartOf":{"@id":"https:\/\/cbriviera.it\/fr\/#website"},"datePublished":"2021-09-21T18:05:09+00:00","dateModified":"2021-12-03T15:08:18+00:00","breadcrumb":{"@id":"https:\/\/cbriviera.it\/fr\/zones-touristiques\/le-parc-des-alpes-liguriennes\/#breadcrumb"},"inLanguage":"fr-FR","potentialAction":[{"@type":"ReadAction","target":["https:\/\/cbriviera.it\/fr\/zones-touristiques\/le-parc-des-alpes-liguriennes\/"]}]},{"@type":"BreadcrumbList","@id":"https:\/\/cbriviera.it\/fr\/zones-touristiques\/le-parc-des-alpes-liguriennes\/#breadcrumb","itemListElement":[{"@type":"ListItem","position":1,"name":"Home","item":"https:\/\/cbriviera.it\/fr\/"},{"@type":"ListItem","position":2,"name":"La Riviera dei Fiori","item":"https:\/\/cbriviera.it\/fr\/zones-touristiques\/"},{"@type":"ListItem","position":3,"name":"Le Parc naturel des Alpes Ligures"}]},{"@type":"WebSite","@id":"https:\/\/cbriviera.it\/fr\/#website","url":"https:\/\/cbriviera.it\/fr\/","name":"Convention Bureau Riviera dei Fiori","description":"La Riviera dei Fiori, fra Terra e Mare","publisher":{"@id":"https:\/\/cbriviera.it\/fr\/#organization"},"potentialAction":[{"@type":"SearchAction","target":{"@type":"EntryPoint","urlTemplate":"https:\/\/cbriviera.it\/fr\/?s={search_term_string}"},"query-input":{"@type":"PropertyValueSpecification","valueRequired":true,"valueName":"search_term_string"}}],"inLanguage":"fr-FR"},{"@type":"Organization","@id":"https:\/\/cbriviera.it\/fr\/#organization","name":"Convention Bureau Riviera dei Fiori","url":"https:\/\/cbriviera.it\/fr\/","logo":{"@type":"ImageObject","inLanguage":"fr-FR","@id":"https:\/\/cbriviera.it\/fr\/#\/schema\/logo\/image\/","url":"https:\/\/cbriviera.it\/wp-content\/uploads\/2021\/07\/Rivieradeifiori-01.png","contentUrl":"https:\/\/cbriviera.it\/wp-content\/uploads\/2021\/07\/Rivieradeifiori-01.png","width":2612,"height":1058,"caption":"Convention Bureau Riviera dei Fiori"},"image":{"@id":"https:\/\/cbriviera.it\/fr\/#\/schema\/logo\/image\/"}}]}},"_links":{"self":[{"href":"https:\/\/cbriviera.it\/fr\/wp-json\/wp\/v2\/pages\/2138","targetHints":{"allow":["GET"]}}],"collection":[{"href":"https:\/\/cbriviera.it\/fr\/wp-json\/wp\/v2\/pages"}],"about":[{"href":"https:\/\/cbriviera.it\/fr\/wp-json\/wp\/v2\/types\/page"}],"author":[{"embeddable":true,"href":"https:\/\/cbriviera.it\/fr\/wp-json\/wp\/v2\/users\/1"}],"replies":[{"embeddable":true,"href":"https:\/\/cbriviera.it\/fr\/wp-json\/wp\/v2\/comments?post=2138"}],"version-history":[{"count":16,"href":"https:\/\/cbriviera.it\/fr\/wp-json\/wp\/v2\/pages\/2138\/revisions"}],"predecessor-version":[{"id":4157,"href":"https:\/\/cbriviera.it\/fr\/wp-json\/wp\/v2\/pages\/2138\/revisions\/4157"}],"up":[{"embeddable":true,"href":"https:\/\/cbriviera.it\/fr\/wp-json\/wp\/v2\/pages\/469"}],"wp:attachment":[{"href":"https:\/\/cbriviera.it\/fr\/wp-json\/wp\/v2\/media?parent=2138"}],"curies":[{"name":"wp","href":"https:\/\/api.w.org\/{rel}","templated":true}]}}